{"id":1394,"date":"2025-11-15T04:37:27","date_gmt":"2025-11-15T04:37:27","guid":{"rendered":"https:\/\/agustinosoala.org\/?page_id=1394"},"modified":"2025-12-13T18:48:40","modified_gmt":"2025-12-13T18:48:40","slug":"asambleas-anteriores-2","status":"publish","type":"page","link":"https:\/\/agustinosoala.org\/pt\/asambleas-anteriores-2\/","title":{"rendered":"Asambleas Anteriores"},"content":{"rendered":"<div data-elementor-type=\"wp-page\" data-elementor-id=\"1394\" class=\"elementor elementor-1394\">\n\t\t\t\t<div class=\"aux-parallax-section elementor-element elementor-element-aaffc97 e-flex e-con-boxed wpr-particle-no wpr-jarallax-no wpr-parallax-no wpr-sticky-section-no wpr-equal-height-no e-con e-parent\" data-id=\"aaffc97\" data-element_type=\"container\" data-e-type=\"container\" data-settings=\"{&quot;background_background&quot;:&quot;classic&quot;}\">\n\t\t\t\t\t<div class=\"e-con-inner\">\n\t\t<div class=\"elementor-element elementor-element-0881d17 e-con-full e-flex wpr-particle-no wpr-jarallax-no wpr-parallax-no wpr-sticky-section-no wpr-equal-height-no e-con e-child\" data-id=\"0881d17\" data-element_type=\"container\" data-e-type=\"container\" data-settings=\"{&quot;background_background&quot;:&quot;classic&quot;}\">\n\t\t\t\t<div class=\"elementor-element elementor-element-1bd9b37 elementor-widget elementor-widget-elementskit-heading\" data-id=\"1bd9b37\" data-element_type=\"widget\" data-e-type=\"widget\" data-widget_type=\"elementskit-heading.default\">\n\t\t\t\t\t<div class=\"ekit-wid-con\" ><div class=\"ekit-heading elementskit-section-title-wraper text_center   ekit_heading_tablet-   ekit_heading_mobile-\"><h3 class=\"ekit-heading--title elementskit-section-title\"><span><span>\"<\/span><\/span>Nos hiciste, Se\u00f1or, para ti, y nuestro coraz\u00f3n est\u00e1 inquieto hasta que descanse en ti<span><span>\"<\/span><\/span> <span><span>San Agust\u00edn. Confessiones (Confesiones), Libro I, cap. 1.<\/span><\/span><\/h3><\/div><\/div>\t\t\t\t<\/div>\n\t\t\t\t<\/div>\n\t\t\t\t\t<\/div>\n\t\t\t\t<\/div>\n\t\t\t\t<section class=\"elementor-section elementor-top-section elementor-element elementor-element-63e2bd500 elementor-section-boxed elementor-section-height-default elementor-section-height-default wpr-particle-no wpr-jarallax-no wpr-parallax-no wpr-sticky-section-no wpr-equal-height-no\" data-id=\"63e2bd500\" data-element_type=\"section\" data-e-type=\"section\" data-settings=\"{&quot;background_background&quot;:&quot;classic&quot;}\">\n\t\t\t\t\t\t<div class=\"elementor-container elementor-column-gap-default\">\n\t\t\t\t\t<div class=\"aux-parallax-section elementor-column elementor-col-100 elementor-top-column elementor-element elementor-element-59d240f0\" data-id=\"59d240f0\" data-element_type=\"column\" data-e-type=\"column\" data-settings=\"{&quot;background_background&quot;:&quot;classic&quot;}\">\n\t\t\t<div class=\"elementor-widget-wrap elementor-element-populated\">\n\t\t\t\t\t\t<div class=\"elementor-element elementor-element-75fb5ae1 elementor-widget elementor-widget-heading\" data-id=\"75fb5ae1\" data-element_type=\"widget\" data-e-type=\"widget\" data-widget_type=\"heading.default\">\n\t\t\t\t\t<h2 class=\"elementor-heading-title elementor-size-default\">Asambleas Generales OALA<\/h2>\t\t\t\t<\/div>\n\t\t\t\t<div class=\"elementor-element elementor-element-4f8fc14f wpr-advanced-accordion-icon-no-box elementor-widget elementor-widget-wpr-advanced-accordion\" data-id=\"4f8fc14f\" data-element_type=\"widget\" data-e-type=\"widget\" data-settings=\"{&quot;active_item&quot;:1}\" data-widget_type=\"wpr-advanced-accordion.default\">\n\t\t\t\t\t\n            <div class=\"wpr-advanced-accordion\" data-accordion-type=\"accordion\" data-active-index=\"1\" data-accordion-trigger=\"click\" data-interaction-speed=\"0.4\">\n\n\t\t\t\n                \n\t\t\t\t\t<div class=\"wpr-accordion-item-wrap\">\n\t\t\t\t\t\t<button class=\"wpr-acc-button\">\n\t\t\t\t\t\t\t<span class=\"wpr-acc-item-title\">\n\t\t\t\t\t\t\t\t\t\t\t\t<span class=\"wpr-title-icon\">\n\t\t\t\t\t<i aria-hidden=\"true\" class=\"fas fa-desktop\"><\/i>\t\t\t\t<\/span>\n\t\t\t\n\t\t\t\t\t\t\t\t<span class=\"wpr-acc-title-text\">XIV Asamblea General de la OALA<\/span>\n\t\t\t\t\t\t\t<\/span>\n\t\t\t\t\t\t\t\t\t\t\t<span class=\"wpr-toggle-icon wpr-ti-close\"><svg aria-hidden=\"true\" class=\"e-font-icon-svg e-fas-plus\" viewbox=\"0 0 448 512\" xmlns=\"http:\/\/www.w3.org\/2000\/svg\"><path d=\"M416 208H272V64c0-17.67-14.33-32-32-32h-32c-17.67 0-32 14.33-32 32v144H32c-17.67 0-32 14.33-32 32v32c0 17.67 14.33 32 32 32h144v144c0 17.67 14.33 32 32 32h32c17.67 0 32-14.33 32-32V304h144c17.67 0 32-14.33 32-32v-32c0-17.67-14.33-32-32-32z\"><\/path><\/svg><\/span>\n\t\t\t\t<span class=\"wpr-toggle-icon wpr-ti-open\"><i aria-hidden=\"true\" class=\"auxicon auxicon-close-1\"><\/i><\/span>\n\t\t\t\t\t\t\t\t\t<\/button>\n\n\t\t\t\t\t\t<div class=\"wpr-acc-panel\">\n\t\t\t\t\t\t\t\t\t\t\t\t\t\t\t<div class=\"wpr-acc-panel-content\"><p><span style=\"text-decoration: underline; color: #a91913;\"><strong>- DOCUMENTOS APROBADOS PREVIOS:<\/strong><\/span><\/p><ul><li><span style=\"color: #a91913;\"><a style=\"color: #a91913;\" href=\"https:\/\/agustinosoala.org\/wp-content\/uploads\/2025\/09\/PROYECTOS-APROBADOS-POR-LA-ASAMBLEA-GENERAL-DE-OALA-2015-PARA-SER-EVALUA-.pdf\" target=\"_blank\" rel=\"noopener\">Proyectos Aprobados por la Asamblea General 2015<\/a><\/span><\/li><li><span style=\"color: #a91913;\"><a style=\"color: #a91913;\" href=\"https:\/\/agustinosoala.org\/wp-content\/uploads\/2025\/09\/MISION-DE-OALA.pdf\" target=\"_blank\" rel=\"noopener\">Misi\u00f3n de Oala<\/a> <\/span><\/li><li><span style=\"color: #a91913;\"><a style=\"color: #a91913;\" href=\"https:\/\/agustinosoala.org\/wp-content\/uploads\/2025\/09\/INFORMES-DE-LA-DIRECTIVA-DE-OALA.pdf\" target=\"_blank\" rel=\"noopener\">Informes de la Directiva de OALA<\/a> <\/span><\/li><li><span style=\"color: #a91913;\"><a style=\"color: #a91913;\" href=\"https:\/\/agustinosoala.org\/wp-content\/uploads\/2025\/09\/MODIFICACION-DE-ESTATUTOS-PARA-SER-APROBADOS.pdf\" target=\"_blank\" rel=\"noopener\">Modificaciones de Estatutos para ser Aprobados<\/a><\/span><\/li><li><span style=\"color: #a91913;\"> <a style=\"color: #a91913;\" href=\"https:\/\/agustinosoala.org\/wp-content\/uploads\/2025\/09\/PROYECTOS-PARA-HACER-APROBADOS-EN-LA-ASAMBLEA-GENERAL-DE-OALA-2019-EN-BE-.pdf\" target=\"_blank\" rel=\"noopener\">Proyectos para hacer Aprobados en la Asamblea General 2019<\/a><\/span><\/li><li><span style=\"color: #a91913;\"> <a style=\"color: #a91913;\" href=\"https:\/\/agustinosoala.org\/wp-content\/uploads\/2025\/09\/ORACION.pdf\" target=\"_blank\" rel=\"noopener\">Oraci\u00f3n<\/a><\/span><\/li><\/ul><p><span style=\"text-decoration: underline; color: #a91913;\"><strong>- DOCUMENTOS DE TRABAJO ASAMBLEA 2019:<\/strong><\/span><\/p><ul><li><span style=\"color: #a91913;\"><a style=\"color: #a91913;\" href=\"https:\/\/agustinosoala.org\/wp-content\/uploads\/2025\/09\/LIVRETO.pdf\" target=\"_blank\" rel=\"noopener\">Instrumentum Laboris<\/a> <\/span><\/li><li><span style=\"color: #a91913;\"><a style=\"color: #a91913;\" href=\"https:\/\/agustinosoala.org\/wp-content\/uploads\/2025\/09\/Participantes_OALA_2019.pdf\" target=\"_blank\" rel=\"noopener\">Participantes OALA 2019<\/a> <\/span><\/li><li><span style=\"color: #a91913;\"><a style=\"color: #a91913;\" href=\"https:\/\/agustinosoala.org\/wp-content\/uploads\/2025\/09\/Asamblea-ARTUR.pdf\" target=\"_blank\" rel=\"noopener\">Convivenvia e Itinerancia<\/a> <\/span><\/li><li><span style=\"color: #a91913;\"><a style=\"color: #a91913;\" href=\"https:\/\/agustinosoala.org\/wp-content\/uploads\/2025\/09\/HISTORIA-Y-ESTADO-DEL-PROYECTO-DEL-EAC.pdf\" target=\"_blank\" rel=\"noopener\">Historia y Estado del Proyecto del EAC<\/a> <\/span><\/li><\/ul><p><span style=\"text-decoration: underline; color: #a91913;\"><strong>- ACTA ASAMBLEA OALA 2019:<\/strong><\/span><\/p><ul><li><span style=\"color: #a91913;\"><a style=\"color: #a91913;\" href=\"https:\/\/agustinosoala.org\/wp-content\/uploads\/2025\/09\/ACTA-ASAMBLEA-OALA-2019.pdf\" target=\"_blank\" rel=\"noopener\">Acta Asamblea OALA 2019<\/a><\/span><\/li><\/ul><\/div>\n\t\t\t\t\t\t\t\t\t\t\t\t\t<\/div>\n                    <\/div>\n\n                \n\t\t\t\t\t<div class=\"wpr-accordion-item-wrap\">\n\t\t\t\t\t\t<button class=\"wpr-acc-button\">\n\t\t\t\t\t\t\t<span class=\"wpr-acc-item-title\">\n\t\t\t\t\t\t\t\t\t\t\t\t<span class=\"wpr-title-icon\">\n\t\t\t\t\t<i aria-hidden=\"true\" class=\"fas fa-desktop\"><\/i>\t\t\t\t<\/span>\n\t\t\t\n\t\t\t\t\t\t\t\t<span class=\"wpr-acc-title-text\">XVIII Asamblea General de la OALA<\/span>\n\t\t\t\t\t\t\t<\/span>\n\t\t\t\t\t\t\t\t\t\t\t<span class=\"wpr-toggle-icon wpr-ti-close\"><svg aria-hidden=\"true\" class=\"e-font-icon-svg e-fas-plus\" viewbox=\"0 0 448 512\" xmlns=\"http:\/\/www.w3.org\/2000\/svg\"><path d=\"M416 208H272V64c0-17.67-14.33-32-32-32h-32c-17.67 0-32 14.33-32 32v144H32c-17.67 0-32 14.33-32 32v32c0 17.67 14.33 32 32 32h144v144c0 17.67 14.33 32 32 32h32c17.67 0 32-14.33 32-32V304h144c17.67 0 32-14.33 32-32v-32c0-17.67-14.33-32-32-32z\"><\/path><\/svg><\/span>\n\t\t\t\t<span class=\"wpr-toggle-icon wpr-ti-open\"><i aria-hidden=\"true\" class=\"auxicon auxicon-close-1\"><\/i><\/span>\n\t\t\t\t\t\t\t\t\t<\/button>\n\n\t\t\t\t\t\t<div class=\"wpr-acc-panel\">\n\t\t\t\t\t\t\t\t\t\t\t\t\t\t\t<div class=\"wpr-acc-panel-content\"><ul><li><span style=\"color: #a91913;\"><strong><a style=\"color: #a91913;\" href=\"https:\/\/agustinosoala.org\/wp-content\/uploads\/2025\/09\/HOMILIAELAXVIIIASAMBLEA.pdf\" target=\"_blank\" rel=\"noopener\">Homil\u00eda de Clausura de la Asamblea<\/a><\/strong><\/span><\/li><li><span style=\"color: #a91913;\"><strong><a style=\"color: #a91913;\" href=\"https:\/\/agustinosoala.org\/wp-content\/uploads\/2025\/09\/CartaSecGenOALADIC.pdf\" target=\"_blank\" rel=\"noopener\">Carta de la Secretar\u00eda General a la XVIII Asamblea<\/a><\/strong><\/span><\/li><li><span style=\"color: #a91913;\"><strong><a style=\"color: #a91913;\" href=\"https:\/\/agustinosoala.org\/wp-content\/uploads\/2025\/09\/ProyectosAprobadosPorLaAsamblea2015.pdf\" target=\"_blank\" rel=\"noopener\">Proyectos Aprobados por la Asamble General<\/a><\/strong><\/span><\/li><li><span style=\"color: #a91913;\"><strong><a style=\"color: #a91913;\" href=\"https:\/\/agustinosoala.org\/wp-content\/uploads\/2025\/09\/DiscursoVicarioGeneralDeLaOrden.pdf\" target=\"_blank\" rel=\"noopener\">Discurso del Vicario General de la Orden<\/a><\/strong><\/span><\/li><li><span style=\"color: #a91913;\"><strong><a style=\"color: #a91913;\" href=\"https:\/\/agustinosoala.org\/wp-content\/uploads\/2025\/09\/FolletoMisionyestatutosdeOALA.pdf\" target=\"_blank\" rel=\"noopener\">Folleto Misi\u00f3n y Estatutos de OALA 2015<\/a><\/strong><\/span><\/li><li>\u00a0<\/li><\/ul><\/div>\n\t\t\t\t\t\t\t\t\t\t\t\t\t<\/div>\n                    <\/div>\n\n                \n\t\t\t\t\t<div class=\"wpr-accordion-item-wrap\">\n\t\t\t\t\t\t<button class=\"wpr-acc-button\">\n\t\t\t\t\t\t\t<span class=\"wpr-acc-item-title\">\n\t\t\t\t\t\t\t\t\t\t\t\t<span class=\"wpr-title-icon\">\n\t\t\t\t\t<i aria-hidden=\"true\" class=\"fas fa-desktop\"><\/i>\t\t\t\t<\/span>\n\t\t\t\n\t\t\t\t\t\t\t\t<span class=\"wpr-acc-title-text\">XVII Asamblea Bogot\u00e1 - Colombia 2011<\/span>\n\t\t\t\t\t\t\t<\/span>\n\t\t\t\t\t\t\t\t\t\t\t<span class=\"wpr-toggle-icon wpr-ti-close\"><svg aria-hidden=\"true\" class=\"e-font-icon-svg e-fas-plus\" viewbox=\"0 0 448 512\" xmlns=\"http:\/\/www.w3.org\/2000\/svg\"><path d=\"M416 208H272V64c0-17.67-14.33-32-32-32h-32c-17.67 0-32 14.33-32 32v144H32c-17.67 0-32 14.33-32 32v32c0 17.67 14.33 32 32 32h144v144c0 17.67 14.33 32 32 32h32c17.67 0 32-14.33 32-32V304h144c17.67 0 32-14.33 32-32v-32c0-17.67-14.33-32-32-32z\"><\/path><\/svg><\/span>\n\t\t\t\t<span class=\"wpr-toggle-icon wpr-ti-open\"><i aria-hidden=\"true\" class=\"auxicon auxicon-close-1\"><\/i><\/span>\n\t\t\t\t\t\t\t\t\t<\/button>\n\n\t\t\t\t\t\t<div class=\"wpr-acc-panel\">\n\t\t\t\t\t\t\t\t\t\t\t\t\t\t\t<div class=\"wpr-acc-panel-content\"><ul><li><strong><span style=\"color: #a91913;\"><a style=\"color: #a91913;\" href=\"https:\/\/agustinosoala.org\/wp-content\/uploads\/2025\/09\/ANTE-PROYECTO-PARA-OALA-CON-MIRAS-AL-NUEVO-CUATRIENIO-2011-2015.pdf\" target=\"_blank\" rel=\"noopener\">Ante proyecto para OALA con miras al nuevo cuatrienio (2011-2015)<\/a><\/span><\/strong><\/li><li><strong><span style=\"color: #a91913;\"><a style=\"color: #a91913;\" href=\"https:\/\/agustinosoala.org\/wp-content\/uploads\/2025\/09\/El-Horario-Propuesto-para-la-Asamblea-de-OALA.pdf\" target=\"_blank\" rel=\"noopener\">Horario propuesto para asamblea 2011<\/a><\/span><\/strong><\/li><li><strong><span style=\"color: #a91913;\"><a style=\"color: #a91913;\" href=\"https:\/\/agustinosoala.org\/wp-content\/uploads\/2025\/09\/Evaluacion-de-los-Proyectos-Aprobados-en-la-Asamblea-de-Buenos-Aires.pdf\" target=\"_blank\" rel=\"noopener\">Evaluaci\u00f3n de Proyectos Aprobados en la Asamblea de Buenos Aires de 2007<\/a><\/span><\/strong><\/li><li><strong><span style=\"color: #a91913;\"><a style=\"color: #a91913;\" href=\"https:\/\/agustinosoala.org\/wp-content\/uploads\/2025\/09\/Homilia-del-Prior-General-P-Robert-Prevost.pdf\" target=\"_blank\" rel=\"noopener\">Homil\u00eda de Prior General Robert Prevost<\/a><\/span><\/strong><\/li><li><strong><span style=\"color: #a91913;\"><a style=\"color: #a91913;\" href=\"https:\/\/agustinosoala.org\/wp-content\/uploads\/2025\/09\/Lista-de-los-Participantes.pdf\" target=\"_blank\" rel=\"noopener\">Lista de Participantes<\/a><\/span><\/strong><\/li><li><strong><span style=\"color: #a91913;\"><a style=\"color: #a91913;\" href=\"https:\/\/agustinosoala.org\/wp-content\/uploads\/2025\/09\/Palabras-de-Apertura-del-Prior-General-Rovert-Prevost.pdf\" target=\"_blank\" rel=\"noopener\">Palabras de Apertura del Prior General Robert Prevost<\/a><\/span><\/strong><\/li><li><strong><span style=\"color: #a91913;\"><a style=\"color: #a91913;\" href=\"https:\/\/agustinosoala.org\/wp-content\/uploads\/2025\/09\/Palabras-del-nuevo-Secretario-General-Victor-Lozano-.pdf\" target=\"_blank\" rel=\"noopener\">Palabras del nuevo Secretario - General, Victor Lozano.<\/a><\/span><\/strong><\/li><li><strong><span style=\"color: #a91913;\"><a style=\"color: #a91913;\" href=\"https:\/\/agustinosoala.org\/wp-content\/uploads\/2025\/09\/Palabras-del-Presidente-de-la-Asamblea-P.-Argiro-Escobar.pdf\" target=\"_blank\" rel=\"noopener\">Palabras del Presidente de la Asamblea P. Argiro Ecobar.<\/a><\/span><\/strong><\/li><li><strong><span style=\"color: #a91913;\"><a style=\"color: #a91913;\" href=\"https:\/\/agustinosoala.org\/wp-content\/uploads\/2025\/09\/Palabras-del-Secretario-General-Fr.-Juan-Lydon.pdf\" target=\"_blank\" rel=\"noopener\">Palabras del Secretario-General Fr. Juan Lydon<\/a><\/span><\/strong><\/li><li><strong><span style=\"color: #a91913;\"><a style=\"color: #a91913;\" href=\"https:\/\/agustinosoala.org\/wp-content\/uploads\/2025\/09\/XVII-Asamblea-de-OALA-Proyectos-Aprobados.pdf\" target=\"_blank\" rel=\"noopener\">Proyectos Aprobados en Asamblea<\/a><\/span><\/strong><\/li><li><strong><span style=\"color: #a91913;\"><a style=\"color: #a91913;\" href=\"https:\/\/agustinosoala.org\/wp-content\/uploads\/2025\/09\/XVII-Asamblea-de-OALA-2012.pdf\" target=\"_blank\" rel=\"noopener\">XVII Asablea OALA 2011<\/a><\/span><\/strong><\/li><\/ul><\/div>\n\t\t\t\t\t\t\t\t\t\t\t\t\t<\/div>\n                    <\/div>\n\n                \n\t\t\t\t\t<div class=\"wpr-accordion-item-wrap\">\n\t\t\t\t\t\t<button class=\"wpr-acc-button\">\n\t\t\t\t\t\t\t<span class=\"wpr-acc-item-title\">\n\t\t\t\t\t\t\t\t\t\t\t\t<span class=\"wpr-title-icon\">\n\t\t\t\t\t<i aria-hidden=\"true\" class=\"fas fa-desktop\"><\/i>\t\t\t\t<\/span>\n\t\t\t\n\t\t\t\t\t\t\t\t<span class=\"wpr-acc-title-text\">XVI Asamblea Buenos Aires - Argentina 2007<\/span>\n\t\t\t\t\t\t\t<\/span>\n\t\t\t\t\t\t\t\t\t\t\t<span class=\"wpr-toggle-icon wpr-ti-close\"><svg aria-hidden=\"true\" class=\"e-font-icon-svg e-fas-plus\" viewbox=\"0 0 448 512\" xmlns=\"http:\/\/www.w3.org\/2000\/svg\"><path d=\"M416 208H272V64c0-17.67-14.33-32-32-32h-32c-17.67 0-32 14.33-32 32v144H32c-17.67 0-32 14.33-32 32v32c0 17.67 14.33 32 32 32h144v144c0 17.67 14.33 32 32 32h32c17.67 0 32-14.33 32-32V304h144c17.67 0 32-14.33 32-32v-32c0-17.67-14.33-32-32-32z\"><\/path><\/svg><\/span>\n\t\t\t\t<span class=\"wpr-toggle-icon wpr-ti-open\"><i aria-hidden=\"true\" class=\"auxicon auxicon-close-1\"><\/i><\/span>\n\t\t\t\t\t\t\t\t\t<\/button>\n\n\t\t\t\t\t\t<div class=\"wpr-acc-panel\">\n\t\t\t\t\t\t\t\t\t\t\t\t\t\t\t<div class=\"wpr-acc-panel-content\"><ul><li><span style=\"color: #a91913;\"><strong><a style=\"color: #a91913;\" href=\"https:\/\/agustinosoala.org\/wp-content\/uploads\/2025\/09\/ACTA-VXI-ASAMBLEA.pdf\" target=\"_blank\" rel=\"noopener\">Acta Asamblea General 2007<\/a><\/strong><\/span><\/li><li><span style=\"color: #a91913;\"><strong><a style=\"color: #a91913;\" href=\"https:\/\/agustinosoala.org\/wp-content\/uploads\/2025\/09\/Discurso-apertura-Prior-General.pdf\" target=\"_blank\" rel=\"noopener\">Discurso Apertura Prior General<\/a><\/strong><\/span><\/li><li><span style=\"color: #a91913;\"><strong><a style=\"color: #a91913;\" href=\"https:\/\/agustinosoala.org\/wp-content\/uploads\/2025\/09\/HOMILIA-DE-CLAUSURA-.pdf\" target=\"_blank\" rel=\"noopener\">Homilia de Apertura<\/a><\/strong><\/span><\/li><li><span style=\"color: #a91913;\"><strong><a style=\"color: #a91913;\" href=\"https:\/\/agustinosoala.org\/wp-content\/uploads\/2025\/09\/INFORMES-POR-AREAS-.pdf\" target=\"_blank\" rel=\"noopener\">Informes por Areas<\/a><\/strong><\/span><\/li><li><span style=\"color: #a91913;\"><strong><a style=\"color: #a91913;\" href=\"https:\/\/agustinosoala.org\/wp-content\/uploads\/2025\/09\/Palabras-de-Bienvenida-.pdf\" target=\"_blank\" rel=\"noopener\">Palabras de Bienvenida<\/a><\/strong><\/span><\/li><li><span style=\"color: #a91913;\"><strong><a style=\"color: #a91913;\" href=\"https:\/\/agustinosoala.org\/wp-content\/uploads\/2025\/09\/PALABRAS-DESPEDIDA-SEC.-GENERAL.pdf\" target=\"_blank\" rel=\"noopener\">Palabras de Despedida Sec. General<\/a><\/strong><\/span><\/li><li><span style=\"color: #a91913;\"><strong><a style=\"color: #a91913;\" href=\"https:\/\/agustinosoala.org\/wp-content\/uploads\/2025\/09\/PROYECTOS-APROBADOS-XVI-ASAMBLEA.pdf\" target=\"_blank\" rel=\"noopener\">Proyectos aprobados de Asamblea<\/a><\/strong><\/span><\/li><li><span style=\"color: #a91913;\"><strong><a style=\"color: #a91913;\" href=\"https:\/\/agustinosoala.org\/wp-content\/uploads\/2025\/09\/XVI-Asamblea-de-OALA-BUENOS-AIRES.pdf\" target=\"_blank\" rel=\"noopener\">XVI Asamblea de OALA Buenos Aires<\/a><\/strong><\/span><\/li><\/ul><\/div>\n\t\t\t\t\t\t\t\t\t\t\t\t\t<\/div>\n                    <\/div>\n\n                \n\t\t\t\t\t<div class=\"wpr-accordion-item-wrap\">\n\t\t\t\t\t\t<button class=\"wpr-acc-button\">\n\t\t\t\t\t\t\t<span class=\"wpr-acc-item-title\">\n\t\t\t\t\t\t\t\t\t\t\t\t<span class=\"wpr-title-icon\">\n\t\t\t\t\t<i aria-hidden=\"true\" class=\"fas fa-desktop\"><\/i>\t\t\t\t<\/span>\n\t\t\t\n\t\t\t\t\t\t\t\t<span class=\"wpr-acc-title-text\">XIV Asamblea Lima - Peru 1999<\/span>\n\t\t\t\t\t\t\t<\/span>\n\t\t\t\t\t\t\t\t\t\t\t<span class=\"wpr-toggle-icon wpr-ti-close\"><svg aria-hidden=\"true\" class=\"e-font-icon-svg e-fas-plus\" viewbox=\"0 0 448 512\" xmlns=\"http:\/\/www.w3.org\/2000\/svg\"><path d=\"M416 208H272V64c0-17.67-14.33-32-32-32h-32c-17.67 0-32 14.33-32 32v144H32c-17.67 0-32 14.33-32 32v32c0 17.67 14.33 32 32 32h144v144c0 17.67 14.33 32 32 32h32c17.67 0 32-14.33 32-32V304h144c17.67 0 32-14.33 32-32v-32c0-17.67-14.33-32-32-32z\"><\/path><\/svg><\/span>\n\t\t\t\t<span class=\"wpr-toggle-icon wpr-ti-open\"><i aria-hidden=\"true\" class=\"auxicon auxicon-close-1\"><\/i><\/span>\n\t\t\t\t\t\t\t\t\t<\/button>\n\n\t\t\t\t\t\t<div class=\"wpr-acc-panel\">\n\t\t\t\t\t\t\t\t\t\t\t\t\t\t\t<div class=\"wpr-acc-panel-content\"><ul><li><strong><span style=\"color: #a91913;\"><a style=\"color: #a91913;\" href=\"https:\/\/agustinosoala.org\/wp-content\/uploads\/2025\/09\/ACTA-Asamblea-XIV-ASAMBLEA-General-Lima-febrero-1999.pdf\" target=\"_blank\" rel=\"noopener\">Acta Asamblea General 1999<\/a><\/span><\/strong><\/li><li><strong><span style=\"color: #a91913;\"><a style=\"color: #a91913;\" href=\"https:\/\/agustinosoala.org\/wp-content\/uploads\/2025\/09\/Discurso-Inaugural-1999.pdf\" target=\"_blank\" rel=\"noopener\">Discurso Inaugural 1999<\/a><\/span><\/strong><\/li><li><strong><span style=\"color: #a91913;\"><a style=\"color: #a91913;\" href=\"https:\/\/agustinosoala.org\/wp-content\/uploads\/2025\/09\/El-Tercer-Milenio-como-Desafio-Pastoral-1999.pdf\" target=\"_blank\" rel=\"noopener\">El Tercer Milenio como Desaf\u00edo Pastoal 1999<\/a><\/span><\/strong><\/li><li><strong><span style=\"color: #a91913;\"><a style=\"color: #a91913;\" href=\"https:\/\/agustinosoala.org\/wp-content\/uploads\/2025\/09\/HOMILIA-DE-CLAUSURA.pdf\" target=\"_blank\" rel=\"noopener\">Homilia de Clausura<\/a><\/span><\/strong><\/li><li><strong><span style=\"color: #a91913;\"><a style=\"color: #a91913;\" href=\"https:\/\/agustinosoala.org\/wp-content\/uploads\/2025\/09\/Modificaciones-a-los-Estatutos-1999.pdf\" target=\"_blank\" rel=\"noopener\">Modificaciones a los Estatutos 1999<\/a><\/span><\/strong><\/li><li><strong><span style=\"color: #a91913;\"><a style=\"color: #a91913;\" href=\"https:\/\/agustinosoala.org\/wp-content\/uploads\/2025\/09\/O.A.L.A-EN-SUS-30-ANOS-DE-BUSQUEDA.pdf\" target=\"_blank\" rel=\"noopener\">OALA en sus 30 a\u00f1os de B\u00fasqueda<\/a><\/span><\/strong><\/li><li><strong><span style=\"color: #a91913;\"><a style=\"color: #a91913;\" href=\"https:\/\/agustinosoala.org\/wp-content\/uploads\/2025\/09\/Presentacion-del-Secretario-general-1999.pdf\" target=\"_blank\" rel=\"noopener\">Presentaci\u00f3n del Secretario General 1999<\/a><\/span><\/strong><\/li><li><strong><span style=\"color: #a91913;\"><a style=\"color: #a91913;\" href=\"https:\/\/agustinosoala.org\/wp-content\/uploads\/2025\/09\/Propuestas-de-la-Asamblea-para-el-Capitulo-General-de-2001.pdf\" target=\"_blank\" rel=\"noopener\">Propuestas de la Asamblea para el cap\u00edtulo General del 2001<\/a><\/span><\/strong><\/li><li><strong><span style=\"color: #a91913;\"><a style=\"color: #a91913;\" href=\"https:\/\/agustinosoala.org\/wp-content\/uploads\/2025\/09\/Proyectos-aprobados-en-la-XIV-Asamblea-General-de-la-OALA-1999.pdf\" target=\"_blank\" rel=\"noopener\">Proyectos aprobados en la XIV Asamblea General de OALA 1999<\/a><\/span><\/strong><\/li><\/ul><\/div>\n\t\t\t\t\t\t\t\t\t\t\t\t\t<\/div>\n                    <\/div>\n\n                            <\/div>\n        \t\t\t\t<\/div>\n\t\t\t\t\t<\/div>\n\t\t<\/div>\n\t\t\t\t\t<\/div>\n\t\t<\/section>\n\t\t\t\t<\/div>","protected":false},"excerpt":{"rendered":"<p>\u00abNos hiciste, Se\u00f1or, para ti, y nuestro coraz\u00f3n est\u00e1 inquieto hasta que descanse en ti\u00bb San Agust\u00edn. Confessiones (Confesiones), Libro I, cap. 1. Asambleas Generales OALA XIV Asamblea General de la OALA &#8211; DOCUMENTOS APROBADOS PREVIOS: Proyectos Aprobados por la Asamblea General 2015 Misi\u00f3n de Oala Informes de la Directiva de OALA Modificaciones de Estatutos para ser Aprobados Proyectos para hacer Aprobados en la Asamblea General 2019 Oraci\u00f3n &#8211; DOCUMENTOS DE TRABAJO ASAMBLEA 2019: Instrumentum Laboris Participantes OALA 2019 Convivenvia e Itinerancia Historia y Estado del Proyecto del EAC &#8211; ACTA ASAMBLEA OALA 2019: Acta Asamblea OALA 2019 XVIII Asamblea General de la OALA Homil\u00eda de Clausura de la Asamblea Carta de la Secretar\u00eda General a la XVIII Asamblea Proyectos Aprobados por la Asamble General Discurso del Vicario General de la Orden Folleto Misi\u00f3n y Estatutos de OALA 2015 \u00a0 XVII Asamblea Bogot\u00e1 &#8211; Colombia 2011 Ante proyecto para OALA con miras al nuevo cuatrienio (2011-2015) Horario propuesto para asamblea 2011 Evaluaci\u00f3n de Proyectos Aprobados en la Asamblea de Buenos Aires de 2007 Homil\u00eda de Prior General Robert Prevost Lista de Participantes Palabras de Apertura del Prior General Robert Prevost Palabras del nuevo Secretario &#8211; General, Victor Lozano. Palabras del Presidente de la Asamblea P. Argiro Ecobar. Palabras del Secretario-General Fr. Juan Lydon Proyectos Aprobados en Asamblea XVII Asablea OALA 2011 XVI Asamblea Buenos Aires &#8211; Argentina 2007 Acta Asamblea General 2007 Discurso Apertura Prior General Homilia de Apertura Informes por Areas Palabras de Bienvenida Palabras de Despedida Sec. General Proyectos aprobados de Asamblea XVI Asamblea de OALA Buenos Aires XIV Asamblea Lima &#8211; Peru 1999 Acta Asamblea General 1999 Discurso Inaugural 1999 El Tercer Milenio como Desaf\u00edo Pastoal 1999 Homilia de Clausura Modificaciones a los Estatutos 1999 OALA en sus 30 a\u00f1os de B\u00fasqueda Presentaci\u00f3n del Secretario General 1999 Propuestas de la Asamblea para el cap\u00edtulo General del 2001 Proyectos aprobados en la XIV Asamblea General de OALA 1999<\/p>","protected":false},"author":1,"featured_media":0,"parent":0,"menu_order":0,"comment_status":"closed","ping_status":"closed","template":"elementor_header_footer","meta":{"inline_featured_image":false,"postBodyCss":"","postBodyMargin":[],"postBodyPadding":[],"postBodyBackground":{"backgroundType":"classic","gradient":""},"footnotes":""},"class_list":["post-1394","page","type-page","status-publish","hentry"],"yoast_head":"<!-- This site is optimized with the Yoast SEO plugin v27.5 - https:\/\/yoast.com\/product\/yoast-seo-wordpress\/ -->\n<title>Asambleas Anteriores OALA - Agustinos en Am\u00e9rica Latina<\/title>\n<meta name=\"description\" content=\"Informaci\u00f3n de las asambleas anteriores de la Organizaci\u00f3n de los Agustinos en Am\u00e9rica Latina OALA y sus principales acuerdos y encuentros.\" \/>\n<meta name=\"robots\" content=\"index, follow, max-snippet:-1, max-image-preview:large, max-video-preview:-1\" \/>\n<link rel=\"canonical\" href=\"https:\/\/agustinosoala.org\/pt\/en\/asambleas-anteriores-2\/\" \/>\n<meta property=\"og:locale\" content=\"pt_BR\" \/>\n<meta property=\"og:type\" content=\"article\" \/>\n<meta property=\"og:title\" content=\"Asambleas Anteriores OALA - Agustinos en Am\u00e9rica Latina\" \/>\n<meta property=\"og:description\" content=\"Informaci\u00f3n de las asambleas anteriores de la Organizaci\u00f3n de los Agustinos en Am\u00e9rica Latina OALA y sus principales acuerdos y encuentros.\" \/>\n<meta property=\"og:url\" content=\"https:\/\/agustinosoala.org\/pt\/en\/asambleas-anteriores-2\/\" \/>\n<meta property=\"og:site_name\" content=\"OALA - Organizaci\u00f3n de los Agustinos de Am\u00e9rica Latina\" \/>\n<meta property=\"article:publisher\" content=\"https:\/\/www.facebook.com\/oalagustinos\" \/>\n<meta property=\"article:modified_time\" content=\"2025-12-13T18:48:40+00:00\" \/>\n<meta property=\"og:image\" content=\"https:\/\/agustinosoala.org\/wp-content\/uploads\/2025\/09\/OALA-IMAGEN-EDIT-2.png\" \/>\n\t<meta property=\"og:image:width\" content=\"957\" \/>\n\t<meta property=\"og:image:height\" content=\"1074\" \/>\n\t<meta property=\"og:image:type\" content=\"image\/png\" \/>\n<meta name=\"twitter:card\" content=\"summary_large_image\" \/>\n<meta name=\"twitter:label1\" content=\"Est. reading time\" \/>\n\t<meta name=\"twitter:data1\" content=\"2 minutos\" \/>\n<script type=\"application\/ld+json\" class=\"yoast-schema-graph\">{\"@context\":\"https:\\\/\\\/schema.org\",\"@graph\":[{\"@type\":\"WebPage\",\"@id\":\"https:\\\/\\\/agustinosoala.org\\\/en\\\/asambleas-anteriores-2\\\/\",\"url\":\"https:\\\/\\\/agustinosoala.org\\\/en\\\/asambleas-anteriores-2\\\/\",\"name\":\"Asambleas Anteriores OALA - Agustinos en Am\u00e9rica Latina\",\"isPartOf\":{\"@id\":\"https:\\\/\\\/agustinosoala.org\\\/#website\"},\"datePublished\":\"2025-11-15T04:37:27+00:00\",\"dateModified\":\"2025-12-13T18:48:40+00:00\",\"description\":\"Informaci\u00f3n de las asambleas anteriores de la Organizaci\u00f3n de los Agustinos en Am\u00e9rica Latina OALA y sus principales acuerdos y encuentros.\",\"breadcrumb\":{\"@id\":\"https:\\\/\\\/agustinosoala.org\\\/en\\\/asambleas-anteriores-2\\\/#breadcrumb\"},\"inLanguage\":\"pt-BR\",\"potentialAction\":[{\"@type\":\"ReadAction\",\"target\":[\"https:\\\/\\\/agustinosoala.org\\\/en\\\/asambleas-anteriores-2\\\/\"]}]},{\"@type\":\"BreadcrumbList\",\"@id\":\"https:\\\/\\\/agustinosoala.org\\\/en\\\/asambleas-anteriores-2\\\/#breadcrumb\",\"itemListElement\":[{\"@type\":\"ListItem\",\"position\":1,\"name\":\"Portada\",\"item\":\"https:\\\/\\\/agustinosoala.org\\\/\"},{\"@type\":\"ListItem\",\"position\":2,\"name\":\"Asambleas Anteriores\"}]},{\"@type\":\"WebSite\",\"@id\":\"https:\\\/\\\/agustinosoala.org\\\/#website\",\"url\":\"https:\\\/\\\/agustinosoala.org\\\/\",\"name\":\"Organizaci\u00f3n de los Agustinos de Am\u00e9rica Latina - OALA\",\"description\":\"&quot;Comunidad agustiniana comprometida con la fe, la misi\u00f3n y el servicio en latinoamerica.&quot;\",\"publisher\":{\"@id\":\"https:\\\/\\\/agustinosoala.org\\\/#organization\"},\"alternateName\":\"OALA\",\"potentialAction\":[{\"@type\":\"SearchAction\",\"target\":{\"@type\":\"EntryPoint\",\"urlTemplate\":\"https:\\\/\\\/agustinosoala.org\\\/?s={search_term_string}\"},\"query-input\":{\"@type\":\"PropertyValueSpecification\",\"valueRequired\":true,\"valueName\":\"search_term_string\"}}],\"inLanguage\":\"pt-BR\"},{\"@type\":\"Organization\",\"@id\":\"https:\\\/\\\/agustinosoala.org\\\/#organization\",\"name\":\"Organizaci\u00f3n de los Agustinos de Am\u00e9rica Latina - OALA\",\"alternateName\":\"OALA\",\"url\":\"https:\\\/\\\/agustinosoala.org\\\/\",\"logo\":{\"@type\":\"ImageObject\",\"inLanguage\":\"pt-BR\",\"@id\":\"https:\\\/\\\/agustinosoala.org\\\/#\\\/schema\\\/logo\\\/image\\\/\",\"url\":\"https:\\\/\\\/agustinosoala.org\\\/wp-content\\\/uploads\\\/2025\\\/09\\\/logo-oala.webp\",\"contentUrl\":\"https:\\\/\\\/agustinosoala.org\\\/wp-content\\\/uploads\\\/2025\\\/09\\\/logo-oala.webp\",\"width\":70,\"height\":70,\"caption\":\"Organizaci\u00f3n de los Agustinos de Am\u00e9rica Latina - OALA\"},\"image\":{\"@id\":\"https:\\\/\\\/agustinosoala.org\\\/#\\\/schema\\\/logo\\\/image\\\/\"},\"sameAs\":[\"https:\\\/\\\/www.facebook.com\\\/oalagustinos\",\"https:\\\/\\\/www.youtube.com\\\/@oalagustinos\",\"https:\\\/\\\/www.instagram.com\\\/oalagustinos_\\\/\"]}]}<\/script>\n<!-- \/ Yoast SEO plugin. -->","yoast_head_json":{"title":"Asambleas Anteriores OALA - Agustinos en Am\u00e9rica Latina","description":"Informaci\u00f3n de las asambleas anteriores de la Organizaci\u00f3n de los Agustinos en Am\u00e9rica Latina OALA y sus principales acuerdos y encuentros.","robots":{"index":"index","follow":"follow","max-snippet":"max-snippet:-1","max-image-preview":"max-image-preview:large","max-video-preview":"max-video-preview:-1"},"canonical":"https:\/\/agustinosoala.org\/pt\/en\/asambleas-anteriores-2\/","og_locale":"pt_BR","og_type":"article","og_title":"Asambleas Anteriores OALA - Agustinos en Am\u00e9rica Latina","og_description":"Informaci\u00f3n de las asambleas anteriores de la Organizaci\u00f3n de los Agustinos en Am\u00e9rica Latina OALA y sus principales acuerdos y encuentros.","og_url":"https:\/\/agustinosoala.org\/pt\/en\/asambleas-anteriores-2\/","og_site_name":"OALA - Organizaci\u00f3n de los Agustinos de Am\u00e9rica Latina","article_publisher":"https:\/\/www.facebook.com\/oalagustinos","article_modified_time":"2025-12-13T18:48:40+00:00","og_image":[{"width":957,"height":1074,"url":"https:\/\/agustinosoala.org\/wp-content\/uploads\/2025\/09\/OALA-IMAGEN-EDIT-2.png","type":"image\/png"}],"twitter_card":"summary_large_image","twitter_misc":{"Est. reading time":"2 minutos"},"schema":{"@context":"https:\/\/schema.org","@graph":[{"@type":"WebPage","@id":"https:\/\/agustinosoala.org\/en\/asambleas-anteriores-2\/","url":"https:\/\/agustinosoala.org\/en\/asambleas-anteriores-2\/","name":"Asambleas Anteriores OALA - Agustinos en Am\u00e9rica Latina","isPartOf":{"@id":"https:\/\/agustinosoala.org\/#website"},"datePublished":"2025-11-15T04:37:27+00:00","dateModified":"2025-12-13T18:48:40+00:00","description":"Informaci\u00f3n de las asambleas anteriores de la Organizaci\u00f3n de los Agustinos en Am\u00e9rica Latina OALA y sus principales acuerdos y encuentros.","breadcrumb":{"@id":"https:\/\/agustinosoala.org\/en\/asambleas-anteriores-2\/#breadcrumb"},"inLanguage":"pt-BR","potentialAction":[{"@type":"ReadAction","target":["https:\/\/agustinosoala.org\/en\/asambleas-anteriores-2\/"]}]},{"@type":"BreadcrumbList","@id":"https:\/\/agustinosoala.org\/en\/asambleas-anteriores-2\/#breadcrumb","itemListElement":[{"@type":"ListItem","position":1,"name":"Portada","item":"https:\/\/agustinosoala.org\/"},{"@type":"ListItem","position":2,"name":"Asambleas Anteriores"}]},{"@type":"WebSite","@id":"https:\/\/agustinosoala.org\/#website","url":"https:\/\/agustinosoala.org\/","name":"Organizaci\u00f3n de los Agustinos de Am\u00e9rica Latina - OALA","description":"&quot;Comunidad agustiniana comprometida con la fe, la misi\u00f3n y el servicio en latinoamerica.&quot;","publisher":{"@id":"https:\/\/agustinosoala.org\/#organization"},"alternateName":"OALA","potentialAction":[{"@type":"SearchAction","target":{"@type":"EntryPoint","urlTemplate":"https:\/\/agustinosoala.org\/?s={search_term_string}"},"query-input":{"@type":"PropertyValueSpecification","valueRequired":true,"valueName":"search_term_string"}}],"inLanguage":"pt-BR"},{"@type":"Organization","@id":"https:\/\/agustinosoala.org\/#organization","name":"Organizaci\u00f3n de los Agustinos de Am\u00e9rica Latina - OALA","alternateName":"OALA","url":"https:\/\/agustinosoala.org\/","logo":{"@type":"ImageObject","inLanguage":"pt-BR","@id":"https:\/\/agustinosoala.org\/#\/schema\/logo\/image\/","url":"https:\/\/agustinosoala.org\/wp-content\/uploads\/2025\/09\/logo-oala.webp","contentUrl":"https:\/\/agustinosoala.org\/wp-content\/uploads\/2025\/09\/logo-oala.webp","width":70,"height":70,"caption":"Organizaci\u00f3n de los Agustinos de Am\u00e9rica Latina - OALA"},"image":{"@id":"https:\/\/agustinosoala.org\/#\/schema\/logo\/image\/"},"sameAs":["https:\/\/www.facebook.com\/oalagustinos","https:\/\/www.youtube.com\/@oalagustinos","https:\/\/www.instagram.com\/oalagustinos_\/"]}]}},"_links":{"self":[{"href":"https:\/\/agustinosoala.org\/pt\/wp-json\/wp\/v2\/pages\/1394","targetHints":{"allow":["GET"]}}],"collection":[{"href":"https:\/\/agustinosoala.org\/pt\/wp-json\/wp\/v2\/pages"}],"about":[{"href":"https:\/\/agustinosoala.org\/pt\/wp-json\/wp\/v2\/types\/page"}],"author":[{"embeddable":true,"href":"https:\/\/agustinosoala.org\/pt\/wp-json\/wp\/v2\/users\/1"}],"replies":[{"embeddable":true,"href":"https:\/\/agustinosoala.org\/pt\/wp-json\/wp\/v2\/comments?post=1394"}],"version-history":[{"count":5,"href":"https:\/\/agustinosoala.org\/pt\/wp-json\/wp\/v2\/pages\/1394\/revisions"}],"predecessor-version":[{"id":1623,"href":"https:\/\/agustinosoala.org\/pt\/wp-json\/wp\/v2\/pages\/1394\/revisions\/1623"}],"wp:attachment":[{"href":"https:\/\/agustinosoala.org\/pt\/wp-json\/wp\/v2\/media?parent=1394"}],"curies":[{"name":"wp","href":"https:\/\/api.w.org\/{rel}","templated":true}]}}