{"id":1960,"date":"2025-11-29T14:25:21","date_gmt":"2025-11-29T14:25:21","guid":{"rendered":"https:\/\/agustinosoala.org\/?page_id=1960"},"modified":"2026-03-29T06:22:53","modified_gmt":"2026-03-29T06:22:53","slug":"noticias-eventos","status":"publish","type":"page","link":"https:\/\/agustinosoala.org\/pt\/noticias-eventos\/","title":{"rendered":"Blog"},"content":{"rendered":"<div data-elementor-type=\"wp-page\" data-elementor-id=\"1960\" class=\"elementor elementor-1960\">\n\t\t\t\t<div class=\"aux-parallax-section elementor-element elementor-element-76d06d85 e-flex e-con-boxed wpr-particle-no wpr-jarallax-no wpr-parallax-no wpr-sticky-section-no wpr-equal-height-no e-con e-parent\" data-id=\"76d06d85\" data-element_type=\"container\" data-e-type=\"container\" data-settings=\"{&quot;background_background&quot;:&quot;classic&quot;}\">\n\t\t\t\t\t<div class=\"e-con-inner\">\n\t\t<div class=\"elementor-element elementor-element-5e980654 e-con-full e-flex wpr-particle-no wpr-jarallax-no wpr-parallax-no wpr-sticky-section-no wpr-equal-height-no e-con e-child\" data-id=\"5e980654\" data-element_type=\"container\" data-e-type=\"container\" data-settings=\"{&quot;background_background&quot;:&quot;classic&quot;}\">\n\t\t\t\t<div class=\"elementor-element elementor-element-7980548f elementor-widget elementor-widget-elementskit-heading\" data-id=\"7980548f\" data-element_type=\"widget\" data-e-type=\"widget\" data-widget_type=\"elementskit-heading.default\">\n\t\t\t\t\t<div class=\"ekit-wid-con\" ><div class=\"ekit-heading elementskit-section-title-wraper text_center   ekit_heading_tablet-   ekit_heading_mobile-\"><h3 class=\"ekit-heading--title elementskit-section-title\"><span><span>\"<\/span><\/span>Nos hiciste, Se\u00f1or, para ti, y nuestro coraz\u00f3n est\u00e1 inquieto hasta que descanse en ti<span><span>\"<\/span><\/span> <span><span>San Agust\u00edn. Confessiones (Confesiones), Libro I, cap. 1.<\/span><\/span><\/h3><\/div><\/div>\t\t\t\t<\/div>\n\t\t\t\t<\/div>\n\t\t\t\t\t<\/div>\n\t\t\t\t<\/div>\n\t\t<div class=\"aux-parallax-section elementor-element elementor-element-6455af98 e-flex e-con-boxed wpr-particle-no wpr-jarallax-no wpr-parallax-no wpr-sticky-section-no wpr-equal-height-no e-con e-parent\" data-id=\"6455af98\" data-element_type=\"container\" data-e-type=\"container\">\n\t\t\t\t\t<div class=\"e-con-inner\">\n\t\t<div class=\"elementor-element elementor-element-25cd2355 e-con-full e-flex wpr-particle-no wpr-jarallax-no wpr-parallax-no wpr-sticky-section-no wpr-equal-height-no e-con e-child\" data-id=\"25cd2355\" data-element_type=\"container\" data-e-type=\"container\">\n\t\t\t\t<div class=\"elementor-element elementor-element-7fef8ce0 elementor-widget elementor-widget-heading\" data-id=\"7fef8ce0\" data-element_type=\"widget\" data-e-type=\"widget\" data-widget_type=\"heading.default\">\n\t\t\t\t\t<h2 class=\"elementor-heading-title elementor-size-default\">Noticias y Eventos<\/h2>\t\t\t\t<\/div>\n\t\t\t\t<\/div>\n\t\t\t\t\t<\/div>\n\t\t\t\t<\/div>\n\t\t<div class=\"aux-parallax-section elementor-element elementor-element-7e68e06 e-flex e-con-boxed wpr-particle-no wpr-jarallax-no wpr-parallax-no wpr-sticky-section-no wpr-equal-height-no e-con e-parent\" data-id=\"7e68e06\" data-element_type=\"container\" data-e-type=\"container\">\n\t\t\t\t\t<div class=\"e-con-inner\">\n\t\t<div class=\"elementor-element elementor-element-8a11aff e-con-full e-flex wpr-particle-no wpr-jarallax-no wpr-parallax-no wpr-sticky-section-no wpr-equal-height-no e-con e-child\" data-id=\"8a11aff\" data-element_type=\"container\" data-e-type=\"container\">\n\t\t\t\t<div class=\"elementor-element elementor-element-f01ef87 elementor-widget elementor-widget-aux_recent_posts\" data-id=\"f01ef87\" data-element_type=\"widget\" data-e-type=\"widget\" data-settings=\"{&quot;columns&quot;:&quot;2&quot;,&quot;columns_tablet&quot;:&quot;inherit&quot;,&quot;columns_mobile&quot;:&quot;1&quot;}\" data-widget_type=\"aux_recent_posts.default\">\n\t\t\t\t\t<section class=\"widget-container aux-widget-recent-posts aux-parent-au90e545b7\"><div data-element-id=\"au90e545b7\" class=\"aux-match-height aux-row aux-de-col2 aux-tb-col2 aux-mb-col1 aux-total-4 aux-ajax-view\"><div class=\"aux-col post-2671\">\n                        <article class=\"post column-entry post-2671 type-post status-publish format-standard has-post-thumbnail hentry category-noticia\">\n                                                        <div class=\"entry-media\"><div class=\"aux-media-frame aux-media-image aux-image-mask\"><a href=\"https:\/\/agustinosoala.org\/pt\/nuevo-secretario\/\"><img decoding=\"async\" src=\"https:\/\/agustinosoala.org\/wp-content\/uploads\/2026\/02\/Secretario-general-interino-570x342.jpg\" class=\"aux-attachment aux-featured-image attachment-570x342 aux-attachment-id-2673\" alt=\"Secretario general interino\" srcset=\"https:\/\/agustinosoala.org\/wp-content\/uploads\/2026\/02\/Secretario-general-interino-150x90.jpg 150w,https:\/\/agustinosoala.org\/wp-content\/uploads\/2026\/02\/Secretario-general-interino-300x180.jpg 300w,https:\/\/agustinosoala.org\/wp-content\/uploads\/2026\/02\/Secretario-general-interino-768x461.jpg 768w,https:\/\/agustinosoala.org\/wp-content\/uploads\/2026\/02\/Secretario-general-interino-1024x614.jpg 1024w,https:\/\/agustinosoala.org\/wp-content\/uploads\/2026\/02\/Secretario-general-interino-570x342.jpg 570w,https:\/\/agustinosoala.org\/wp-content\/uploads\/2026\/02\/Secretario-general-interino-2038x1222.jpg 2038w\" data-ratio=\"1.67\" data-original-w=\"2048\" sizes=\"(max-width:479px) 480px,(max-width:767px) 768px,(max-width:1023px) 1024px,570px\" \/><\/a><\/div><\/div>\n                            \n                            <div class=\"entry-main\">\n                                                        \n                                <header class=\"entry-header\">\n                                \n                                    <h4 class=\"entry-title\">\n                                        <a href=\"https:\/\/agustinosoala.org\/pt\/nuevo-secretario\/\">\n                                            NUEVO SECRETARIO GENERAL INTERINO                                        <\/a>\n                                    <\/h4>\n                                                                    <div class=\"entry-format\">\n                                        <a href=\"https:\/\/agustinosoala.org\/pt\/nuevo-secretario\/\">\n                                            <div class=\"post-format format-\"> <\/div>\n                                        <\/a>\n                                    <\/div>\n                                <\/header>\n                            \n                                                            <div class=\"entry-content\">\n                                                                            <p>\n                                        En horas de la tarde, y conforme a los Estatutos de OALA, se realiz\u00f3 la elecci\u00f3n del nuevo Secretario General Interino para el per\u00edodo enero 2026 \u2013 abril 2027. Tras el proceso de exploratio mentis, la renuncia de algunos candidatos y la votaci\u00f3n secreta final, la Asamblea confirm\u00f3 como nuevo Secretario General Interino a: P. Fr. Marco Antonio Luna Medrano, OSA                                        <\/p>                                <\/div>\n                                                                                        <footer class=\"entry-meta aux-after-content\">\n                                                                        <div class=\"readmore\">\n                                        <a href=\"https:\/\/agustinosoala.org\/pt\/nuevo-secretario\/\" class=\"aux-read-more\"><span class=\"aux-read-more-text\">Leer m\u00e1s<\/span><\/a>\n                                    <\/div>\n                                                                        <div class=\"comments-iconic\">\n                                                                                    <a href=\"https:\/\/agustinosoala.org\/pt\/nuevo-secretario\/#comments\" class=\"meta-comment\" >\n                                                <span class=\"auxicon-comment\"><\/span><span class=\"comments-number\">0<\/span>\n                                            <\/a>\n                                                                            <\/div>\n                                                                    <\/footer>\n                            \n                            <\/div>\n\n                        <\/article>\n<\/div><div class=\"aux-col post-1987\">\n                        <article class=\"post column-entry post-1987 type-post status-publish format-standard has-post-thumbnail hentry category-noticia\">\n                                                        <div class=\"entry-media\"><div class=\"aux-media-frame aux-media-image aux-image-mask\"><a href=\"https:\/\/agustinosoala.org\/pt\/nombramiento-fray-marcio-vidal-de-negreiros-como-obispo-auxiliar-de-sao-paulo\/\"><img decoding=\"async\" src=\"https:\/\/agustinosoala.org\/wp-content\/uploads\/2025\/11\/marcio-obispo-570x342.jpg\" class=\"aux-attachment aux-featured-image attachment-570x342 aux-attachment-id-1988\" alt=\"marcio obispo\" srcset=\"https:\/\/agustinosoala.org\/wp-content\/uploads\/2025\/11\/marcio-obispo-150x90.jpg 150w,https:\/\/agustinosoala.org\/wp-content\/uploads\/2025\/11\/marcio-obispo-300x180.jpg 300w,https:\/\/agustinosoala.org\/wp-content\/uploads\/2025\/11\/marcio-obispo-768x461.jpg 768w,https:\/\/agustinosoala.org\/wp-content\/uploads\/2025\/11\/marcio-obispo-1024x614.jpg 1024w,https:\/\/agustinosoala.org\/wp-content\/uploads\/2025\/11\/marcio-obispo-570x342.jpg 570w,https:\/\/agustinosoala.org\/wp-content\/uploads\/2025\/11\/marcio-obispo-1290x774.jpg 1290w\" data-ratio=\"1.67\" data-original-w=\"1300\" sizes=\"(max-width:479px) 480px,(max-width:767px) 768px,(max-width:1023px) 1024px,570px\" \/><\/a><\/div><\/div>\n                            \n                            <div class=\"entry-main\">\n                                                        \n                                <header class=\"entry-header\">\n                                \n                                    <h4 class=\"entry-title\">\n                                        <a href=\"https:\/\/agustinosoala.org\/pt\/nombramiento-fray-marcio-vidal-de-negreiros-como-obispo-auxiliar-de-sao-paulo\/\">\n                                            EL PAP\u00c1 LEON XIV NOMBRA A FRAY MARCIO VIDAL DE NEGREIROS COMO OBISPO AUXILIAR DE S\u00c3O PAULO                                        <\/a>\n                                    <\/h4>\n                                                                    <div class=\"entry-format\">\n                                        <a href=\"https:\/\/agustinosoala.org\/pt\/nombramiento-fray-marcio-vidal-de-negreiros-como-obispo-auxiliar-de-sao-paulo\/\">\n                                            <div class=\"post-format format-\"> <\/div>\n                                        <\/a>\n                                    <\/div>\n                                <\/header>\n                            \n                                                            <div class=\"entry-content\">\n                                                                            <p>\n                                        La Organizaci\u00f3n de Agustinos de Latinoam\u00e9rica y el Caribe (OALA) comparte con profundo gozo el nombramiento del P. M\u00e1rcio Antonio Vidal de Negreiros, OSA \u2014hasta hoy Secretario General de la Organizaci\u00f3n\u2014 como Obispo Auxiliar de la Arquidi\u00f3cesis de S\u00e3o Paulo, designado por el Papa Le\u00f3n XIV.                                        <\/p>                                <\/div>\n                                                                                        <footer class=\"entry-meta aux-after-content\">\n                                                                        <div class=\"readmore\">\n                                        <a href=\"https:\/\/agustinosoala.org\/pt\/nombramiento-fray-marcio-vidal-de-negreiros-como-obispo-auxiliar-de-sao-paulo\/\" class=\"aux-read-more\"><span class=\"aux-read-more-text\">Leer m\u00e1s<\/span><\/a>\n                                    <\/div>\n                                                                        <div class=\"comments-iconic\">\n                                                                                    <a href=\"https:\/\/agustinosoala.org\/pt\/nombramiento-fray-marcio-vidal-de-negreiros-como-obispo-auxiliar-de-sao-paulo\/#comments\" class=\"meta-comment\" >\n                                                <span class=\"auxicon-comment\"><\/span><span class=\"comments-number\">0<\/span>\n                                            <\/a>\n                                                                            <\/div>\n                                                                    <\/footer>\n                            \n                            <\/div>\n\n                        <\/article>\n<\/div><div class=\"aux-col post-1049\">\n                        <article class=\"post column-entry post-1049 type-post status-publish format-standard has-post-thumbnail hentry category-noticia\">\n                                                        <div class=\"entry-media\"><div class=\"aux-media-frame aux-media-image aux-image-mask\"><a href=\"https:\/\/agustinosoala.org\/pt\/noticia-numero-2-noticia-numero-2\/\"><img decoding=\"async\" src=\"https:\/\/agustinosoala.org\/wp-content\/uploads\/2025\/12\/re-570x342.png\" class=\"aux-attachment aux-featured-image attachment-570x342 aux-attachment-id-2062\" alt=\"re\" srcset=\"https:\/\/agustinosoala.org\/wp-content\/uploads\/2025\/12\/re-150x90.png 150w,https:\/\/agustinosoala.org\/wp-content\/uploads\/2025\/12\/re-300x180.png 300w,https:\/\/agustinosoala.org\/wp-content\/uploads\/2025\/12\/re-768x461.png 768w,https:\/\/agustinosoala.org\/wp-content\/uploads\/2025\/12\/re-570x342.png 570w,https:\/\/agustinosoala.org\/wp-content\/uploads\/2025\/12\/re-777x466.png 777w\" data-ratio=\"1.67\" data-original-w=\"787\" sizes=\"(max-width:479px) 480px,(max-width:767px) 768px,(max-width:1023px) 1024px,570px\" \/><\/a><\/div><\/div>\n                            \n                            <div class=\"entry-main\">\n                                                        \n                                <header class=\"entry-header\">\n                                \n                                    <h4 class=\"entry-title\">\n                                        <a href=\"https:\/\/agustinosoala.org\/pt\/noticia-numero-2-noticia-numero-2\/\">\n                                            BOLET\u00cdN DE LA ORDEN DE SAN AGUST\u00cdN                                        <\/a>\n                                    <\/h4>\n                                                                    <div class=\"entry-format\">\n                                        <a href=\"https:\/\/agustinosoala.org\/pt\/noticia-numero-2-noticia-numero-2\/\">\n                                            <div class=\"post-format format-\"> <\/div>\n                                        <\/a>\n                                    <\/div>\n                                <\/header>\n                            \n                                                            <div class=\"entry-content\">\n                                                                            <p>\n                                        La Orden de San Agust\u00edn ha publicado oficialmente el Bolet\u00edn N\u00ba XXII de la Curia General, un documento que se ha consolidado como un importante medio de comunicaci\u00f3n y unidad para toda la familia agustiniana. Este bolet\u00edn presenta noticias, reflexiones y acontecimientos que destacan la vida, misi\u00f3n y labor pastoral desarrollada a nivel mundial.                                        <\/p>                                <\/div>\n                                                                                        <footer class=\"entry-meta aux-after-content\">\n                                                                        <div class=\"readmore\">\n                                        <a href=\"https:\/\/agustinosoala.org\/pt\/noticia-numero-2-noticia-numero-2\/\" class=\"aux-read-more\"><span class=\"aux-read-more-text\">Leer m\u00e1s<\/span><\/a>\n                                    <\/div>\n                                                                        <div class=\"comments-iconic\">\n                                                                                    <a href=\"https:\/\/agustinosoala.org\/pt\/noticia-numero-2-noticia-numero-2\/#comments\" class=\"meta-comment\" >\n                                                <span class=\"auxicon-comment\"><\/span><span class=\"comments-number\">0<\/span>\n                                            <\/a>\n                                                                            <\/div>\n                                                                    <\/footer>\n                            \n                            <\/div>\n\n                        <\/article>\n<\/div><div class=\"aux-col post-120\">\n                        <article class=\"post column-entry post-120 type-post status-publish format-standard has-post-thumbnail hentry category-noticia\">\n                                                        <div class=\"entry-media\"><div class=\"aux-media-frame aux-media-image aux-image-mask\"><a href=\"https:\/\/agustinosoala.org\/pt\/lorem-ipsum-dolor-sit-amet-consectetur-adipiscing-elit-pharetra-pellentesque-fames\/\"><img decoding=\"async\" src=\"https:\/\/agustinosoala.org\/wp-content\/uploads\/2025\/11\/colo-570x342.png\" class=\"aux-attachment aux-featured-image attachment-570x342 aux-attachment-id-1225\" alt=\"colo\" srcset=\"https:\/\/agustinosoala.org\/wp-content\/uploads\/2025\/11\/colo-150x90.png 150w,https:\/\/agustinosoala.org\/wp-content\/uploads\/2025\/11\/colo-300x180.png 300w,https:\/\/agustinosoala.org\/wp-content\/uploads\/2025\/11\/colo-768x461.png 768w,https:\/\/agustinosoala.org\/wp-content\/uploads\/2025\/11\/colo-570x342.png 570w,https:\/\/agustinosoala.org\/wp-content\/uploads\/2025\/11\/colo-961x576.png 961w\" data-ratio=\"1.67\" data-original-w=\"971\" sizes=\"(max-width:479px) 480px,(max-width:767px) 768px,(max-width:1023px) 1024px,570px\" \/><\/a><\/div><\/div>\n                            \n                            <div class=\"entry-main\">\n                                                        \n                                <header class=\"entry-header\">\n                                \n                                    <h4 class=\"entry-title\">\n                                        <a href=\"https:\/\/agustinosoala.org\/pt\/lorem-ipsum-dolor-sit-amet-consectetur-adipiscing-elit-pharetra-pellentesque-fames\/\">\n                                            450 A\u00d1OS DE PRESENCIA AGUSTINIANA EN COLOMBIA                                        <\/a>\n                                    <\/h4>\n                                                                    <div class=\"entry-format\">\n                                        <a href=\"https:\/\/agustinosoala.org\/pt\/lorem-ipsum-dolor-sit-amet-consectetur-adipiscing-elit-pharetra-pellentesque-fames\/\">\n                                            <div class=\"post-format format-\"> <\/div>\n                                        <\/a>\n                                    <\/div>\n                                <\/header>\n                            \n                                                            <div class=\"entry-content\">\n                                                                            <p>\n                                        La Organizaci\u00f3n de Agustinos de Latinoam\u00e9rica (OALA) conmemora con profundo gozo los 450 a\u00f1os de presencia agustiniana en Colombia, un acontecimiento hist\u00f3rico que resalta la huella espiritual, educativa y pastoral que la Orden de San Agust\u00edn ha construido en este pa\u00eds desde el siglo XVI.                                        <\/p>                                <\/div>\n                                                                                        <footer class=\"entry-meta aux-after-content\">\n                                                                        <div class=\"readmore\">\n                                        <a href=\"https:\/\/agustinosoala.org\/pt\/lorem-ipsum-dolor-sit-amet-consectetur-adipiscing-elit-pharetra-pellentesque-fames\/\" class=\"aux-read-more\"><span class=\"aux-read-more-text\">Leer m\u00e1s<\/span><\/a>\n                                    <\/div>\n                                                                        <div class=\"comments-iconic\">\n                                                                                    <a href=\"https:\/\/agustinosoala.org\/pt\/lorem-ipsum-dolor-sit-amet-consectetur-adipiscing-elit-pharetra-pellentesque-fames\/#comments\" class=\"meta-comment\" >\n                                                <span class=\"auxicon-comment\"><\/span><span class=\"comments-number\">0<\/span>\n                                            <\/a>\n                                                                            <\/div>\n                                                                    <\/footer>\n                            \n                            <\/div>\n\n                        <\/article>\n<\/div><\/div><\/section><!-- widget-container -->\t\t\t\t<\/div>\n\t\t\t\t<\/div>\n\t\t\t\t\t<\/div>\n\t\t\t\t<\/div>\n\t\t\t\t<\/div>","protected":false},"excerpt":{"rendered":"<p>\u00abNos hiciste, Se\u00f1or, para ti, y nuestro coraz\u00f3n est\u00e1 inquieto hasta que descanse en ti\u00bb San Agust\u00edn. Confessiones (Confesiones), Libro I, cap. 1. Noticias y Eventos NUEVO SECRETARIO GENERAL INTERINO En horas de la tarde, y conforme a los Estatutos de OALA, se realiz\u00f3 la elecci\u00f3n del nuevo Secretario General Interino para el per\u00edodo enero 2026 \u2013 abril 2027. Tras el proceso de exploratio mentis, la renuncia de algunos candidatos y la votaci\u00f3n secreta final, la Asamblea confirm\u00f3 como nuevo Secretario General Interino a: P. Fr. Marco Antonio Luna Medrano, OSA Leer m\u00e1s 0 EL PAP\u00c1 LEON XIV NOMBRA A FRAY MARCIO VIDAL DE NEGREIROS COMO OBISPO AUXILIAR DE S\u00c3O PAULO La Organizaci\u00f3n de Agustinos de Latinoam\u00e9rica y el Caribe (OALA) comparte con profundo gozo el nombramiento del P. M\u00e1rcio Antonio Vidal de Negreiros, OSA \u2014hasta hoy Secretario General de la Organizaci\u00f3n\u2014 como Obispo Auxiliar de la Arquidi\u00f3cesis de S\u00e3o Paulo, designado por el Papa Le\u00f3n XIV. Leer m\u00e1s 0 BOLET\u00cdN DE LA ORDEN DE SAN AGUST\u00cdN La Orden de San Agust\u00edn ha publicado oficialmente el Bolet\u00edn N\u00ba XXII de la Curia General, un documento que se ha consolidado como un importante medio de comunicaci\u00f3n y unidad para toda la familia agustiniana. Este bolet\u00edn presenta noticias, reflexiones y acontecimientos que destacan la vida, misi\u00f3n y labor pastoral desarrollada a nivel mundial. Leer m\u00e1s 0 450 A\u00d1OS DE PRESENCIA AGUSTINIANA EN COLOMBIA La Organizaci\u00f3n de Agustinos de Latinoam\u00e9rica (OALA) conmemora con profundo gozo los 450 a\u00f1os de presencia agustiniana en Colombia, un acontecimiento hist\u00f3rico que resalta la huella espiritual, educativa y pastoral que la Orden de San Agust\u00edn ha construido en este pa\u00eds desde el siglo XVI. Leer m\u00e1s 0<\/p>","protected":false},"author":1,"featured_media":0,"parent":0,"menu_order":0,"comment_status":"closed","ping_status":"closed","template":"elementor_header_footer","meta":{"inline_featured_image":false,"postBodyCss":"","postBodyMargin":[],"postBodyPadding":[],"postBodyBackground":{"backgroundType":"classic","gradient":""},"footnotes":""},"class_list":["post-1960","page","type-page","status-publish","hentry"],"yoast_head":"<!-- This site is optimized with the Yoast SEO plugin v27.5 - https:\/\/yoast.com\/product\/yoast-seo-wordpress\/ -->\n<title>Noticias y Eventos Agustinos en Latinoam\u00e9rica OALA<\/title>\n<meta name=\"description\" content=\"Noticias y eventos de los Agustinos en Latinoam\u00e9rica OALA, con informaci\u00f3n actualizada sobre actividades, encuentros y acciones pastorales.\" \/>\n<meta name=\"robots\" content=\"index, follow, max-snippet:-1, max-image-preview:large, max-video-preview:-1\" \/>\n<link rel=\"canonical\" href=\"https:\/\/agustinosoala.org\/pt\/en\/noticias-eventos\/\" \/>\n<meta property=\"og:locale\" content=\"pt_BR\" \/>\n<meta property=\"og:type\" content=\"article\" \/>\n<meta property=\"og:title\" content=\"Noticias y Eventos Agustinos en Latinoam\u00e9rica OALA\" \/>\n<meta property=\"og:description\" content=\"Noticias y eventos de los Agustinos en Latinoam\u00e9rica OALA, con informaci\u00f3n actualizada sobre actividades, encuentros y acciones pastorales.\" \/>\n<meta property=\"og:url\" content=\"https:\/\/agustinosoala.org\/pt\/en\/noticias-eventos\/\" \/>\n<meta property=\"og:site_name\" content=\"OALA - Organizaci\u00f3n de los Agustinos de Am\u00e9rica Latina\" \/>\n<meta property=\"article:publisher\" content=\"https:\/\/www.facebook.com\/oalagustinos\" \/>\n<meta property=\"article:modified_time\" content=\"2026-03-29T06:22:53+00:00\" \/>\n<meta property=\"og:image\" content=\"https:\/\/agustinosoala.org\/wp-content\/uploads\/2026\/02\/Secretario-general-interino-570x342.jpg\" \/>\n<meta name=\"twitter:card\" content=\"summary_large_image\" \/>\n<meta name=\"twitter:label1\" content=\"Est. reading time\" \/>\n\t<meta name=\"twitter:data1\" content=\"3 minutos\" \/>\n<script type=\"application\/ld+json\" class=\"yoast-schema-graph\">{\"@context\":\"https:\\\/\\\/schema.org\",\"@graph\":[{\"@type\":\"WebPage\",\"@id\":\"https:\\\/\\\/agustinosoala.org\\\/en\\\/noticias-eventos\\\/\",\"url\":\"https:\\\/\\\/agustinosoala.org\\\/en\\\/noticias-eventos\\\/\",\"name\":\"Noticias y Eventos Agustinos en Latinoam\u00e9rica OALA\",\"isPartOf\":{\"@id\":\"https:\\\/\\\/agustinosoala.org\\\/#website\"},\"primaryImageOfPage\":{\"@id\":\"https:\\\/\\\/agustinosoala.org\\\/en\\\/noticias-eventos\\\/#primaryimage\"},\"image\":{\"@id\":\"https:\\\/\\\/agustinosoala.org\\\/en\\\/noticias-eventos\\\/#primaryimage\"},\"thumbnailUrl\":\"https:\\\/\\\/agustinosoala.org\\\/wp-content\\\/uploads\\\/2026\\\/02\\\/Secretario-general-interino-570x342.jpg\",\"datePublished\":\"2025-11-29T14:25:21+00:00\",\"dateModified\":\"2026-03-29T06:22:53+00:00\",\"description\":\"Noticias y eventos de los Agustinos en Latinoam\u00e9rica OALA, con informaci\u00f3n actualizada sobre actividades, encuentros y acciones pastorales.\",\"breadcrumb\":{\"@id\":\"https:\\\/\\\/agustinosoala.org\\\/en\\\/noticias-eventos\\\/#breadcrumb\"},\"inLanguage\":\"pt-BR\",\"potentialAction\":[{\"@type\":\"ReadAction\",\"target\":[\"https:\\\/\\\/agustinosoala.org\\\/en\\\/noticias-eventos\\\/\"]}]},{\"@type\":\"ImageObject\",\"inLanguage\":\"pt-BR\",\"@id\":\"https:\\\/\\\/agustinosoala.org\\\/en\\\/noticias-eventos\\\/#primaryimage\",\"url\":\"https:\\\/\\\/agustinosoala.org\\\/wp-content\\\/uploads\\\/2026\\\/02\\\/Secretario-general-interino-570x342.jpg\",\"contentUrl\":\"https:\\\/\\\/agustinosoala.org\\\/wp-content\\\/uploads\\\/2026\\\/02\\\/Secretario-general-interino-570x342.jpg\"},{\"@type\":\"BreadcrumbList\",\"@id\":\"https:\\\/\\\/agustinosoala.org\\\/en\\\/noticias-eventos\\\/#breadcrumb\",\"itemListElement\":[{\"@type\":\"ListItem\",\"position\":1,\"name\":\"Portada\",\"item\":\"https:\\\/\\\/agustinosoala.org\\\/\"},{\"@type\":\"ListItem\",\"position\":2,\"name\":\"Blog\"}]},{\"@type\":\"WebSite\",\"@id\":\"https:\\\/\\\/agustinosoala.org\\\/#website\",\"url\":\"https:\\\/\\\/agustinosoala.org\\\/\",\"name\":\"Organizaci\u00f3n de los Agustinos de Am\u00e9rica Latina - OALA\",\"description\":\"&quot;Comunidad agustiniana comprometida con la fe, la misi\u00f3n y el servicio en latinoamerica.&quot;\",\"publisher\":{\"@id\":\"https:\\\/\\\/agustinosoala.org\\\/#organization\"},\"alternateName\":\"OALA\",\"potentialAction\":[{\"@type\":\"SearchAction\",\"target\":{\"@type\":\"EntryPoint\",\"urlTemplate\":\"https:\\\/\\\/agustinosoala.org\\\/?s={search_term_string}\"},\"query-input\":{\"@type\":\"PropertyValueSpecification\",\"valueRequired\":true,\"valueName\":\"search_term_string\"}}],\"inLanguage\":\"pt-BR\"},{\"@type\":\"Organization\",\"@id\":\"https:\\\/\\\/agustinosoala.org\\\/#organization\",\"name\":\"Organizaci\u00f3n de los Agustinos de Am\u00e9rica Latina - OALA\",\"alternateName\":\"OALA\",\"url\":\"https:\\\/\\\/agustinosoala.org\\\/\",\"logo\":{\"@type\":\"ImageObject\",\"inLanguage\":\"pt-BR\",\"@id\":\"https:\\\/\\\/agustinosoala.org\\\/#\\\/schema\\\/logo\\\/image\\\/\",\"url\":\"https:\\\/\\\/agustinosoala.org\\\/wp-content\\\/uploads\\\/2025\\\/09\\\/logo-oala.webp\",\"contentUrl\":\"https:\\\/\\\/agustinosoala.org\\\/wp-content\\\/uploads\\\/2025\\\/09\\\/logo-oala.webp\",\"width\":70,\"height\":70,\"caption\":\"Organizaci\u00f3n de los Agustinos de Am\u00e9rica Latina - OALA\"},\"image\":{\"@id\":\"https:\\\/\\\/agustinosoala.org\\\/#\\\/schema\\\/logo\\\/image\\\/\"},\"sameAs\":[\"https:\\\/\\\/www.facebook.com\\\/oalagustinos\",\"https:\\\/\\\/www.youtube.com\\\/@oalagustinos\",\"https:\\\/\\\/www.instagram.com\\\/oalagustinos_\\\/\"]}]}<\/script>\n<!-- \/ Yoast SEO plugin. -->","yoast_head_json":{"title":"Noticias y Eventos Agustinos en Latinoam\u00e9rica OALA","description":"Noticias y eventos de los Agustinos en Latinoam\u00e9rica OALA, con informaci\u00f3n actualizada sobre actividades, encuentros y acciones pastorales.","robots":{"index":"index","follow":"follow","max-snippet":"max-snippet:-1","max-image-preview":"max-image-preview:large","max-video-preview":"max-video-preview:-1"},"canonical":"https:\/\/agustinosoala.org\/pt\/en\/noticias-eventos\/","og_locale":"pt_BR","og_type":"article","og_title":"Noticias y Eventos Agustinos en Latinoam\u00e9rica OALA","og_description":"Noticias y eventos de los Agustinos en Latinoam\u00e9rica OALA, con informaci\u00f3n actualizada sobre actividades, encuentros y acciones pastorales.","og_url":"https:\/\/agustinosoala.org\/pt\/en\/noticias-eventos\/","og_site_name":"OALA - Organizaci\u00f3n de los Agustinos de Am\u00e9rica Latina","article_publisher":"https:\/\/www.facebook.com\/oalagustinos","article_modified_time":"2026-03-29T06:22:53+00:00","og_image":[{"url":"https:\/\/agustinosoala.org\/wp-content\/uploads\/2026\/02\/Secretario-general-interino-570x342.jpg","type":"","width":"","height":""}],"twitter_card":"summary_large_image","twitter_misc":{"Est. reading time":"3 minutos"},"schema":{"@context":"https:\/\/schema.org","@graph":[{"@type":"WebPage","@id":"https:\/\/agustinosoala.org\/en\/noticias-eventos\/","url":"https:\/\/agustinosoala.org\/en\/noticias-eventos\/","name":"Noticias y Eventos Agustinos en Latinoam\u00e9rica OALA","isPartOf":{"@id":"https:\/\/agustinosoala.org\/#website"},"primaryImageOfPage":{"@id":"https:\/\/agustinosoala.org\/en\/noticias-eventos\/#primaryimage"},"image":{"@id":"https:\/\/agustinosoala.org\/en\/noticias-eventos\/#primaryimage"},"thumbnailUrl":"https:\/\/agustinosoala.org\/wp-content\/uploads\/2026\/02\/Secretario-general-interino-570x342.jpg","datePublished":"2025-11-29T14:25:21+00:00","dateModified":"2026-03-29T06:22:53+00:00","description":"Noticias y eventos de los Agustinos en Latinoam\u00e9rica OALA, con informaci\u00f3n actualizada sobre actividades, encuentros y acciones pastorales.","breadcrumb":{"@id":"https:\/\/agustinosoala.org\/en\/noticias-eventos\/#breadcrumb"},"inLanguage":"pt-BR","potentialAction":[{"@type":"ReadAction","target":["https:\/\/agustinosoala.org\/en\/noticias-eventos\/"]}]},{"@type":"ImageObject","inLanguage":"pt-BR","@id":"https:\/\/agustinosoala.org\/en\/noticias-eventos\/#primaryimage","url":"https:\/\/agustinosoala.org\/wp-content\/uploads\/2026\/02\/Secretario-general-interino-570x342.jpg","contentUrl":"https:\/\/agustinosoala.org\/wp-content\/uploads\/2026\/02\/Secretario-general-interino-570x342.jpg"},{"@type":"BreadcrumbList","@id":"https:\/\/agustinosoala.org\/en\/noticias-eventos\/#breadcrumb","itemListElement":[{"@type":"ListItem","position":1,"name":"Portada","item":"https:\/\/agustinosoala.org\/"},{"@type":"ListItem","position":2,"name":"Blog"}]},{"@type":"WebSite","@id":"https:\/\/agustinosoala.org\/#website","url":"https:\/\/agustinosoala.org\/","name":"Organizaci\u00f3n de los Agustinos de Am\u00e9rica Latina - OALA","description":"&quot;Comunidad agustiniana comprometida con la fe, la misi\u00f3n y el servicio en latinoamerica.&quot;","publisher":{"@id":"https:\/\/agustinosoala.org\/#organization"},"alternateName":"OALA","potentialAction":[{"@type":"SearchAction","target":{"@type":"EntryPoint","urlTemplate":"https:\/\/agustinosoala.org\/?s={search_term_string}"},"query-input":{"@type":"PropertyValueSpecification","valueRequired":true,"valueName":"search_term_string"}}],"inLanguage":"pt-BR"},{"@type":"Organization","@id":"https:\/\/agustinosoala.org\/#organization","name":"Organizaci\u00f3n de los Agustinos de Am\u00e9rica Latina - OALA","alternateName":"OALA","url":"https:\/\/agustinosoala.org\/","logo":{"@type":"ImageObject","inLanguage":"pt-BR","@id":"https:\/\/agustinosoala.org\/#\/schema\/logo\/image\/","url":"https:\/\/agustinosoala.org\/wp-content\/uploads\/2025\/09\/logo-oala.webp","contentUrl":"https:\/\/agustinosoala.org\/wp-content\/uploads\/2025\/09\/logo-oala.webp","width":70,"height":70,"caption":"Organizaci\u00f3n de los Agustinos de Am\u00e9rica Latina - OALA"},"image":{"@id":"https:\/\/agustinosoala.org\/#\/schema\/logo\/image\/"},"sameAs":["https:\/\/www.facebook.com\/oalagustinos","https:\/\/www.youtube.com\/@oalagustinos","https:\/\/www.instagram.com\/oalagustinos_\/"]}]}},"_links":{"self":[{"href":"https:\/\/agustinosoala.org\/pt\/wp-json\/wp\/v2\/pages\/1960","targetHints":{"allow":["GET"]}}],"collection":[{"href":"https:\/\/agustinosoala.org\/pt\/wp-json\/wp\/v2\/pages"}],"about":[{"href":"https:\/\/agustinosoala.org\/pt\/wp-json\/wp\/v2\/types\/page"}],"author":[{"embeddable":true,"href":"https:\/\/agustinosoala.org\/pt\/wp-json\/wp\/v2\/users\/1"}],"replies":[{"embeddable":true,"href":"https:\/\/agustinosoala.org\/pt\/wp-json\/wp\/v2\/comments?post=1960"}],"version-history":[{"count":68,"href":"https:\/\/agustinosoala.org\/pt\/wp-json\/wp\/v2\/pages\/1960\/revisions"}],"predecessor-version":[{"id":2771,"href":"https:\/\/agustinosoala.org\/pt\/wp-json\/wp\/v2\/pages\/1960\/revisions\/2771"}],"wp:attachment":[{"href":"https:\/\/agustinosoala.org\/pt\/wp-json\/wp\/v2\/media?parent=1960"}],"curies":[{"name":"wp","href":"https:\/\/api.w.org\/{rel}","templated":true}]}}