{"id":31,"date":"2025-09-18T18:09:12","date_gmt":"2025-09-18T18:09:12","guid":{"rendered":"http:\/\/ek4.5fa.mytemp.website\/?page_id=31"},"modified":"2026-05-01T23:46:59","modified_gmt":"2026-05-01T23:46:59","slug":"inicio","status":"publish","type":"page","link":"https:\/\/agustinosoala.org\/pt\/","title":{"rendered":"Inicio"},"content":{"rendered":"<div data-elementor-type=\"wp-page\" data-elementor-id=\"31\" class=\"elementor elementor-31\">\n\t\t\t\t<div class=\"aux-parallax-section elementor-element elementor-element-988f228 e-flex e-con-boxed wpr-particle-no wpr-jarallax-no wpr-parallax-no wpr-sticky-section-no wpr-equal-height-no e-con e-parent\" data-id=\"988f228\" data-element_type=\"container\" data-e-type=\"container\" data-settings=\"{&quot;background_background&quot;:&quot;classic&quot;}\">\n\t\t\t\t\t<div class=\"e-con-inner\">\n\t\t<div class=\"elementor-element elementor-element-5b92758 e-con-full e-flex wpr-particle-no wpr-jarallax-no wpr-parallax-no wpr-sticky-section-no wpr-equal-height-no e-con e-child\" data-id=\"5b92758\" data-element_type=\"container\" data-e-type=\"container\">\n\t\t<div class=\"elementor-element elementor-element-f3ac5a6 e-con-full aux-appear-watch-animation aux-fade-in-down-1 e-flex wpr-particle-no wpr-jarallax-no wpr-parallax-no wpr-sticky-section-no wpr-equal-height-no e-con e-child\" data-id=\"f3ac5a6\" data-element_type=\"container\" data-e-type=\"container\">\n\t\t\t\t<div class=\"elementor-element elementor-element-1ae3509 elementor-view-default elementor-widget elementor-widget-icon\" data-id=\"1ae3509\" data-element_type=\"widget\" data-e-type=\"widget\" data-widget_type=\"icon.default\">\n\t\t\t\t\t\t\t<div class=\"elementor-icon-wrapper\">\n\t\t\t<div class=\"elementor-icon\">\n\t\t\t<svg aria-hidden=\"true\" class=\"e-font-icon-svg e-fas-users\" viewbox=\"0 0 640 512\" xmlns=\"http:\/\/www.w3.org\/2000\/svg\"><path d=\"M96 224c35.3 0 64-28.7 64-64s-28.7-64-64-64-64 28.7-64 64 28.7 64 64 64zm448 0c35.3 0 64-28.7 64-64s-28.7-64-64-64-64 28.7-64 64 28.7 64 64 64zm32 32h-64c-17.6 0-33.5 7.1-45.1 18.6 40.3 22.1 68.9 62 75.1 109.4h66c17.7 0 32-14.3 32-32v-32c0-35.3-28.7-64-64-64zm-256 0c61.9 0 112-50.1 112-112S381.9 32 320 32 208 82.1 208 144s50.1 112 112 112zm76.8 32h-8.3c-20.8 10-43.9 16-68.5 16s-47.6-6-68.5-16h-8.3C179.6 288 128 339.6 128 403.2V432c0 26.5 21.5 48 48 48h288c26.5 0 48-21.5 48-48v-28.8c0-63.6-51.6-115.2-115.2-115.2zm-223.7-13.4C161.5 263.1 145.6 256 128 256H64c-35.3 0-64 28.7-64 64v32c0 17.7 14.3 32 32 32h65.9c6.3-47.4 34.9-87.3 75.2-109.4z\"><\/path><\/svg>\t\t\t<\/div>\n\t\t<\/div>\n\t\t\t\t\t\t<\/div>\n\t\t\t\t<div class=\"elementor-element elementor-element-38f02fc elementor-widget elementor-widget-heading\" data-id=\"38f02fc\" data-element_type=\"widget\" data-e-type=\"widget\" data-widget_type=\"heading.default\">\n\t\t\t\t\t<h2 class=\"elementor-heading-title elementor-size-default\">Orden de San Agust\u00edn<\/h2>\t\t\t\t<\/div>\n\t\t\t\t<\/div>\n\t\t\t\t<div class=\"elementor-element elementor-element-11ab316 wpr-fancy-text-slide aux-appear-watch-animation aux-fade-in-up-2 wpr-advanced-text-style-animated wpr-animated-text-infinite-yes elementor-widget elementor-widget-wpr-advanced-text\" data-id=\"11ab316\" data-element_type=\"widget\" data-e-type=\"widget\" data-settings=\"{&quot;anim_loop&quot;:&quot;yes&quot;}\" data-widget_type=\"wpr-advanced-text.default\">\n\t\t\t\t\t\n\t\t<h3 class=\"wpr-advanced-text\">\n\n\t\t\t\t\t\n\t\t\t\t\t\t\t<span class=\"wpr-advanced-text-preffix\">Organizaci\u00f3n de Agustinos de Latinoam\u00e9rica y el Caribe<\/span>\n\t\t\t\n\t\t<span class=\"wpr-anim-text wpr-anim-text-type-slide\" data-anim-duration=\"1000,2000\" data-anim-loop=\"yes\">\n\t\t\t<span class=\"wpr-anim-text-inner\">\n\t\t\t\t\t\t\t<\/span>\n\t\t\t\t\t<\/span>\n\n\t\t\t\t\n\t\t<\/h3>\n\t\t\n\t\t\t\t\t\t<\/div>\n\t\t<div class=\"elementor-element elementor-element-8393d9b e-con-full e-transform e-flex wpr-particle-no wpr-jarallax-no wpr-parallax-no wpr-sticky-section-no wpr-equal-height-no e-con e-child\" data-id=\"8393d9b\" data-element_type=\"container\" data-e-type=\"container\" data-settings=\"{&quot;_transform_scale_effect&quot;:{&quot;unit&quot;:&quot;px&quot;,&quot;size&quot;:0.6,&quot;sizes&quot;:[]},&quot;background_background&quot;:&quot;classic&quot;,&quot;_transform_scale_effect_tablet&quot;:{&quot;unit&quot;:&quot;px&quot;,&quot;size&quot;:0.6,&quot;sizes&quot;:[]},&quot;_transform_scale_effect_mobile&quot;:{&quot;unit&quot;:&quot;px&quot;,&quot;size&quot;:&quot;&quot;,&quot;sizes&quot;:[]}}\">\n\t\t\t\t<div class=\"elementor-element elementor-element-cc68885 wpr-grid-slider-columns-1 e-transform aux-appear-watch-animation aux-fade-in-down-2 wpr-grid-slider-columns--tablet1 wpr-grid-slider-columns--mobile1 wpr-grid-slider-dots-horizontal wpr-item-styles-inner elementor-widget elementor-widget-wpr-grid\" data-id=\"cc68885\" data-element_type=\"widget\" data-e-type=\"widget\" data-settings=\"{&quot;layout_slider_amount&quot;:&quot;1&quot;,&quot;_transform_scale_effect&quot;:{&quot;unit&quot;:&quot;px&quot;,&quot;size&quot;:1.2,&quot;sizes&quot;:[]},&quot;layout_slider_amount_tablet&quot;:&quot;1&quot;,&quot;layout_slider_amount_mobile&quot;:1,&quot;layout_slides_to_scroll&quot;:1,&quot;layout_slider_loop&quot;:&quot;yes&quot;,&quot;_transform_scale_effect_tablet&quot;:{&quot;unit&quot;:&quot;px&quot;,&quot;size&quot;:&quot;&quot;,&quot;sizes&quot;:[]},&quot;_transform_scale_effect_mobile&quot;:{&quot;unit&quot;:&quot;px&quot;,&quot;size&quot;:&quot;&quot;,&quot;sizes&quot;:[]}}\" data-widget_type=\"wpr-grid.default\">\n\t\t\t\t\t<section class=\"wpr-grid elementor-clearfix\" dir=\"ltr\" data-slick=\"{&quot;rtl&quot;:false,&quot;infinite&quot;:true,&quot;speed&quot;:700,&quot;arrows&quot;:true,&quot;dots&quot;:true,&quot;autoplay&quot;:false,&quot;autoplaySpeed&quot;:1000,&quot;pauseOnHover&quot;:&quot;&quot;,&quot;prevArrow&quot;:&quot;#wpr-grid-slider-prev-cc68885&quot;,&quot;nextArrow&quot;:&quot;#wpr-grid-slider-next-cc68885&quot;,&quot;sliderSlidesToScroll&quot;:1,&quot;lightbox&quot;:{&quot;selector&quot;:&quot;article:not(.slick-cloned) .wpr-grid-image-wrap&quot;,&quot;iframeMaxWidth&quot;:&quot;60%&quot;,&quot;hash&quot;:false,&quot;autoplay&quot;:&quot;true&quot;,&quot;pause&quot;:2000,&quot;progressBar&quot;:&quot;true&quot;,&quot;counter&quot;:&quot;true&quot;,&quot;controls&quot;:&quot;true&quot;,&quot;getCaptionFromTitleOrAlt&quot;:&quot;true&quot;,&quot;thumbnail&quot;:&quot;&quot;,&quot;showThumbByDefault&quot;:&quot;&quot;,&quot;share&quot;:&quot;&quot;,&quot;zoom&quot;:&quot;true&quot;,&quot;fullScreen&quot;:&quot;true&quot;,&quot;download&quot;:&quot;true&quot;}}\"><article class=\"wpr-grid-item elementor-clearfix post-2671 post type-post status-publish format-standard has-post-thumbnail hentry category-noticia\"><div class=\"wpr-grid-item-inner\"><div class=\"wpr-grid-media-wrap wpr-effect-size-medium\" data-overlay-link=\"yes\"><div class=\"wpr-grid-image-wrap\" data-src=\"https:\/\/agustinosoala.org\/wp-content\/uploads\/elementor\/thumbs\/Secretario-general-interino-rjjb0j13okrofc816wide2aanhh968if511j3623os.jpg\" data-img-on-hover=\"\"  data-src-secondary=\"\"><img decoding=\"async\" data-no-lazy=\"1\" src=\"https:\/\/agustinosoala.org\/wp-content\/uploads\/elementor\/thumbs\/Secretario-general-interino-rjjb0j13okrofc816wide2aanhh968if511j3623os.jpg\" alt=\"NUEVO SECRETARIO GENERAL INTERINO\" class=\"wpr-anim-timing-ease-default\"><\/div><div class=\"wpr-grid-media-hover wpr-animation-wrap\"><div class=\"wpr-grid-media-hover-bg  wpr-overlay-fade-in wpr-anim-size-large wpr-anim-timing-ease-default wpr-anim-transparency\" data-url=\"https:\/\/agustinosoala.org\/pt\/nuevo-secretario\/\"><\/div><\/div><\/div><div class=\"wpr-grid-item-below-content elementor-clearfix\"><h2 class=\"wpr-grid-item-title elementor-repeater-item-44e7373 wpr-grid-item-display-block wpr-grid-item-align-left wpr-pointer-none wpr-pointer-line-fx wpr-pointer-fx-fade\"><div class=\"inner-block\"><a target=\"_self\"  href=\"https:\/\/agustinosoala.org\/pt\/nuevo-secretario\/\">NUEVO SECRETARIO GENERAL INTERINO<\/a><\/div><\/h2><div class=\"wpr-grid-item-date elementor-repeater-item-843cc41 wpr-grid-item-display-inline wpr-grid-item-align-left\"><div class=\"inner-block\"><span>22 de janeiro de 2026<span class=\"wpr-grid-extra-text-right\">\/<\/span><\/span><\/div><\/div><div class=\"wpr-grid-item-excerpt elementor-repeater-item-e099c70 wpr-grid-item-display-block wpr-grid-item-align-left\"><div class=\"inner-block\"><p>En horas de la tarde, y conforme a los Estatutos de OALA, se realiz\u00f3 la elecci\u00f3n del nuevo Secretario General...<\/p><\/div><\/div><div class=\"wpr-grid-item-read-more elementor-repeater-item-ecc1e1d wpr-grid-item-display-block wpr-grid-item-align-left\"><div class=\"inner-block\"><a target=\"_self\" href=\"https:\/\/agustinosoala.org\/pt\/nuevo-secretario\/\" class=\"wpr-button-effect wpr-button-none\"><span>Leer M\u00e1s<\/span><\/a><\/div><\/div><\/div><\/div><\/article><article class=\"wpr-grid-item elementor-clearfix post-1987 post type-post status-publish format-standard has-post-thumbnail hentry category-noticia\"><div class=\"wpr-grid-item-inner\"><div class=\"wpr-grid-media-wrap wpr-effect-size-medium\" data-overlay-link=\"yes\"><div class=\"wpr-grid-image-wrap\" data-src=\"https:\/\/agustinosoala.org\/wp-content\/uploads\/elementor\/thumbs\/marcio-obispo-rg3zk159d4k276etn43t5pj38qd5er7u70il0ji2p8.jpg\" data-img-on-hover=\"\"  data-src-secondary=\"\"><img decoding=\"async\" data-no-lazy=\"1\" src=\"https:\/\/agustinosoala.org\/wp-content\/uploads\/elementor\/thumbs\/marcio-obispo-rg3zk159d4k276etn43t5pj38qd5er7u70il0ji2p8.jpg\" alt=\"EL PAP\u00c1 LEON XIV NOMBRA A FRAY MARCIO VIDAL DE NEGREIROS COMO OBISPO AUXILIAR DE S\u00c3O PAULO\" class=\"wpr-anim-timing-ease-default\"><\/div><div class=\"wpr-grid-media-hover wpr-animation-wrap\"><div class=\"wpr-grid-media-hover-bg  wpr-overlay-fade-in wpr-anim-size-large wpr-anim-timing-ease-default wpr-anim-transparency\" data-url=\"https:\/\/agustinosoala.org\/pt\/nombramiento-fray-marcio-vidal-de-negreiros-como-obispo-auxiliar-de-sao-paulo\/\"><\/div><\/div><\/div><div class=\"wpr-grid-item-below-content elementor-clearfix\"><h2 class=\"wpr-grid-item-title elementor-repeater-item-44e7373 wpr-grid-item-display-block wpr-grid-item-align-left wpr-pointer-none wpr-pointer-line-fx wpr-pointer-fx-fade\"><div class=\"inner-block\"><a target=\"_self\"  href=\"https:\/\/agustinosoala.org\/pt\/nombramiento-fray-marcio-vidal-de-negreiros-como-obispo-auxiliar-de-sao-paulo\/\">EL PAP\u00c1 LEON XIV NOMBRA A FRAY MARCIO VIDAL DE NEGREIROS COMO OBISPO AUXILIAR DE S\u00c3O PAULO<\/a><\/div><\/h2><div class=\"wpr-grid-item-date elementor-repeater-item-843cc41 wpr-grid-item-display-inline wpr-grid-item-align-left\"><div class=\"inner-block\"><span>26 de novembro de 2025<span class=\"wpr-grid-extra-text-right\">\/<\/span><\/span><\/div><\/div><div class=\"wpr-grid-item-excerpt elementor-repeater-item-e099c70 wpr-grid-item-display-block wpr-grid-item-align-left\"><div class=\"inner-block\"><p>La Organizaci\u00f3n de Agustinos de Latinoam\u00e9rica y el Caribe (OALA) comparte con profundo gozo el nombramiento del P. M\u00e1rcio Antonio...<\/p><\/div><\/div><div class=\"wpr-grid-item-read-more elementor-repeater-item-ecc1e1d wpr-grid-item-display-block wpr-grid-item-align-left\"><div class=\"inner-block\"><a target=\"_self\" href=\"https:\/\/agustinosoala.org\/pt\/nombramiento-fray-marcio-vidal-de-negreiros-como-obispo-auxiliar-de-sao-paulo\/\" class=\"wpr-button-effect wpr-button-none\"><span>Leer M\u00e1s<\/span><\/a><\/div><\/div><\/div><\/div><\/article><article class=\"wpr-grid-item elementor-clearfix post-1049 post type-post status-publish format-standard has-post-thumbnail hentry category-noticia\"><div class=\"wpr-grid-item-inner\"><div class=\"wpr-grid-media-wrap wpr-effect-size-medium\" data-overlay-link=\"yes\"><div class=\"wpr-grid-image-wrap\" data-src=\"https:\/\/agustinosoala.org\/wp-content\/uploads\/elementor\/thumbs\/re-rg3zb7ft74h56z8b6arwqxpaghv3526kbc0gt0l54c.png\" data-img-on-hover=\"\"  data-src-secondary=\"\"><img decoding=\"async\" data-no-lazy=\"1\" src=\"https:\/\/agustinosoala.org\/wp-content\/uploads\/elementor\/thumbs\/re-rg3zb7ft74h56z8b6arwqxpaghv3526kbc0gt0l54c.png\" alt=\"BOLET\u00cdN DE LA ORDEN DE SAN AGUST\u00cdN\" class=\"wpr-anim-timing-ease-default\"><\/div><div class=\"wpr-grid-media-hover wpr-animation-wrap\"><div class=\"wpr-grid-media-hover-bg  wpr-overlay-fade-in wpr-anim-size-large wpr-anim-timing-ease-default wpr-anim-transparency\" data-url=\"https:\/\/agustinosoala.org\/pt\/noticia-numero-2-noticia-numero-2\/\"><\/div><\/div><\/div><div class=\"wpr-grid-item-below-content elementor-clearfix\"><h2 class=\"wpr-grid-item-title elementor-repeater-item-44e7373 wpr-grid-item-display-block wpr-grid-item-align-left wpr-pointer-none wpr-pointer-line-fx wpr-pointer-fx-fade\"><div class=\"inner-block\"><a target=\"_self\"  href=\"https:\/\/agustinosoala.org\/pt\/noticia-numero-2-noticia-numero-2\/\">BOLET\u00cdN DE LA ORDEN DE SAN AGUST\u00cdN<\/a><\/div><\/h2><div class=\"wpr-grid-item-date elementor-repeater-item-843cc41 wpr-grid-item-display-inline wpr-grid-item-align-left\"><div class=\"inner-block\"><span>27 de setembro de 2025<span class=\"wpr-grid-extra-text-right\">\/<\/span><\/span><\/div><\/div><div class=\"wpr-grid-item-excerpt elementor-repeater-item-e099c70 wpr-grid-item-display-block wpr-grid-item-align-left\"><div class=\"inner-block\"><p>La Orden de San Agust\u00edn ha publicado oficialmente el Bolet\u00edn N\u00ba XXII de la Curia General, un documento que se...<\/p><\/div><\/div><div class=\"wpr-grid-item-read-more elementor-repeater-item-ecc1e1d wpr-grid-item-display-block wpr-grid-item-align-left\"><div class=\"inner-block\"><a target=\"_self\" href=\"https:\/\/agustinosoala.org\/pt\/noticia-numero-2-noticia-numero-2\/\" class=\"wpr-button-effect wpr-button-none\"><span>Leer M\u00e1s<\/span><\/a><\/div><\/div><\/div><\/div><\/article><article class=\"wpr-grid-item elementor-clearfix post-120 post type-post status-publish format-standard has-post-thumbnail hentry category-noticia\"><div class=\"wpr-grid-item-inner\"><div class=\"wpr-grid-media-wrap wpr-effect-size-medium\" data-overlay-link=\"yes\"><div class=\"wpr-grid-image-wrap\" data-src=\"https:\/\/agustinosoala.org\/wp-content\/uploads\/elementor\/thumbs\/colo-rfla14nzjydjcge1ir9aitwbei9d0xp2vzo6fsmiwc.png\" data-img-on-hover=\"\"  data-src-secondary=\"\"><img decoding=\"async\" data-no-lazy=\"1\" src=\"https:\/\/agustinosoala.org\/wp-content\/uploads\/elementor\/thumbs\/colo-rfla14nzjydjcge1ir9aitwbei9d0xp2vzo6fsmiwc.png\" alt=\"450 A\u00d1OS DE PRESENCIA AGUSTINIANA EN COLOMBIA\" class=\"wpr-anim-timing-ease-default\"><\/div><div class=\"wpr-grid-media-hover wpr-animation-wrap\"><div class=\"wpr-grid-media-hover-bg  wpr-overlay-fade-in wpr-anim-size-large wpr-anim-timing-ease-default wpr-anim-transparency\" data-url=\"https:\/\/agustinosoala.org\/pt\/lorem-ipsum-dolor-sit-amet-consectetur-adipiscing-elit-pharetra-pellentesque-fames\/\"><\/div><\/div><\/div><div class=\"wpr-grid-item-below-content elementor-clearfix\"><h2 class=\"wpr-grid-item-title elementor-repeater-item-44e7373 wpr-grid-item-display-block wpr-grid-item-align-left wpr-pointer-none wpr-pointer-line-fx wpr-pointer-fx-fade\"><div class=\"inner-block\"><a target=\"_self\"  href=\"https:\/\/agustinosoala.org\/pt\/lorem-ipsum-dolor-sit-amet-consectetur-adipiscing-elit-pharetra-pellentesque-fames\/\">450 A\u00d1OS DE PRESENCIA AGUSTINIANA EN COLOMBIA<\/a><\/div><\/h2><div class=\"wpr-grid-item-date elementor-repeater-item-843cc41 wpr-grid-item-display-inline wpr-grid-item-align-left\"><div class=\"inner-block\"><span>19 de setembro de 2025<span class=\"wpr-grid-extra-text-right\">\/<\/span><\/span><\/div><\/div><div class=\"wpr-grid-item-excerpt elementor-repeater-item-e099c70 wpr-grid-item-display-block wpr-grid-item-align-left\"><div class=\"inner-block\"><p>La Organizaci\u00f3n de Agustinos de Latinoam\u00e9rica (OALA) conmemora con profundo gozo los 450 a\u00f1os de presencia agustiniana en Colombia, un...<\/p><\/div><\/div><div class=\"wpr-grid-item-read-more elementor-repeater-item-ecc1e1d wpr-grid-item-display-block wpr-grid-item-align-left\"><div class=\"inner-block\"><a target=\"_self\" href=\"https:\/\/agustinosoala.org\/pt\/lorem-ipsum-dolor-sit-amet-consectetur-adipiscing-elit-pharetra-pellentesque-fames\/\" class=\"wpr-button-effect wpr-button-none\"><span>Leer M\u00e1s<\/span><\/a><\/div><\/div><\/div><\/div><\/article><\/section><div class=\"wpr-grid-slider-arrow-container\"><div class=\"wpr-grid-slider-prev-arrow wpr-grid-slider-arrow\" id=\"wpr-grid-slider-prev-cc68885\"><svg version=\"1.1\" xmlns=\"http:\/\/www.w3.org\/2000\/svg\" xmlns:xlink=\"http:\/\/www.w3.org\/1999\/xlink\" x=\"0px\" y=\"0px\" viewbox=\"0 0 283.4 512\" style=\"enable-background:new 0 0 283.4 512;\" xml:space=\"preserve\"><g><polygon class=\"st0\" points=\"54.5,256.3 283.4,485.1 256.1,512.5 0,256.3 0,256.3 27.2,229 256.1,0 283.4,27.4 \"\/><\/g><\/svg><\/div><div class=\"wpr-grid-slider-next-arrow wpr-grid-slider-arrow\" id=\"wpr-grid-slider-next-cc68885\"><svg version=\"1.1\" xmlns=\"http:\/\/www.w3.org\/2000\/svg\" xmlns:xlink=\"http:\/\/www.w3.org\/1999\/xlink\" x=\"0px\" y=\"0px\" viewbox=\"0 0 283.4 512\" style=\"enable-background:new 0 0 283.4 512;\" xml:space=\"preserve\"><g><polygon class=\"st0\" points=\"54.5,256.3 283.4,485.1 256.1,512.5 0,256.3 0,256.3 27.2,229 256.1,0 283.4,27.4 \"\/><\/g><\/svg><\/div><\/div><div class=\"wpr-grid-slider-dots\"><\/div>\t\t\t\t<\/div>\n\t\t\t\t<\/div>\n\t\t<div class=\"elementor-element elementor-element-664a836 e-con-full e-flex wpr-particle-no wpr-jarallax-no wpr-parallax-no wpr-sticky-section-no wpr-equal-height-no e-con e-child\" data-id=\"664a836\" data-element_type=\"container\" data-e-type=\"container\">\n\t\t\t\t<div class=\"elementor-element elementor-element-222d01a aux-appear-watch-animation aux-scale-down-2 elementor-shape-rounded elementor-grid-0 e-grid-align-center elementor-widget elementor-widget-social-icons\" data-id=\"222d01a\" data-element_type=\"widget\" data-e-type=\"widget\" data-widget_type=\"social-icons.default\">\n\t\t\t\t\t\t\t<div class=\"elementor-social-icons-wrapper elementor-grid\" role=\"list\">\n\t\t\t\t\t\t\t<span class=\"elementor-grid-item\" role=\"listitem\">\n\t\t\t\t\t<a class=\"elementor-icon elementor-social-icon elementor-social-icon-facebook elementor-repeater-item-ec39b8c\" href=\"https:\/\/web.facebook.com\/oalagustinos\" target=\"_blank\">\n\t\t\t\t\t\t<span class=\"elementor-screen-only\">Facebook<\/span>\n\t\t\t\t\t\t<svg aria-hidden=\"true\" class=\"e-font-icon-svg e-fab-facebook\" viewbox=\"0 0 512 512\" xmlns=\"http:\/\/www.w3.org\/2000\/svg\"><path d=\"M504 256C504 119 393 8 256 8S8 119 8 256c0 123.78 90.69 226.38 209.25 245V327.69h-63V256h63v-54.64c0-62.15 37-96.48 93.67-96.48 27.14 0 55.52 4.84 55.52 4.84v61h-31.28c-30.8 0-40.41 19.12-40.41 38.73V256h68.78l-11 71.69h-57.78V501C413.31 482.38 504 379.78 504 256z\"><\/path><\/svg>\t\t\t\t\t<\/a>\n\t\t\t\t<\/span>\n\t\t\t\t\t\t\t<span class=\"elementor-grid-item\" role=\"listitem\">\n\t\t\t\t\t<a class=\"elementor-icon elementor-social-icon elementor-social-icon-youtube elementor-repeater-item-bfecf41\" href=\"https:\/\/www.youtube.com\/@oalagustinos\" target=\"_blank\">\n\t\t\t\t\t\t<span class=\"elementor-screen-only\">Youtube<\/span>\n\t\t\t\t\t\t<svg aria-hidden=\"true\" class=\"e-font-icon-svg e-fab-youtube\" viewbox=\"0 0 576 512\" xmlns=\"http:\/\/www.w3.org\/2000\/svg\"><path d=\"M549.655 124.083c-6.281-23.65-24.787-42.276-48.284-48.597C458.781 64 288 64 288 64S117.22 64 74.629 75.486c-23.497 6.322-42.003 24.947-48.284 48.597-11.412 42.867-11.412 132.305-11.412 132.305s0 89.438 11.412 132.305c6.281 23.65 24.787 41.5 48.284 47.821C117.22 448 288 448 288 448s170.78 0 213.371-11.486c23.497-6.321 42.003-24.171 48.284-47.821 11.412-42.867 11.412-132.305 11.412-132.305s0-89.438-11.412-132.305zm-317.51 213.508V175.185l142.739 81.205-142.739 81.201z\"><\/path><\/svg>\t\t\t\t\t<\/a>\n\t\t\t\t<\/span>\n\t\t\t\t\t\t\t<span class=\"elementor-grid-item\" role=\"listitem\">\n\t\t\t\t\t<a class=\"elementor-icon elementor-social-icon elementor-social-icon-instagram elementor-repeater-item-ed58270\" href=\"https:\/\/www.instagram.com\/oalagustinos_\/\" target=\"_blank\">\n\t\t\t\t\t\t<span class=\"elementor-screen-only\">Instagram<\/span>\n\t\t\t\t\t\t<svg aria-hidden=\"true\" class=\"e-font-icon-svg e-fab-instagram\" viewbox=\"0 0 448 512\" xmlns=\"http:\/\/www.w3.org\/2000\/svg\"><path d=\"M224.1 141c-63.6 0-114.9 51.3-114.9 114.9s51.3 114.9 114.9 114.9S339 319.5 339 255.9 287.7 141 224.1 141zm0 189.6c-41.1 0-74.7-33.5-74.7-74.7s33.5-74.7 74.7-74.7 74.7 33.5 74.7 74.7-33.6 74.7-74.7 74.7zm146.4-194.3c0 14.9-12 26.8-26.8 26.8-14.9 0-26.8-12-26.8-26.8s12-26.8 26.8-26.8 26.8 12 26.8 26.8zm76.1 27.2c-1.7-35.9-9.9-67.7-36.2-93.9-26.2-26.2-58-34.4-93.9-36.2-37-2.1-147.9-2.1-184.9 0-35.8 1.7-67.6 9.9-93.9 36.1s-34.4 58-36.2 93.9c-2.1 37-2.1 147.9 0 184.9 1.7 35.9 9.9 67.7 36.2 93.9s58 34.4 93.9 36.2c37 2.1 147.9 2.1 184.9 0 35.9-1.7 67.7-9.9 93.9-36.2 26.2-26.2 34.4-58 36.2-93.9 2.1-37 2.1-147.8 0-184.8zM398.8 388c-7.8 19.6-22.9 34.7-42.6 42.6-29.5 11.7-99.5 9-132.1 9s-102.7 2.6-132.1-9c-19.6-7.8-34.7-22.9-42.6-42.6-11.7-29.5-9-99.5-9-132.1s-2.6-102.7 9-132.1c7.8-19.6 22.9-34.7 42.6-42.6 29.5-11.7 99.5-9 132.1-9s102.7-2.6 132.1 9c19.6 7.8 34.7 22.9 42.6 42.6 11.7 29.5 9 99.5 9 132.1s2.7 102.7-9 132.1z\"><\/path><\/svg>\t\t\t\t\t<\/a>\n\t\t\t\t<\/span>\n\t\t\t\t\t<\/div>\n\t\t\t\t\t\t<\/div>\n\t\t\t\t<\/div>\n\t\t\t\t<\/div>\n\t\t<div class=\"elementor-element elementor-element-b31520e e-con-full e-flex wpr-particle-no wpr-jarallax-no wpr-parallax-no wpr-sticky-section-no wpr-equal-height-no e-con e-child\" data-id=\"b31520e\" data-element_type=\"container\" data-e-type=\"container\">\n\t\t\t\t<div class=\"elementor-element elementor-element-43bbf34 aux-appear-watch-animation aux-scale-down-1 elementor-hidden-mobile elementor-widget elementor-widget-image\" data-id=\"43bbf34\" data-element_type=\"widget\" data-e-type=\"widget\" data-widget_type=\"image.default\">\n\t\t\t\t\t\t\t\t\t\t\t\t\t\t\t<img fetchpriority=\"high\" decoding=\"async\" width=\"957\" height=\"1074\" src=\"https:\/\/agustinosoala.org\/wp-content\/uploads\/2025\/09\/OALA-IMAGEN-EDIT-2.png\" class=\"attachment-full size-full wp-image-215\" alt=\"Logo_Oala\" \/>\t\t\t\t\t\t\t\t\t\t\t\t\t\t\t<\/div>\n\t\t\t\t<\/div>\n\t\t\t\t\t<\/div>\n\t\t\t\t<\/div>\n\t\t<div class=\"aux-parallax-section elementor-element elementor-element-531e21e8 e-flex e-con-boxed wpr-particle-no wpr-jarallax-no wpr-parallax-no wpr-sticky-section-no wpr-equal-height-no e-con e-parent\" data-id=\"531e21e8\" data-element_type=\"container\" data-e-type=\"container\">\n\t\t\t\t\t<div class=\"e-con-inner\">\n\t\t<div class=\"elementor-element elementor-element-3b4c3298 e-grid aux-appear-watch-animation aux-mask-from-top e-con-full wpr-particle-no wpr-jarallax-no wpr-parallax-no wpr-sticky-section-no wpr-equal-height-no e-con e-child\" data-id=\"3b4c3298\" data-element_type=\"container\" data-e-type=\"container\">\n\t\t\t\t<div class=\"elementor-element elementor-element-f0e1128 ekit-equal-height-enable elementor-widget__width-initial elementor-widget elementor-widget-elementskit-icon-box\" data-id=\"f0e1128\" data-element_type=\"widget\" data-e-type=\"widget\" data-widget_type=\"elementskit-icon-box.default\">\n\t\t\t\t\t<div class=\"ekit-wid-con\" >        <!-- link opening -->\n                <!-- end link opening -->\n\n        <div class=\"elementskit-infobox text-center text- icon-top-align elementor-animation-bob\">\n                    <div class=\"elementskit-box-header elementor-animation-\">\n                <div class=\"elementskit-info-box-icon\">\n                    <i aria-hidden=\"true\" class=\"elementkit-infobox-icon auxicon auxicon-office\"><\/i>\n                <\/div>\n          <\/div>\n                        <div class=\"box-body\">\n                            <h3 class=\"elementskit-info-box-title\">\n                    Secretar\u00eda General                <\/h3>\n                                                    <div class=\"box-footer disable_hover_button\">\n                    <div class=\"btn-wraper\">\n                                                            <a class=\"elementskit-btn whitespace--normal\" href=\"https:\/\/agustinosoala.org\/pt\/secretaria-general\/\">\n                                        Ver M\u00e1s                                        <svg aria-hidden=\"true\" class=\"e-font-icon-svg e-fas-external-link-alt\" viewbox=\"0 0 512 512\" xmlns=\"http:\/\/www.w3.org\/2000\/svg\"><path d=\"M432,320H400a16,16,0,0,0-16,16V448H64V128H208a16,16,0,0,0,16-16V80a16,16,0,0,0-16-16H48A48,48,0,0,0,0,112V464a48,48,0,0,0,48,48H400a48,48,0,0,0,48-48V336A16,16,0,0,0,432,320ZM488,0h-128c-21.37,0-32.05,25.91-17,41l35.73,35.73L135,320.37a24,24,0,0,0,0,34L157.67,377a24,24,0,0,0,34,0L435.28,133.32,471,169c15,15,41,4.5,41-17V24A24,24,0,0,0,488,0Z\"><\/path><\/svg>                                    <\/a>\n                                                        <\/div>\n                <\/div>\n                    <\/div>\n        \n        \n                <\/div>\n        <\/div>\t\t\t\t<\/div>\n\t\t\t\t<div class=\"elementor-element elementor-element-1aa8ce23 ekit-equal-height-enable elementor-widget__width-initial elementor-widget elementor-widget-elementskit-icon-box\" data-id=\"1aa8ce23\" data-element_type=\"widget\" data-e-type=\"widget\" data-widget_type=\"elementskit-icon-box.default\">\n\t\t\t\t\t<div class=\"ekit-wid-con\" >        <!-- link opening -->\n                <!-- end link opening -->\n\n        <div class=\"elementskit-infobox text-center text- icon-top-align elementor-animation-bob\">\n                    <div class=\"elementskit-box-header elementor-animation-\">\n                <div class=\"elementskit-info-box-icon\">\n                    <svg aria-hidden=\"true\" class=\"elementkit-infobox-icon e-font-icon-svg e-fas-dove\" viewbox=\"0 0 512 512\" xmlns=\"http:\/\/www.w3.org\/2000\/svg\"><path d=\"M288 167.2v-28.1c-28.2-36.3-47.1-79.3-54.1-125.2-2.1-13.5-19-18.8-27.8-8.3-21.1 24.9-37.7 54.1-48.9 86.5 34.2 38.3 80 64.6 130.8 75.1zM400 64c-44.2 0-80 35.9-80 80.1v59.4C215.6 197.3 127 133 87 41.8c-5.5-12.5-23.2-13.2-29-.9C41.4 76 32 115.2 32 156.6c0 70.8 34.1 136.9 85.1 185.9 13.2 12.7 26.1 23.2 38.9 32.8l-143.9 36C1.4 414-3.4 426.4 2.6 435.7 20 462.6 63 508.2 155.8 512c8 .3 16-2.6 22.1-7.9l65.2-56.1H320c88.4 0 160-71.5 160-159.9V128l32-64H400zm0 96.1c-8.8 0-16-7.2-16-16s7.2-16 16-16 16 7.2 16 16-7.2 16-16 16z\"><\/path><\/svg>\n                <\/div>\n          <\/div>\n                        <div class=\"box-body\">\n                            <h3 class=\"elementskit-info-box-title\">\n                    Justicia y Paz                <\/h3>\n                                                    <div class=\"box-footer disable_hover_button\">\n                    <div class=\"btn-wraper\">\n                                                            <a class=\"elementskit-btn whitespace--normal\" href=\"https:\/\/agustinosoala.org\/pt\/justicia-y-paz\/\">\n                                        Ver M\u00e1s                                        <svg aria-hidden=\"true\" class=\"e-font-icon-svg e-fas-external-link-alt\" viewbox=\"0 0 512 512\" xmlns=\"http:\/\/www.w3.org\/2000\/svg\"><path d=\"M432,320H400a16,16,0,0,0-16,16V448H64V128H208a16,16,0,0,0,16-16V80a16,16,0,0,0-16-16H48A48,48,0,0,0,0,112V464a48,48,0,0,0,48,48H400a48,48,0,0,0,48-48V336A16,16,0,0,0,432,320ZM488,0h-128c-21.37,0-32.05,25.91-17,41l35.73,35.73L135,320.37a24,24,0,0,0,0,34L157.67,377a24,24,0,0,0,34,0L435.28,133.32,471,169c15,15,41,4.5,41-17V24A24,24,0,0,0,488,0Z\"><\/path><\/svg>                                    <\/a>\n                                                        <\/div>\n                <\/div>\n                    <\/div>\n        \n        \n                <\/div>\n        <\/div>\t\t\t\t<\/div>\n\t\t\t\t<div class=\"elementor-element elementor-element-f8f70eb ekit-equal-height-enable elementor-widget__width-initial elementor-widget elementor-widget-elementskit-icon-box\" data-id=\"f8f70eb\" data-element_type=\"widget\" data-e-type=\"widget\" data-widget_type=\"elementskit-icon-box.default\">\n\t\t\t\t\t<div class=\"ekit-wid-con\" >        <!-- link opening -->\n                <!-- end link opening -->\n\n        <div class=\"elementskit-infobox text-center text- icon-top-align elementor-animation-bob\">\n                    <div class=\"elementskit-box-header elementor-animation-\">\n                <div class=\"elementskit-info-box-icon\">\n                    <svg aria-hidden=\"true\" class=\"elementkit-infobox-icon e-font-icon-svg e-fas-globe-americas\" viewbox=\"0 0 496 512\" xmlns=\"http:\/\/www.w3.org\/2000\/svg\"><path d=\"M248 8C111.03 8 0 119.03 0 256s111.03 248 248 248 248-111.03 248-248S384.97 8 248 8zm82.29 357.6c-3.9 3.88-7.99 7.95-11.31 11.28-2.99 3-5.1 6.7-6.17 10.71-1.51 5.66-2.73 11.38-4.77 16.87l-17.39 46.85c-13.76 3-28 4.69-42.65 4.69v-27.38c1.69-12.62-7.64-36.26-22.63-51.25-6-6-9.37-14.14-9.37-22.63v-32.01c0-11.64-6.27-22.34-16.46-27.97-14.37-7.95-34.81-19.06-48.81-26.11-11.48-5.78-22.1-13.14-31.65-21.75l-.8-.72a114.792 114.792 0 0 1-18.06-20.74c-9.38-13.77-24.66-36.42-34.59-51.14 20.47-45.5 57.36-82.04 103.2-101.89l24.01 12.01C203.48 89.74 216 82.01 216 70.11v-11.3c7.99-1.29 16.12-2.11 24.39-2.42l28.3 28.3c6.25 6.25 6.25 16.38 0 22.63L264 112l-10.34 10.34c-3.12 3.12-3.12 8.19 0 11.31l4.69 4.69c3.12 3.12 3.12 8.19 0 11.31l-8 8a8.008 8.008 0 0 1-5.66 2.34h-8.99c-2.08 0-4.08.81-5.58 2.27l-9.92 9.65a8.008 8.008 0 0 0-1.58 9.31l15.59 31.19c2.66 5.32-1.21 11.58-7.15 11.58h-5.64c-1.93 0-3.79-.7-5.24-1.96l-9.28-8.06a16.017 16.017 0 0 0-15.55-3.1l-31.17 10.39a11.95 11.95 0 0 0-8.17 11.34c0 4.53 2.56 8.66 6.61 10.69l11.08 5.54c9.41 4.71 19.79 7.16 30.31 7.16s22.59 27.29 32 32h66.75c8.49 0 16.62 3.37 22.63 9.37l13.69 13.69a30.503 30.503 0 0 1 8.93 21.57 46.536 46.536 0 0 1-13.72 32.98zM417 274.25c-5.79-1.45-10.84-5-14.15-9.97l-17.98-26.97a23.97 23.97 0 0 1 0-26.62l19.59-29.38c2.32-3.47 5.5-6.29 9.24-8.15l12.98-6.49C440.2 193.59 448 223.87 448 256c0 8.67-.74 17.16-1.82 25.54L417 274.25z\"><\/path><\/svg>\n                <\/div>\n          <\/div>\n                        <div class=\"box-body\">\n                            <h3 class=\"elementskit-info-box-title\">\n                    Pastoral Urbana y Misionera                <\/h3>\n                                                    <div class=\"box-footer disable_hover_button\">\n                    <div class=\"btn-wraper\">\n                                                            <a class=\"elementskit-btn whitespace--normal\" href=\"https:\/\/agustinosoala.org\/pt\/pastoral-urbana-misionera\/\">\n                                        Ver M\u00e1s                                        <svg aria-hidden=\"true\" class=\"e-font-icon-svg e-fas-external-link-alt\" viewbox=\"0 0 512 512\" xmlns=\"http:\/\/www.w3.org\/2000\/svg\"><path d=\"M432,320H400a16,16,0,0,0-16,16V448H64V128H208a16,16,0,0,0,16-16V80a16,16,0,0,0-16-16H48A48,48,0,0,0,0,112V464a48,48,0,0,0,48,48H400a48,48,0,0,0,48-48V336A16,16,0,0,0,432,320ZM488,0h-128c-21.37,0-32.05,25.91-17,41l35.73,35.73L135,320.37a24,24,0,0,0,0,34L157.67,377a24,24,0,0,0,34,0L435.28,133.32,471,169c15,15,41,4.5,41-17V24A24,24,0,0,0,488,0Z\"><\/path><\/svg>                                    <\/a>\n                                                        <\/div>\n                <\/div>\n                    <\/div>\n        \n        \n                <\/div>\n        <\/div>\t\t\t\t<\/div>\n\t\t\t\t<div class=\"elementor-element elementor-element-fecb07e elementor-widget__width-initial ekit-equal-height-disable elementor-widget elementor-widget-elementskit-icon-box\" data-id=\"fecb07e\" data-element_type=\"widget\" data-e-type=\"widget\" data-widget_type=\"elementskit-icon-box.default\">\n\t\t\t\t\t<div class=\"ekit-wid-con\" >        <!-- link opening -->\n                <!-- end link opening -->\n\n        <div class=\"elementskit-infobox text-center text- icon-top-align elementor-animation-bob\">\n                    <div class=\"elementskit-box-header elementor-animation-\">\n                <div class=\"elementskit-info-box-icon\">\n                    <i aria-hidden=\"true\" class=\"elementkit-infobox-icon auxicon auxicon-backpack-streamline-trekking\"><\/i>\n                <\/div>\n          <\/div>\n                        <div class=\"box-body\">\n                            <h3 class=\"elementskit-info-box-title\">\n                    Pastoral Juvenil y Vocacional                <\/h3>\n                                                    <div class=\"box-footer disable_hover_button\">\n                    <div class=\"btn-wraper\">\n                                                            <a class=\"elementskit-btn whitespace--normal\" href=\"https:\/\/agustinosoala.org\/pt\/pastoral-juvenirl-vocacional\/\">\n                                        Ver M\u00e1s                                        <svg aria-hidden=\"true\" class=\"e-font-icon-svg e-fas-external-link-alt\" viewbox=\"0 0 512 512\" xmlns=\"http:\/\/www.w3.org\/2000\/svg\"><path d=\"M432,320H400a16,16,0,0,0-16,16V448H64V128H208a16,16,0,0,0,16-16V80a16,16,0,0,0-16-16H48A48,48,0,0,0,0,112V464a48,48,0,0,0,48,48H400a48,48,0,0,0,48-48V336A16,16,0,0,0,432,320ZM488,0h-128c-21.37,0-32.05,25.91-17,41l35.73,35.73L135,320.37a24,24,0,0,0,0,34L157.67,377a24,24,0,0,0,34,0L435.28,133.32,471,169c15,15,41,4.5,41-17V24A24,24,0,0,0,488,0Z\"><\/path><\/svg>                                    <\/a>\n                                                        <\/div>\n                <\/div>\n                    <\/div>\n        \n        \n                <\/div>\n        <\/div>\t\t\t\t<\/div>\n\t\t\t\t<div class=\"elementor-element elementor-element-d26fb10 ekit-equal-height-enable elementor-widget__width-initial elementor-widget elementor-widget-elementskit-icon-box\" data-id=\"d26fb10\" data-element_type=\"widget\" data-e-type=\"widget\" data-widget_type=\"elementskit-icon-box.default\">\n\t\t\t\t\t<div class=\"ekit-wid-con\" >        <!-- link opening -->\n                <!-- end link opening -->\n\n        <div class=\"elementskit-infobox text-center text- icon-top-align elementor-animation-bob\">\n                    <div class=\"elementskit-box-header elementor-animation-\">\n                <div class=\"elementskit-info-box-icon\">\n                    <i aria-hidden=\"true\" class=\"elementkit-infobox-icon auxicon auxicon-pencil-ruler\"><\/i>\n                <\/div>\n          <\/div>\n                        <div class=\"box-body\">\n                            <h3 class=\"elementskit-info-box-title\">\n                    Educaci\u00f3n                <\/h3>\n                                                    <div class=\"box-footer disable_hover_button\">\n                    <div class=\"btn-wraper\">\n                                                            <a class=\"elementskit-btn whitespace--normal\" href=\"https:\/\/agustinosoala.org\/pt\/educacion\/\">\n                                        Ver M\u00e1s                                        <svg aria-hidden=\"true\" class=\"e-font-icon-svg e-fas-external-link-alt\" viewbox=\"0 0 512 512\" xmlns=\"http:\/\/www.w3.org\/2000\/svg\"><path d=\"M432,320H400a16,16,0,0,0-16,16V448H64V128H208a16,16,0,0,0,16-16V80a16,16,0,0,0-16-16H48A48,48,0,0,0,0,112V464a48,48,0,0,0,48,48H400a48,48,0,0,0,48-48V336A16,16,0,0,0,432,320ZM488,0h-128c-21.37,0-32.05,25.91-17,41l35.73,35.73L135,320.37a24,24,0,0,0,0,34L157.67,377a24,24,0,0,0,34,0L435.28,133.32,471,169c15,15,41,4.5,41-17V24A24,24,0,0,0,488,0Z\"><\/path><\/svg>                                    <\/a>\n                                                        <\/div>\n                <\/div>\n                    <\/div>\n        \n        \n                <\/div>\n        <\/div>\t\t\t\t<\/div>\n\t\t\t\t<div class=\"elementor-element elementor-element-bbff7db ekit-equal-height-enable elementor-widget__width-initial elementor-widget elementor-widget-elementskit-icon-box\" data-id=\"bbff7db\" data-element_type=\"widget\" data-e-type=\"widget\" data-widget_type=\"elementskit-icon-box.default\">\n\t\t\t\t\t<div class=\"ekit-wid-con\" >        <!-- link opening -->\n                <!-- end link opening -->\n\n        <div class=\"elementskit-infobox text-center text- icon-top-align elementor-animation-bob\">\n                    <div class=\"elementskit-box-header elementor-animation-\">\n                <div class=\"elementskit-info-box-icon\">\n                    <i aria-hidden=\"true\" class=\"elementkit-infobox-icon icon icon-users2\"><\/i>\n                <\/div>\n          <\/div>\n                        <div class=\"box-body\">\n                            <h3 class=\"elementskit-info-box-title\">\n                    Formaci\u00f3n Inicial                <\/h3>\n                                                    <div class=\"box-footer disable_hover_button\">\n                    <div class=\"btn-wraper\">\n                                                            <a class=\"elementskit-btn whitespace--normal\" href=\"https:\/\/agustinosoala.org\/pt\/formacion\/\">\n                                        Ver M\u00e1s                                        <svg aria-hidden=\"true\" class=\"e-font-icon-svg e-fas-external-link-alt\" viewbox=\"0 0 512 512\" xmlns=\"http:\/\/www.w3.org\/2000\/svg\"><path d=\"M432,320H400a16,16,0,0,0-16,16V448H64V128H208a16,16,0,0,0,16-16V80a16,16,0,0,0-16-16H48A48,48,0,0,0,0,112V464a48,48,0,0,0,48,48H400a48,48,0,0,0,48-48V336A16,16,0,0,0,432,320ZM488,0h-128c-21.37,0-32.05,25.91-17,41l35.73,35.73L135,320.37a24,24,0,0,0,0,34L157.67,377a24,24,0,0,0,34,0L435.28,133.32,471,169c15,15,41,4.5,41-17V24A24,24,0,0,0,488,0Z\"><\/path><\/svg>                                    <\/a>\n                                                        <\/div>\n                <\/div>\n                    <\/div>\n        \n        \n                <\/div>\n        <\/div>\t\t\t\t<\/div>\n\t\t\t\t<div class=\"elementor-element elementor-element-972a51d elementor-widget__width-initial ekit-equal-height-disable elementor-widget elementor-widget-elementskit-icon-box\" data-id=\"972a51d\" data-element_type=\"widget\" data-e-type=\"widget\" data-widget_type=\"elementskit-icon-box.default\">\n\t\t\t\t\t<div class=\"ekit-wid-con\" >        <!-- link opening -->\n                <!-- end link opening -->\n\n        <div class=\"elementskit-infobox text-center text- icon-top-align elementor-animation-bob\">\n                    <div class=\"elementskit-box-header elementor-animation-\">\n                <div class=\"elementskit-info-box-icon\">\n                    <i aria-hidden=\"true\" class=\"elementkit-infobox-icon auxicon auxicon-star-4\"><\/i>\n                <\/div>\n          <\/div>\n                        <div class=\"box-body\">\n                            <h3 class=\"elementskit-info-box-title\">\n                    Espiritualidad y Animaci\u00f3n Comunitaria                 <\/h3>\n                                                    <div class=\"box-footer disable_hover_button\">\n                    <div class=\"btn-wraper\">\n                                                            <a class=\"elementskit-btn whitespace--normal\" href=\"https:\/\/agustinosoala.org\/pt\/equipo-animacion-continental\/\">\n                                        Ver M\u00e1s                                        <svg aria-hidden=\"true\" class=\"e-font-icon-svg e-fas-external-link-alt\" viewbox=\"0 0 512 512\" xmlns=\"http:\/\/www.w3.org\/2000\/svg\"><path d=\"M432,320H400a16,16,0,0,0-16,16V448H64V128H208a16,16,0,0,0,16-16V80a16,16,0,0,0-16-16H48A48,48,0,0,0,0,112V464a48,48,0,0,0,48,48H400a48,48,0,0,0,48-48V336A16,16,0,0,0,432,320ZM488,0h-128c-21.37,0-32.05,25.91-17,41l35.73,35.73L135,320.37a24,24,0,0,0,0,34L157.67,377a24,24,0,0,0,34,0L435.28,133.32,471,169c15,15,41,4.5,41-17V24A24,24,0,0,0,488,0Z\"><\/path><\/svg>                                    <\/a>\n                                                        <\/div>\n                <\/div>\n                    <\/div>\n        \n        \n                <\/div>\n        <\/div>\t\t\t\t<\/div>\n\t\t\t\t<div class=\"elementor-element elementor-element-ecedab3 elementor-widget__width-initial ekit-equal-height-disable elementor-widget elementor-widget-elementskit-icon-box\" data-id=\"ecedab3\" data-element_type=\"widget\" data-e-type=\"widget\" data-widget_type=\"elementskit-icon-box.default\">\n\t\t\t\t\t<div class=\"ekit-wid-con\" >        <!-- link opening -->\n                <!-- end link opening -->\n\n        <div class=\"elementskit-infobox text-center text- icon-top-align elementor-animation-bob\">\n                    <div class=\"elementskit-box-header elementor-animation-\">\n                <div class=\"elementskit-info-box-icon\">\n                    <i aria-hidden=\"true\" class=\"elementkit-infobox-icon icon icon-users\"><\/i>\n                <\/div>\n          <\/div>\n                        <div class=\"box-body\">\n                            <h3 class=\"elementskit-info-box-title\">\n                    Fraternidades Agustinas Seculares                <\/h3>\n                                                    <div class=\"box-footer disable_hover_button\">\n                    <div class=\"btn-wraper\">\n                                                            <a class=\"elementskit-btn whitespace--normal\" href=\"https:\/\/agustinosoala.org\/pt\/fraternidades-seculares\/\">\n                                        Ver M\u00e1s                                        <svg aria-hidden=\"true\" class=\"e-font-icon-svg e-fas-external-link-alt\" viewbox=\"0 0 512 512\" xmlns=\"http:\/\/www.w3.org\/2000\/svg\"><path d=\"M432,320H400a16,16,0,0,0-16,16V448H64V128H208a16,16,0,0,0,16-16V80a16,16,0,0,0-16-16H48A48,48,0,0,0,0,112V464a48,48,0,0,0,48,48H400a48,48,0,0,0,48-48V336A16,16,0,0,0,432,320ZM488,0h-128c-21.37,0-32.05,25.91-17,41l35.73,35.73L135,320.37a24,24,0,0,0,0,34L157.67,377a24,24,0,0,0,34,0L435.28,133.32,471,169c15,15,41,4.5,41-17V24A24,24,0,0,0,488,0Z\"><\/path><\/svg>                                    <\/a>\n                                                        <\/div>\n                <\/div>\n                    <\/div>\n        \n        \n                <\/div>\n        <\/div>\t\t\t\t<\/div>\n\t\t\t\t<div class=\"elementor-element elementor-element-ddb875b elementor-widget__width-initial ekit-equal-height-disable elementor-widget elementor-widget-elementskit-icon-box\" data-id=\"ddb875b\" data-element_type=\"widget\" data-e-type=\"widget\" data-widget_type=\"elementskit-icon-box.default\">\n\t\t\t\t\t<div class=\"ekit-wid-con\" >        <!-- link opening -->\n                <!-- end link opening -->\n\n        <div class=\"elementskit-infobox text-center text- icon-top-align elementor-animation-bob\">\n                    <div class=\"elementskit-box-header elementor-animation-\">\n                <div class=\"elementskit-info-box-icon\">\n                    <i aria-hidden=\"true\" class=\"elementkit-infobox-icon icon icon-commerce\"><\/i>\n                <\/div>\n          <\/div>\n                        <div class=\"box-body\">\n                            <h3 class=\"elementskit-info-box-title\">\n                    Comisi\u00f3n de Comunicaciones                <\/h3>\n                                                    <div class=\"box-footer disable_hover_button\">\n                    <div class=\"btn-wraper\">\n                                                            <a class=\"elementskit-btn whitespace--normal\" href=\"https:\/\/agustinosoala.org\/pt\/comision-comunicaciones\/\">\n                                        Ver M\u00e1s                                        <svg aria-hidden=\"true\" class=\"e-font-icon-svg e-fas-external-link-alt\" viewbox=\"0 0 512 512\" xmlns=\"http:\/\/www.w3.org\/2000\/svg\"><path d=\"M432,320H400a16,16,0,0,0-16,16V448H64V128H208a16,16,0,0,0,16-16V80a16,16,0,0,0-16-16H48A48,48,0,0,0,0,112V464a48,48,0,0,0,48,48H400a48,48,0,0,0,48-48V336A16,16,0,0,0,432,320ZM488,0h-128c-21.37,0-32.05,25.91-17,41l35.73,35.73L135,320.37a24,24,0,0,0,0,34L157.67,377a24,24,0,0,0,34,0L435.28,133.32,471,169c15,15,41,4.5,41-17V24A24,24,0,0,0,488,0Z\"><\/path><\/svg>                                    <\/a>\n                                                        <\/div>\n                <\/div>\n                    <\/div>\n        \n        \n                <\/div>\n        <\/div>\t\t\t\t<\/div>\n\t\t\t\t<div class=\"elementor-element elementor-element-37fe1d1 elementor-widget__width-initial ekit-equal-height-disable elementor-widget elementor-widget-elementskit-icon-box\" data-id=\"37fe1d1\" data-element_type=\"widget\" data-e-type=\"widget\" data-widget_type=\"elementskit-icon-box.default\">\n\t\t\t\t\t<div class=\"ekit-wid-con\" >        <!-- link opening -->\n                <!-- end link opening -->\n\n        <div class=\"elementskit-infobox text-center text- icon-top-align elementor-animation-bob\">\n                    <div class=\"elementskit-box-header elementor-animation-\">\n                <div class=\"elementskit-info-box-icon\">\n                    <i aria-hidden=\"true\" class=\"elementkit-infobox-icon auxicon auxicon-users\"><\/i>\n                <\/div>\n          <\/div>\n                        <div class=\"box-body\">\n                            <h3 class=\"elementskit-info-box-title\">\n                    Comisi\u00f3n Formaci\u00f3n Permanente                <\/h3>\n                                                    <div class=\"box-footer disable_hover_button\">\n                    <div class=\"btn-wraper\">\n                                                            <a class=\"elementskit-btn whitespace--normal\" href=\"https:\/\/agustinosoala.org\/pt\/formacion-permanente\/\">\n                                        Ver M\u00e1s                                        <svg aria-hidden=\"true\" class=\"e-font-icon-svg e-fas-external-link-alt\" viewbox=\"0 0 512 512\" xmlns=\"http:\/\/www.w3.org\/2000\/svg\"><path d=\"M432,320H400a16,16,0,0,0-16,16V448H64V128H208a16,16,0,0,0,16-16V80a16,16,0,0,0-16-16H48A48,48,0,0,0,0,112V464a48,48,0,0,0,48,48H400a48,48,0,0,0,48-48V336A16,16,0,0,0,432,320ZM488,0h-128c-21.37,0-32.05,25.91-17,41l35.73,35.73L135,320.37a24,24,0,0,0,0,34L157.67,377a24,24,0,0,0,34,0L435.28,133.32,471,169c15,15,41,4.5,41-17V24A24,24,0,0,0,488,0Z\"><\/path><\/svg>                                    <\/a>\n                                                        <\/div>\n                <\/div>\n                    <\/div>\n        \n        \n                <\/div>\n        <\/div>\t\t\t\t<\/div>\n\t\t\t\t<div class=\"elementor-element elementor-element-fbbbd1a ekit-equal-height-enable elementor-widget__width-initial elementor-widget elementor-widget-elementskit-icon-box\" data-id=\"fbbbd1a\" data-element_type=\"widget\" data-e-type=\"widget\" data-widget_type=\"elementskit-icon-box.default\">\n\t\t\t\t\t<div class=\"ekit-wid-con\" >        <!-- link opening -->\n                <!-- end link opening -->\n\n        <div class=\"elementskit-infobox text-center text- icon-top-align elementor-animation-bob\">\n                    <div class=\"elementskit-box-header elementor-animation-\">\n                <div class=\"elementskit-info-box-icon\">\n                    <i aria-hidden=\"true\" class=\"elementkit-infobox-icon icon icon-Profile\"><\/i>\n                <\/div>\n          <\/div>\n                        <div class=\"box-body\">\n                            <h3 class=\"elementskit-info-box-title\">\n                    Comisi\u00f3n de Historia                <\/h3>\n                                                    <div class=\"box-footer disable_hover_button\">\n                    <div class=\"btn-wraper\">\n                                                            <a class=\"elementskit-btn whitespace--normal\" href=\"https:\/\/agustinosoala.org\/pt\/comision-historia\/\">\n                                        Ver M\u00e1s                                        <svg aria-hidden=\"true\" class=\"e-font-icon-svg e-fas-external-link-alt\" viewbox=\"0 0 512 512\" xmlns=\"http:\/\/www.w3.org\/2000\/svg\"><path d=\"M432,320H400a16,16,0,0,0-16,16V448H64V128H208a16,16,0,0,0,16-16V80a16,16,0,0,0-16-16H48A48,48,0,0,0,0,112V464a48,48,0,0,0,48,48H400a48,48,0,0,0,48-48V336A16,16,0,0,0,432,320ZM488,0h-128c-21.37,0-32.05,25.91-17,41l35.73,35.73L135,320.37a24,24,0,0,0,0,34L157.67,377a24,24,0,0,0,34,0L435.28,133.32,471,169c15,15,41,4.5,41-17V24A24,24,0,0,0,488,0Z\"><\/path><\/svg>                                    <\/a>\n                                                        <\/div>\n                <\/div>\n                    <\/div>\n        \n        \n                <\/div>\n        <\/div>\t\t\t\t<\/div>\n\t\t\t\t<\/div>\n\t\t\t\t\t<\/div>\n\t\t\t\t<\/div>\n\t\t<div class=\"aux-parallax-section elementor-element elementor-element-5ec98230 e-flex e-con-boxed wpr-particle-no wpr-jarallax-no wpr-parallax-no wpr-sticky-section-no wpr-equal-height-no e-con e-parent\" data-id=\"5ec98230\" data-element_type=\"container\" data-e-type=\"container\" data-settings=\"{&quot;background_background&quot;:&quot;classic&quot;}\">\n\t\t\t\t\t<div class=\"e-con-inner\">\n\t\t<div class=\"elementor-element elementor-element-2fbdc386 e-con-full e-flex wpr-particle-no wpr-jarallax-no wpr-parallax-no wpr-sticky-section-no wpr-equal-height-no e-con e-child\" data-id=\"2fbdc386\" data-element_type=\"container\" data-e-type=\"container\">\n\t\t<div class=\"elementor-element elementor-element-2a1e5b58 e-con-full e-flex wpr-particle-no wpr-jarallax-no wpr-parallax-no wpr-sticky-section-no wpr-equal-height-no e-con e-child\" data-id=\"2a1e5b58\" data-element_type=\"container\" data-e-type=\"container\">\n\t\t\t\t<div class=\"elementor-element elementor-element-74a1f476 aux-appear-watch-animation aux-fade-in-up-2 elementor-widget elementor-widget-elementskit-heading\" data-id=\"74a1f476\" data-element_type=\"widget\" data-e-type=\"widget\" data-widget_type=\"elementskit-heading.default\">\n\t\t\t\t\t<div class=\"ekit-wid-con\" ><div class=\"ekit-heading elementskit-section-title-wraper text_left   ekit_heading_tablet-text_left   ekit_heading_mobile-text_center\"><h2 class=\"ekit-heading--title elementskit-section-title\">Organizaci\u00f3n de , <span><span>Agustinos<\/span><\/span> de Latinoam\u00e9rica<\/h2>\t\t\t\t<div class='ekit-heading__description'>\n\t\t\t\t\t<p>Es la Organizaci\u00f3n de los Agustinos de Am\u00e9rica Latina. Sus principales funciones son: Fomentar y consolidar en las comunidades y en los religiosos de Am\u00e9rica Latina la vida religiosa agustiniana y apost\u00f3lica.<\/p>\n\t\t\t\t<\/div>\n\t\t\t<\/div><\/div>\t\t\t\t<\/div>\n\t\t<div class=\"elementor-element elementor-element-21a8849f e-con-full e-flex wpr-particle-no wpr-jarallax-no wpr-parallax-no wpr-sticky-section-no wpr-equal-height-no e-con e-child\" data-id=\"21a8849f\" data-element_type=\"container\" data-e-type=\"container\">\n\t\t<div class=\"elementor-element elementor-element-47b26fec e-con-full e-flex wpr-particle-no wpr-jarallax-no wpr-parallax-no wpr-sticky-section-no wpr-equal-height-no e-con e-child\" data-id=\"47b26fec\" data-element_type=\"container\" data-e-type=\"container\" data-settings=\"{&quot;background_background&quot;:&quot;classic&quot;}\">\n\t\t<div class=\"elementor-element elementor-element-32a8da63 e-con-full aux-appear-watch-animation aux-fade-in-left-2 e-flex wpr-particle-no wpr-jarallax-no wpr-parallax-no wpr-sticky-section-no wpr-equal-height-no e-con e-child\" data-id=\"32a8da63\" data-element_type=\"container\" data-e-type=\"container\">\n\t\t\t\t<div class=\"elementor-element elementor-element-41bfa8af elementor-view-default elementor-widget elementor-widget-icon\" data-id=\"41bfa8af\" data-element_type=\"widget\" data-e-type=\"widget\" data-widget_type=\"icon.default\">\n\t\t\t\t\t\t\t<div class=\"elementor-icon-wrapper\">\n\t\t\t<div class=\"elementor-icon\">\n\t\t\t<svg aria-hidden=\"true\" class=\"e-font-icon-svg e-fas-check\" viewbox=\"0 0 512 512\" xmlns=\"http:\/\/www.w3.org\/2000\/svg\"><path d=\"M173.898 439.404l-166.4-166.4c-9.997-9.997-9.997-26.206 0-36.204l36.203-36.204c9.997-9.998 26.207-9.998 36.204 0L192 312.69 432.095 72.596c9.997-9.997 26.207-9.997 36.204 0l36.203 36.204c9.997 9.997 9.997 26.206 0 36.204l-294.4 294.401c-9.998 9.997-26.207 9.997-36.204-.001z\"><\/path><\/svg>\t\t\t<\/div>\n\t\t<\/div>\n\t\t\t\t\t\t<\/div>\n\t\t\t\t<div class=\"elementor-element elementor-element-2bda6d22 elementor-icon-list--layout-traditional elementor-list-item-link-full_width elementor-widget elementor-widget-icon-list\" data-id=\"2bda6d22\" data-element_type=\"widget\" data-e-type=\"widget\" data-widget_type=\"icon-list.default\">\n\t\t\t\t\t\t\t<ul class=\"elementor-icon-list-items\">\n\t\t\t\t\t\t\t<li class=\"elementor-icon-list-item\">\n\t\t\t\t\t\t\t\t\t\t<span class=\"elementor-icon-list-text\">Misi\u00f3n cr\u00edtica.<\/span>\n\t\t\t\t\t\t\t\t\t<\/li>\n\t\t\t\t\t\t<\/ul>\n\t\t\t\t\t\t<\/div>\n\t\t\t\t<\/div>\n\t\t<div class=\"elementor-element elementor-element-3e0d0d4a e-con-full aux-appear-watch-animation aux-fade-in-left-2 e-flex wpr-particle-no wpr-jarallax-no wpr-parallax-no wpr-sticky-section-no wpr-equal-height-no e-con e-child\" data-id=\"3e0d0d4a\" data-element_type=\"container\" data-e-type=\"container\" data-settings=\"{&quot;background_background&quot;:&quot;classic&quot;}\">\n\t\t\t\t<div class=\"elementor-element elementor-element-24d00c05 elementor-view-default elementor-widget elementor-widget-icon\" data-id=\"24d00c05\" data-element_type=\"widget\" data-e-type=\"widget\" data-widget_type=\"icon.default\">\n\t\t\t\t\t\t\t<div class=\"elementor-icon-wrapper\">\n\t\t\t<div class=\"elementor-icon\">\n\t\t\t<svg aria-hidden=\"true\" class=\"e-font-icon-svg e-fas-check\" viewbox=\"0 0 512 512\" xmlns=\"http:\/\/www.w3.org\/2000\/svg\"><path d=\"M173.898 439.404l-166.4-166.4c-9.997-9.997-9.997-26.206 0-36.204l36.203-36.204c9.997-9.998 26.207-9.998 36.204 0L192 312.69 432.095 72.596c9.997-9.997 26.207-9.997 36.204 0l36.203 36.204c9.997 9.997 9.997 26.206 0 36.204l-294.4 294.401c-9.998 9.997-26.207 9.997-36.204-.001z\"><\/path><\/svg>\t\t\t<\/div>\n\t\t<\/div>\n\t\t\t\t\t\t<\/div>\n\t\t\t\t<div class=\"elementor-element elementor-element-5460fc62 elementor-icon-list--layout-traditional elementor-list-item-link-full_width elementor-widget elementor-widget-icon-list\" data-id=\"5460fc62\" data-element_type=\"widget\" data-e-type=\"widget\" data-widget_type=\"icon-list.default\">\n\t\t\t\t\t\t\t<ul class=\"elementor-icon-list-items\">\n\t\t\t\t\t\t\t<li class=\"elementor-icon-list-item\">\n\t\t\t\t\t\t\t\t\t\t<span class=\"elementor-icon-list-text\">Misi\u00f3n de animaci\u00f3n.<\/span>\n\t\t\t\t\t\t\t\t\t<\/li>\n\t\t\t\t\t\t<\/ul>\n\t\t\t\t\t\t<\/div>\n\t\t\t\t<\/div>\n\t\t\t\t<\/div>\n\t\t<div class=\"elementor-element elementor-element-18e20b1f e-con-full e-flex wpr-particle-no wpr-jarallax-no wpr-parallax-no wpr-sticky-section-no wpr-equal-height-no e-con e-child\" data-id=\"18e20b1f\" data-element_type=\"container\" data-e-type=\"container\">\n\t\t<div class=\"elementor-element elementor-element-4626af25 e-con-full aux-appear-watch-animation aux-fade-in-right-2 e-flex wpr-particle-no wpr-jarallax-no wpr-parallax-no wpr-sticky-section-no wpr-equal-height-no e-con e-child\" data-id=\"4626af25\" data-element_type=\"container\" data-e-type=\"container\">\n\t\t\t\t<div class=\"elementor-element elementor-element-7137d61f elementor-view-default elementor-widget elementor-widget-icon\" data-id=\"7137d61f\" data-element_type=\"widget\" data-e-type=\"widget\" data-widget_type=\"icon.default\">\n\t\t\t\t\t\t\t<div class=\"elementor-icon-wrapper\">\n\t\t\t<div class=\"elementor-icon\">\n\t\t\t<svg aria-hidden=\"true\" class=\"e-font-icon-svg e-fas-check\" viewbox=\"0 0 512 512\" xmlns=\"http:\/\/www.w3.org\/2000\/svg\"><path d=\"M173.898 439.404l-166.4-166.4c-9.997-9.997-9.997-26.206 0-36.204l36.203-36.204c9.997-9.998 26.207-9.998 36.204 0L192 312.69 432.095 72.596c9.997-9.997 26.207-9.997 36.204 0l36.203 36.204c9.997 9.997 9.997 26.206 0 36.204l-294.4 294.401c-9.998 9.997-26.207 9.997-36.204-.001z\"><\/path><\/svg>\t\t\t<\/div>\n\t\t<\/div>\n\t\t\t\t\t\t<\/div>\n\t\t\t\t<div class=\"elementor-element elementor-element-6aa41da3 elementor-icon-list--layout-traditional elementor-list-item-link-full_width elementor-widget elementor-widget-icon-list\" data-id=\"6aa41da3\" data-element_type=\"widget\" data-e-type=\"widget\" data-widget_type=\"icon-list.default\">\n\t\t\t\t\t\t\t<ul class=\"elementor-icon-list-items\">\n\t\t\t\t\t\t\t<li class=\"elementor-icon-list-item\">\n\t\t\t\t\t\t\t\t\t\t<span class=\"elementor-icon-list-text\">Misi\u00f3n de coordinaci\u00f3n.<\/span>\n\t\t\t\t\t\t\t\t\t<\/li>\n\t\t\t\t\t\t<\/ul>\n\t\t\t\t\t\t<\/div>\n\t\t\t\t<\/div>\n\t\t\t\t<\/div>\n\t\t\t\t<\/div>\n\t\t\t\t<\/div>\n\t\t<div class=\"elementor-element elementor-element-199174db e-con-full e-flex wpr-particle-no wpr-jarallax-no wpr-parallax-no wpr-sticky-section-no wpr-equal-height-no e-con e-child\" data-id=\"199174db\" data-element_type=\"container\" data-e-type=\"container\">\n\t\t\t\t<div class=\"elementor-element elementor-element-3ea83d8 elementor-widget elementor-widget-image\" data-id=\"3ea83d8\" data-element_type=\"widget\" data-e-type=\"widget\" data-widget_type=\"image.default\">\n\t\t\t\t\t\t\t\t\t\t\t\t\t\t\t<img decoding=\"async\" width=\"800\" height=\"600\" src=\"https:\/\/agustinosoala.org\/wp-content\/uploads\/2025\/11\/Capa-OALA-1-1.png\" class=\"attachment-large size-large wp-image-1777\" alt=\"\" \/>\t\t\t\t\t\t\t\t\t\t\t\t\t\t\t<\/div>\n\t\t\t\t<\/div>\n\t\t\t\t<\/div>\n\t\t\t\t<div class=\"elementor-element elementor-element-4512908 elementor-widget__width-initial elementor-widget elementor-widget-video\" data-id=\"4512908\" data-element_type=\"widget\" data-e-type=\"widget\" data-settings=\"{&quot;video_type&quot;:&quot;hosted&quot;,&quot;autoplay&quot;:&quot;yes&quot;,&quot;mute&quot;:&quot;yes&quot;,&quot;controls&quot;:&quot;yes&quot;}\" data-widget_type=\"video.default\">\n\t\t\t\t\t\t\t<div class=\"e-hosted-video elementor-wrapper elementor-open-inline\">\n\t\t\t\t\t<video class=\"elementor-video\" src=\"https:\/\/agustinosoala.org\/wp-content\/uploads\/2026\/02\/Mensaje-Consejero-America-Latina.mp4\" autoplay=\"\" controls=\"\" muted=\"muted\" controlslist=\"nodownload\"><\/video>\n\t\t\t\t<\/div>\n\t\t\t\t\t\t<\/div>\n\t\t\t\t\t<\/div>\n\t\t\t\t<\/div>\n\t\t<div class=\"aux-parallax-section elementor-element elementor-element-677c767b e-flex e-con-boxed wpr-particle-no wpr-jarallax-no wpr-parallax-no wpr-sticky-section-no wpr-equal-height-no e-con e-parent\" data-id=\"677c767b\" data-element_type=\"container\" data-e-type=\"container\" id=\"xs_fun_13\" data-settings=\"{&quot;background_background&quot;:&quot;classic&quot;}\">\n\t\t\t\t\t<div class=\"e-con-inner\">\n\t\t\t\t<div class=\"elementor-element elementor-element-4b3a647d aux-appear-watch-animation aux-zoom-in elementor-widget elementor-widget-elementskit-heading\" data-id=\"4b3a647d\" data-element_type=\"widget\" data-e-type=\"widget\" data-widget_type=\"elementskit-heading.default\">\n\t\t\t\t\t<div class=\"ekit-wid-con\" ><div class=\"ekit-heading elementskit-section-title-wraper text_center   ekit_heading_tablet-   ekit_heading_mobile-\"><h3 class=\"elementskit-section-subtitle  elementskit-style-border\">\n\t\t\t\t\t\tOALA por el mundo\n\t\t\t\t\t<\/h3><h2 class=\"ekit-heading--title elementskit-section-title\">Impacto<\/h2><\/div><\/div>\t\t\t\t<\/div>\n\t\t<div class=\"elementor-element elementor-element-2053a3c e-con-full e-grid aux-appear-watch-animation aux-zoom-in wpr-particle-no wpr-jarallax-no wpr-parallax-no wpr-sticky-section-no wpr-equal-height-no e-con e-child\" data-id=\"2053a3c\" data-element_type=\"container\" data-e-type=\"container\">\n\t\t\t\t<div class=\"elementor-element elementor-element-774dde39 elementor-widget elementor-widget-elementskit-funfact\" data-id=\"774dde39\" data-element_type=\"widget\" data-e-type=\"widget\" data-widget_type=\"elementskit-funfact.default\">\n\t\t\t\t\t<div class=\"ekit-wid-con\" >\n\t\t<div class=\"elementskit-funfact text-left    divider_funfact position_top\">\n\t\t\t\t\t\t\t<div class=\"vertical-bar border_right_side\"><\/div>\n\t\t\t\n\t\t\t<div class=\"elementskit-funfact-inner\">\n\t\t\t\t\n\t\t\t\t<div class=\"funfact-content\">\n\t\t\t\t\t<div class=\"number-percentage-wraper\">\n\t\t\t\t\t\t\t\t\t\t\t\t<span class=\"number-percentage\"\n\t\t\t\t\t\t      data-value=\"17\"\n\t\t\t\t\t\t      data-animation-duration=\"3500\"\n\t\t\t\t\t\t\t  data-style=\"static\">0<\/span>\n\t\t\t\t\t\t\t\t\t\t\t\t\t\t\t\t\t\t\t<span class=\"super\">+<\/span>\n\t\t\t\t\t\t\t\t\t\t\t<\/div>\n\n\t\t\t\t\t<h3 class=\"funfact-title\">Pa\u00edses<\/h3>\t\t\t\t\t\t\t\t<\/div>\n\t\t<\/div>\n\t\t<\/div>\n\n\n\t\t<\/div>\t\t\t\t<\/div>\n\t\t\t\t<div class=\"elementor-element elementor-element-768a35b0 elementor-widget elementor-widget-elementskit-funfact\" data-id=\"768a35b0\" data-element_type=\"widget\" data-e-type=\"widget\" data-widget_type=\"elementskit-funfact.default\">\n\t\t\t\t\t<div class=\"ekit-wid-con\" >\n\t\t<div class=\"elementskit-funfact text-left    divider_funfact position_top\">\n\t\t\t\t\t\t\t<div class=\"vertical-bar border_right_side\"><\/div>\n\t\t\t\n\t\t\t<div class=\"elementskit-funfact-inner\">\n\t\t\t\t\n\t\t\t\t<div class=\"funfact-content\">\n\t\t\t\t\t<div class=\"number-percentage-wraper\">\n\t\t\t\t\t\t\t\t\t\t\t\t<span class=\"number-percentage\"\n\t\t\t\t\t\t      data-value=\"3\"\n\t\t\t\t\t\t      data-animation-duration=\"3500\"\n\t\t\t\t\t\t\t  data-style=\"static\">0<\/span>\n\t\t\t\t\t\t\t\t\t\t\t\t\t\t\t\t\t\t\t<span class=\"super\">+<\/span>\n\t\t\t\t\t\t\t\t\t\t\t<\/div>\n\n\t\t\t\t\t<h3 class=\"funfact-title\">Regiones<\/h3>\t\t\t\t\t\t\t\t<\/div>\n\t\t<\/div>\n\t\t<\/div>\n\n\n\t\t<\/div>\t\t\t\t<\/div>\n\t\t\t\t<div class=\"elementor-element elementor-element-56c363ed elementor-widget elementor-widget-elementskit-funfact\" data-id=\"56c363ed\" data-element_type=\"widget\" data-e-type=\"widget\" data-widget_type=\"elementskit-funfact.default\">\n\t\t\t\t\t<div class=\"ekit-wid-con\" >\n\t\t<div class=\"elementskit-funfact text-left    divider_funfact position_top\">\n\t\t\t\t\t\t\t<div class=\"vertical-bar border_right_side\"><\/div>\n\t\t\t\n\t\t\t<div class=\"elementskit-funfact-inner\">\n\t\t\t\t\n\t\t\t\t<div class=\"funfact-content\">\n\t\t\t\t\t<div class=\"number-percentage-wraper\">\n\t\t\t\t\t\t\t\t\t\t\t\t<span class=\"number-percentage\"\n\t\t\t\t\t\t      data-value=\"18\"\n\t\t\t\t\t\t      data-animation-duration=\"3500\"\n\t\t\t\t\t\t\t  data-style=\"static\">0<\/span>\n\t\t\t\t\t\t\t\t\t\t\t\t\t\t\t\t\t\t\t<span class=\"super\">+<\/span>\n\t\t\t\t\t\t\t\t\t\t\t<\/div>\n\n\t\t\t\t\t<h3 class=\"funfact-title\">Circunscripciones<\/h3>\t\t\t\t\t\t\t\t<\/div>\n\t\t<\/div>\n\t\t<\/div>\n\n\n\t\t<\/div>\t\t\t\t<\/div>\n\t\t\t\t<\/div>\n\t\t\t\t\t<\/div>\n\t\t\t\t<\/div>\n\t\t<div class=\"aux-parallax-section elementor-element elementor-element-b2fa4bc e-flex e-con-boxed wpr-particle-no wpr-jarallax-no wpr-parallax-no wpr-sticky-section-no wpr-equal-height-no e-con e-parent\" data-id=\"b2fa4bc\" data-element_type=\"container\" data-e-type=\"container\">\n\t\t\t\t\t<div class=\"e-con-inner\">\n\t\t\t\t<div class=\"elementor-element elementor-element-58b3941 aux-appear-watch-animation aux-fade-in-up-2 elementor-widget elementor-widget-elementskit-heading\" data-id=\"58b3941\" data-element_type=\"widget\" data-e-type=\"widget\" data-widget_type=\"elementskit-heading.default\">\n\t\t\t\t\t<div class=\"ekit-wid-con\" ><div class=\"ekit-heading elementskit-section-title-wraper text_center   ekit_heading_tablet-text_left   ekit_heading_mobile-text_center\"><h2 class=\"ekit-heading--title elementskit-section-title\">Circunscripciones <span><span>OALA<\/span><\/span><\/h2><\/div><\/div>\t\t\t\t<\/div>\n\t\t\t\t<div class=\"elementor-element elementor-element-6958fde elementor-widget elementor-widget-html\" data-id=\"6958fde\" data-element_type=\"widget\" data-e-type=\"widget\" data-widget_type=\"html.default\">\n\t\t\t\t\t<div class=\"world-module\">\r\n  <div class=\"world-left\">\r\n    <div class=\"world-item active\" data-target=\"latam\">Am\u00e9rica Latina<\/div>\r\n    <div class=\"world-item\" data-target=\"norte\">Regi\u00f3n Norte<\/div>\r\n    <div class=\"world-item\" data-target=\"centro\">Regi\u00f3n Centro<\/div>\r\n    <div class=\"world-item\" data-target=\"sur\">Regi\u00f3n Sur<\/div>\r\n  <\/div>\r\n\r\n  <div class=\"world-center\">\r\n    <img decoding=\"async\" id=\"world-map\" src=\"https:\/\/agustinosoala.org\/wp-content\/uploads\/2025\/11\/Mapa-AL.png\" alt=\"\">\r\n  <\/div>\r\n\r\n  <div class=\"world-right\">\r\n    \r\n    <!-- Am\u00e9rica Latina -->\r\n    <div class=\"world-info active\" id=\"latam\">\r\n      \r\n      <ul>\r\n        <li>- Argentina<\/li>\r\n        <li>- Bolivia<\/li>\r\n        <li>- Brasil<\/li>\r\n        <li>- Chile<\/li>\r\n        <li>- Colombia<\/li>\r\n        <li>- Costa Rica<\/li>\r\n        <li>- Cuba<\/li>\r\n        <li>- Ecuador<\/li>\r\n        <li>- El Salvador<\/li>\r\n        <li>- M\u00e9xico<\/li>\r\n        <li>- Nicaragua<\/li>\r\n        <li>- Panam\u00e1<\/li>\r\n        <li>- Per\u00fa<\/li>\r\n        <li>- Puerto Rico<\/li>\r\n        <li>- Rep\u00fablica Dominicana<\/li>\r\n        <li>- Uruguay<\/li>\r\n        <li>- Venezuela<\/li>\r\n\r\n      <\/ul>\r\n    <\/div>\r\n\r\n    <!-- Regi\u00f3n Norte -->\r\n    <div class=\"world-info\" id=\"norte\">\r\n      \r\n      <ul>\r\n        <li>- Provincia Sant\u00edsimo Nombre de Jes\u00fas de M\u00e9xico<\/li>\r\n        <li>- Provincia San Nicol\u00e1s de Tolentino de Michoac\u00e1n<\/li>\r\n        <li>- Provincia del Sagrado Coraz\u00f3n de Jes\u00fas de Panam\u00e1<\/li>\r\n        <li>- Vicariato Agustiniano de Venezuela<\/li>\r\n        <li>- Vicariato de Antillas Beato Jos\u00e9 L\u00f3pez Piteira<\/li>\r\n        <li>- Delegaci\u00f3n Agustiniana Nuestra Se\u00f1ora de la Paz de Centroam\u00e9rica<\/li>\r\n        <li>- Delegaci\u00f3n de Cuba<\/li>\r\n      <\/ul>\r\n    <\/div>\r\n\r\n    <!-- Regi\u00f3n Centro -->\r\n    <div class=\"world-info\" id=\"centro\">\r\n      \r\n      <ul>\r\n        <li>- Provincia Nuestra Se\u00f1ora de Gracia de Colombia<\/li>\r\n        <li>- Provincia San Miguel Arc\u00e1ngel de Ecuador<\/li>\r\n        <li>- Provincia Nuestra Se\u00f1ora de Gracia del Per\u00fa<\/li>\r\n        <li>- Vicariato Santo Tom\u00e1s de Villanueva de Chulucanas<\/li>\r\n        <li>- Vicariato Apost\u00f3lico de Iquitos<\/li>\r\n        <li>- Vicariato San Agust\u00edn de Apur\u00edmac-Cusco<\/li>\r\n      <\/ul>\r\n    <\/div>\r\n\r\n    <!-- Regi\u00f3n Sur -->\r\n    <div class=\"world-info\" id=\"sur\">\r\n      <ul>\r\n        <li>- Provincia Nuestra Se\u00f1ora de Gracia de Chile<\/li>\r\n        <li>- Provincia Agustiniana de Brasil<\/li>\r\n        <li>- Provincia Nuestra Se\u00f1ora de la Consolaci\u00f3n de Brasil<\/li>\r\n        <li>- Vicariato Santo Tom\u00e1s de Villanueva de Bolivia<\/li>\r\n        <li>- Vicariato San Alonso de Orozco de Argentina<\/li>\r\n      <\/ul>\r\n    <\/div>\r\n\r\n  <\/div>\r\n<\/div>\r\n\r\n\r\n<style>\r\n.world-module {\r\n  display: grid;\r\n  grid-template-columns: 1fr 2fr 1fr;\r\n  gap: 30px;\r\n  align-items: start;\r\n}\r\n\r\n.world-left {\r\n  display: flex;\r\n  flex-direction: column;\r\n  gap: 15px;\r\n}\r\n\r\n.world-item {\r\n  padding: 12px 18px;\r\n  cursor: pointer;\r\n  background: #f6f6f6;\r\n  border-radius: 8px;\r\n  transition: 0.3s;\r\n  font-weight: 600;\r\n  border-left: 4px solid transparent;\r\n}\r\n\r\n.world-item:hover {\r\n  background: #ececec;\r\n}\r\n\r\n.world-item.active {\r\n  background: #800000;\r\n  color: white;\r\n  border-left: 4px solid #ffcc00;\r\n}\r\n\r\n.world-center img {\r\n  width: 100%;\r\n  border-radius: 10px;\r\n  box-shadow: 0 0 10px rgba(0,0,0,0.15);\r\n}\r\n\r\n\r\n.world-info {\r\n    color: #193654;\r\n  font-weight: 600; \/* Negrita *\/\r\n  display: none;\r\n}\r\n\r\n.world-info.active {\r\n  display: block;\r\n}\r\n\r\n.world-info ul {\r\n  padding-left: 20px;\r\n}\r\n\r\n.world-info ul li {\r\n    color: #193654;\r\n  font-weight: 600;\r\n  margin-bottom: 5px;\r\n}\r\n.world-center {\r\n  width: 100%;\r\n  height: 320px; \/* Ajustable *\/\r\n  display: flex;\r\n  justify-content: center;\r\n  align-items: center;\r\n}\r\n\r\n\/* LA IMAGEN SE AJUSTA PERFECTO AL ESPACIO *\/\r\n.world-center img {\r\n  width: 100%;\r\n  height: 100%;\r\n  object-fit: contain; \/* Mantiene proporci\u00f3n y evita deformaci\u00f3n *\/\r\n  border-radius: 10px;\r\n  box-shadow: 0 0 10px rgba(0,0,0,0.15);\r\n}\r\n\r\n\/* NUEVO - dos columnas solo en Am\u00e9rica Latina *\/\r\n#latam ul {\r\n  columns: 2;\r\n  column-gap: 10px;\r\n}\r\n<\/style>\r\n\r\n\r\n<script>\r\ndocument.addEventListener(\"DOMContentLoaded\", function() {\r\n  const items = document.querySelectorAll(\".world-item\");\r\n  const infos = document.querySelectorAll(\".world-info\");\r\n  const map = document.getElementById(\"world-map\");\r\n\r\n  items.forEach(item => {\r\n    item.addEventListener(\"click\", () => {\r\n\r\n      items.forEach(i => i.classList.remove(\"active\"));\r\n      item.classList.add(\"active\");\r\n\r\n      infos.forEach(info => info.classList.remove(\"active\"));\r\n      document.getElementById(item.dataset.target).classList.add(\"active\");\r\n\r\n      \/\/ Cambiar mapa seg\u00fan selecci\u00f3n\r\n      if (item.dataset.target === \"latam\") {\r\n        map.src = \"https:\/\/agustinosoala.org\/wp-content\/uploads\/2025\/11\/Mapa-AL.png\";\r\n      }\r\n      if (item.dataset.target === \"norte\") {\r\n        map.src = \"https:\/\/agustinosoala.org\/wp-content\/uploads\/2025\/11\/Mapa-RN.png\";\r\n      }\r\n      if (item.dataset.target === \"centro\") {\r\n        map.src = \"https:\/\/agustinosoala.org\/wp-content\/uploads\/2025\/11\/Mapa-RC.png\";\r\n      }\r\n      if (item.dataset.target === \"sur\") {\r\n        map.src = \"https:\/\/agustinosoala.org\/wp-content\/uploads\/2025\/11\/Mapa-RS.png\";\r\n      }\r\n    });\r\n  });\r\n});\r\n<\/script>\t\t\t\t<\/div>\n\t\t\t\t\t<\/div>\n\t\t\t\t<\/div>\n\t\t<div class=\"aux-parallax-section elementor-element elementor-element-b47289e e-flex e-con-boxed wpr-particle-no wpr-jarallax-no wpr-parallax-no wpr-sticky-section-no wpr-equal-height-no e-con e-parent\" data-id=\"b47289e\" data-element_type=\"container\" data-e-type=\"container\">\n\t\t\t\t\t<div class=\"e-con-inner\">\n\t\t\t\t<div class=\"elementor-element elementor-element-e4adf2d aux-appear-watch-animation aux-fade-in-up-2 elementor-widget elementor-widget-elementskit-heading\" data-id=\"e4adf2d\" data-element_type=\"widget\" data-e-type=\"widget\" data-widget_type=\"elementskit-heading.default\">\n\t\t\t\t\t<div class=\"ekit-wid-con\" ><div class=\"ekit-heading elementskit-section-title-wraper text_center   ekit_heading_tablet-text_left   ekit_heading_mobile-text_center\"><h2 class=\"ekit-heading--title elementskit-section-title\">Nuestras <span><span>Noticias<\/span><\/span> y <span><span>Eventos<\/span><\/span><\/h2>\t\t\t\t<div class='ekit-heading__description'>\n\t\t\t\t\t<p>Mantente informado con las \u00faltimas noticias y eventos de nuestra instituci\u00f3n. Aqu\u00ed encontrar\u00e1s actualizaciones, comunicados y actividades importantes.<\/p>\n\t\t\t\t<\/div>\n\t\t\t<\/div><\/div>\t\t\t\t<\/div>\n\t\t\t\t<div class=\"elementor-element elementor-element-4f04bc6 elementor-widget elementor-widget-elementskit-blog-posts\" data-id=\"4f04bc6\" data-element_type=\"widget\" data-e-type=\"widget\" data-widget_type=\"elementskit-blog-posts.default\">\n\t\t\t\t\t<div class=\"ekit-wid-con\" >        <div id=\"post-items--4f04bc6\" class=\"row post-items\">\n                    <div class=\"col-lg-4 col-md-6\">\n\n                                    <div class=\"elementskit-post-image-card\">\n                        <div class=\"elementskit-entry-header\">\n                                                            <a href=\"https:\/\/agustinosoala.org\/pt\/nuevo-secretario\/\" class=\"elementskit-entry-thumb\">\n                                    <img decoding=\"async\" src=\"https:\/\/agustinosoala.org\/wp-content\/uploads\/2026\/02\/Secretario-general-interino-300x300.jpg\" alt=\"NUEVO SECRETARIO GENERAL INTERINO\">\n                                <\/a><!-- .elementskit-entry-thumb END -->\n                                                                                                    <div class=\"elementskit-meta-lists\">\n                                        <div class=\"elementskit-single-meta\"><span class=\"elementskit-meta-wraper\"><strong>22<\/strong>jan<\/span><\/div>\n                                    <\/div>\n                                                                                            \n                                                            <div class=\"elementskit-meta-categories\">\n                                    <span class=\"elementskit-meta-wraper\">\n                                        <span><a href=\"https:\/\/agustinosoala.org\/pt\/category\/noticia\/\" rel=\"category tag\">Noticia<\/a><\/span>\n                                    <\/span>\n                                <\/div>\n                            \n\t\t\t\t\t\t\t\t\t\t\t\t\t<\/div><!-- .elementskit-entry-header END -->\n\n\t\t\t\t\t\t<div class=\"elementskit-post-body\">\n\t\t\t\t\t\t\t\n\t\t\t\t\t\t\t\t\t\t\t\t\t\t\t\t\t\t\t\t\t\t\t\t\t\t\t\t\t\t\n\t\t\t\t\t\t\t\t\n\t\t\t\t\t\t\t\t\t\t\t\t\t\t\t\t\t\t\t\t\t<h2 class=\"entry-title\">\n\t\t\t\t\t<a href=\"https:\/\/agustinosoala.org\/pt\/nuevo-secretario\/\">\n\t\t\t\t\t\tNUEVO SECRETARIO GENERAL INTERINO\t\t\t\t\t<\/a>\n\t\t\t\t<\/h2>\n\t\t\t\t\t\t\t\t\t\t\t\t\t\t\t\t\t\t\t\t\t\t\t\t\t\t\t\t\t\t\t\t\t\t\t\t\t\t\t\t\t\t<p>En horas de la tarde, y conforme a los Estatutos de OALA, se realiz\u00f3 la elecci\u00f3n del&hellip;<\/p>\n\t\t\t\t\t\t\t\t\t\t\t\t\t\t\t\t\t\t\t\t\t\t                                                            <div class=\"btn-wraper\">\n                                    \n                                                                            <a class=\"elementskit-btn whitespace--normal\" id=\"\" href=\"https:\/\/agustinosoala.org\/pt\/nuevo-secretario\/\">\n                                        \t                                            Saber m\u00e1s                                         <\/a>\n                                                                    <\/div>\n                                                    <\/div><!-- .elementskit-post-body END -->\n                    <\/div>\n                \n            <\/div>\n                    <div class=\"col-lg-4 col-md-6\">\n\n                                    <div class=\"elementskit-post-image-card\">\n                        <div class=\"elementskit-entry-header\">\n                                                            <a href=\"https:\/\/agustinosoala.org\/pt\/nombramiento-fray-marcio-vidal-de-negreiros-como-obispo-auxiliar-de-sao-paulo\/\" class=\"elementskit-entry-thumb\">\n                                    <img decoding=\"async\" src=\"https:\/\/agustinosoala.org\/wp-content\/uploads\/2025\/11\/marcio-obispo-300x300.jpg\" alt=\"EL PAP\u00c1 LEON XIV NOMBRA A FRAY MARCIO VIDAL DE NEGREIROS COMO OBISPO AUXILIAR DE S\u00c3O PAULO\">\n                                <\/a><!-- .elementskit-entry-thumb END -->\n                                                                                                    <div class=\"elementskit-meta-lists\">\n                                        <div class=\"elementskit-single-meta\"><span class=\"elementskit-meta-wraper\"><strong>26<\/strong>nov<\/span><\/div>\n                                    <\/div>\n                                                                                            \n                                                            <div class=\"elementskit-meta-categories\">\n                                    <span class=\"elementskit-meta-wraper\">\n                                        <span><a href=\"https:\/\/agustinosoala.org\/pt\/category\/noticia\/\" rel=\"category tag\">Noticia<\/a><\/span>\n                                    <\/span>\n                                <\/div>\n                            \n\t\t\t\t\t\t\t\t\t\t\t\t\t<\/div><!-- .elementskit-entry-header END -->\n\n\t\t\t\t\t\t<div class=\"elementskit-post-body\">\n\t\t\t\t\t\t\t\n\t\t\t\t\t\t\t\t\t\t\t\t\t\t\t\t\t\t\t\t\t\t\t\t\t\t\t\t\t\t\n\t\t\t\t\t\t\t\t\n\t\t\t\t\t\t\t\t\t\t\t\t\t\t\t\t\t\t\t\t\t<h2 class=\"entry-title\">\n\t\t\t\t\t<a href=\"https:\/\/agustinosoala.org\/pt\/nombramiento-fray-marcio-vidal-de-negreiros-como-obispo-auxiliar-de-sao-paulo\/\">\n\t\t\t\t\t\tEL PAP\u00c1 LEON XIV NOMBRA A FRAY MARCIO VIDAL DE NEGREIROS COMO OBISPO AUXILIAR DE S\u00c3O PAULO\t\t\t\t\t<\/a>\n\t\t\t\t<\/h2>\n\t\t\t\t\t\t\t\t\t\t\t\t\t\t\t\t\t\t\t\t\t\t\t\t\t\t\t\t\t\t\t\t\t\t\t\t\t\t\t\t\t\t<p>La Organizaci\u00f3n de Agustinos de Latinoam\u00e9rica y el Caribe (OALA) comparte con profundo gozo el nombramiento del&hellip;<\/p>\n\t\t\t\t\t\t\t\t\t\t\t\t\t\t\t\t\t\t\t\t\t\t                                                            <div class=\"btn-wraper\">\n                                    \n                                                                            <a class=\"elementskit-btn whitespace--normal\" id=\"\" href=\"https:\/\/agustinosoala.org\/pt\/nombramiento-fray-marcio-vidal-de-negreiros-como-obispo-auxiliar-de-sao-paulo\/\">\n                                        \t                                            Saber m\u00e1s                                         <\/a>\n                                                                    <\/div>\n                                                    <\/div><!-- .elementskit-post-body END -->\n                    <\/div>\n                \n            <\/div>\n                    <div class=\"col-lg-4 col-md-6\">\n\n                                    <div class=\"elementskit-post-image-card\">\n                        <div class=\"elementskit-entry-header\">\n                                                            <a href=\"https:\/\/agustinosoala.org\/pt\/noticia-numero-2-noticia-numero-2\/\" class=\"elementskit-entry-thumb\">\n                                    <img decoding=\"async\" src=\"https:\/\/agustinosoala.org\/wp-content\/uploads\/2025\/12\/re-300x300.png\" alt=\"BOLET\u00cdN DE LA ORDEN DE SAN AGUST\u00cdN\">\n                                <\/a><!-- .elementskit-entry-thumb END -->\n                                                                                                    <div class=\"elementskit-meta-lists\">\n                                        <div class=\"elementskit-single-meta\"><span class=\"elementskit-meta-wraper\"><strong>27<\/strong>set<\/span><\/div>\n                                    <\/div>\n                                                                                            \n                                                            <div class=\"elementskit-meta-categories\">\n                                    <span class=\"elementskit-meta-wraper\">\n                                        <span><a href=\"https:\/\/agustinosoala.org\/pt\/category\/noticia\/\" rel=\"category tag\">Noticia<\/a><\/span>\n                                    <\/span>\n                                <\/div>\n                            \n\t\t\t\t\t\t\t\t\t\t\t\t\t<\/div><!-- .elementskit-entry-header END -->\n\n\t\t\t\t\t\t<div class=\"elementskit-post-body\">\n\t\t\t\t\t\t\t\n\t\t\t\t\t\t\t\t\t\t\t\t\t\t\t\t\t\t\t\t\t\t\t\t\t\t\t\t\t\t\n\t\t\t\t\t\t\t\t\n\t\t\t\t\t\t\t\t\t\t\t\t\t\t\t\t\t\t\t\t\t<h2 class=\"entry-title\">\n\t\t\t\t\t<a href=\"https:\/\/agustinosoala.org\/pt\/noticia-numero-2-noticia-numero-2\/\">\n\t\t\t\t\t\tBOLET\u00cdN DE LA ORDEN DE SAN AGUST\u00cdN\t\t\t\t\t<\/a>\n\t\t\t\t<\/h2>\n\t\t\t\t\t\t\t\t\t\t\t\t\t\t\t\t\t\t\t\t\t\t\t\t\t\t\t\t\t\t\t\t\t\t\t\t\t\t\t\t\t\t<p>La Orden de San Agust\u00edn ha publicado oficialmente el Bolet\u00edn N\u00ba XXII de la Curia General, un&hellip;<\/p>\n\t\t\t\t\t\t\t\t\t\t\t\t\t\t\t\t\t\t\t\t\t\t                                                            <div class=\"btn-wraper\">\n                                    \n                                                                            <a class=\"elementskit-btn whitespace--normal\" id=\"\" href=\"https:\/\/agustinosoala.org\/pt\/noticia-numero-2-noticia-numero-2\/\">\n                                        \t                                            Saber m\u00e1s                                         <\/a>\n                                                                    <\/div>\n                                                    <\/div><!-- .elementskit-post-body END -->\n                    <\/div>\n                \n            <\/div>\n                <\/div>\n       <\/div>\t\t\t\t<\/div>\n\t\t\t\t\t<\/div>\n\t\t\t\t<\/div>\n\t\t\t\t<\/div>","protected":false},"excerpt":{"rendered":"<p>Orden de San Agust\u00edn Organizaci\u00f3n de Agustinos de Latinoam\u00e9rica y el Caribe NUEVO SECRETARIO GENERAL INTERINO 22 de enero de 2026\/ En horas de la tarde, y conforme a los Estatutos de OALA, se realiz\u00f3 la elecci\u00f3n del nuevo Secretario General&#8230; Leer M\u00e1s EL PAP\u00c1 LEON XIV NOMBRA A FRAY MARCIO VIDAL DE NEGREIROS COMO OBISPO AUXILIAR DE S\u00c3O PAULO 26 de noviembre de 2025\/ La Organizaci\u00f3n de Agustinos de Latinoam\u00e9rica y el Caribe (OALA) comparte con profundo gozo el nombramiento del P. M\u00e1rcio Antonio&#8230; Leer M\u00e1s BOLET\u00cdN DE LA ORDEN DE SAN AGUST\u00cdN 27 de septiembre de 2025\/ La Orden de San Agust\u00edn ha publicado oficialmente el Bolet\u00edn N\u00ba XXII de la Curia General, un documento que se&#8230; Leer M\u00e1s 450 A\u00d1OS DE PRESENCIA AGUSTINIANA EN COLOMBIA 19 de septiembre de 2025\/ La Organizaci\u00f3n de Agustinos de Latinoam\u00e9rica (OALA) conmemora con profundo gozo los 450 a\u00f1os de presencia agustiniana en Colombia, un&#8230; Leer M\u00e1s Facebook Youtube Instagram Secretar\u00eda General Ver M\u00e1s Justicia y Paz Ver M\u00e1s Pastoral Urbana y Misionera Ver M\u00e1s Pastoral Juvenil y Vocacional Ver M\u00e1s Educaci\u00f3n Ver M\u00e1s Formaci\u00f3n Inicial Ver M\u00e1s Espiritualidad y Animaci\u00f3n Comunitaria Ver M\u00e1s Fraternidades Agustinas Seculares Ver M\u00e1s Comisi\u00f3n de Comunicaciones Ver M\u00e1s Comisi\u00f3n Formaci\u00f3n Permanente Ver M\u00e1s Comisi\u00f3n de Historia Ver M\u00e1s Organizaci\u00f3n de , Agustinos de Latinoam\u00e9rica Es la Organizaci\u00f3n de los Agustinos de Am\u00e9rica Latina. Sus principales funciones son: Fomentar y consolidar en las comunidades y en los religiosos de Am\u00e9rica Latina la vida religiosa agustiniana y apost\u00f3lica. Misi\u00f3n cr\u00edtica. Misi\u00f3n de animaci\u00f3n. Misi\u00f3n de coordinaci\u00f3n. https:\/\/agustinosoala.org\/wp-content\/uploads\/2026\/02\/Mensaje-Consejero-America-Latina.mp4 OALA por el mundo Impacto 0 + Pa\u00edses 0 + Regiones 0 + Circunscripciones Circunscripciones OALA Am\u00e9rica Latina Regi\u00f3n Norte Regi\u00f3n Centro Regi\u00f3n Sur &#8211; Argentina &#8211; Bolivia &#8211; Brasil &#8211; Chile &#8211; Colombia &#8211; Costa Rica &#8211; Cuba &#8211; Ecuador &#8211; El Salvador &#8211; M\u00e9xico &#8211; Nicaragua &#8211; Panam\u00e1 &#8211; Per\u00fa &#8211; Puerto Rico &#8211; Rep\u00fablica Dominicana &#8211; Uruguay &#8211; Venezuela &#8211; Provincia Sant\u00edsimo Nombre de Jes\u00fas de M\u00e9xico &#8211; Provincia San Nicol\u00e1s de Tolentino de Michoac\u00e1n &#8211; Provincia del Sagrado Coraz\u00f3n de Jes\u00fas de Panam\u00e1 &#8211; Vicariato Agustiniano de Venezuela &#8211; Vicariato de Antillas Beato Jos\u00e9 L\u00f3pez Piteira &#8211; Delegaci\u00f3n Agustiniana Nuestra Se\u00f1ora de la Paz de Centroam\u00e9rica &#8211; Delegaci\u00f3n de Cuba &#8211; Provincia Nuestra Se\u00f1ora de Gracia de Colombia &#8211; Provincia San Miguel Arc\u00e1ngel de Ecuador &#8211; Provincia Nuestra Se\u00f1ora de Gracia del Per\u00fa &#8211; Vicariato Santo Tom\u00e1s de Villanueva de Chulucanas &#8211; Vicariato Apost\u00f3lico de Iquitos &#8211; Vicariato San Agust\u00edn de Apur\u00edmac-Cusco &#8211; Provincia Nuestra Se\u00f1ora de Gracia de Chile &#8211; Provincia Agustiniana de Brasil &#8211; Provincia Nuestra Se\u00f1ora de la Consolaci\u00f3n de Brasil &#8211; Vicariato Santo Tom\u00e1s de Villanueva de Bolivia &#8211; Vicariato San Alonso de Orozco de Argentina Nuestras Noticias y Eventos Mantente informado con las \u00faltimas noticias y eventos de nuestra instituci\u00f3n. Aqu\u00ed encontrar\u00e1s actualizaciones, comunicados y actividades importantes. 22Ene Noticia NUEVO SECRETARIO GENERAL INTERINO En horas de la tarde, y conforme a los Estatutos de OALA, se realiz\u00f3 la elecci\u00f3n del&hellip; Saber m\u00e1s 26Nov Noticia EL PAP\u00c1 LEON XIV NOMBRA A FRAY MARCIO VIDAL DE NEGREIROS COMO OBISPO AUXILIAR DE S\u00c3O PAULO La Organizaci\u00f3n de Agustinos de Latinoam\u00e9rica y el Caribe (OALA) comparte con profundo gozo el nombramiento del&hellip; Saber m\u00e1s 27Sep Noticia BOLET\u00cdN DE LA ORDEN DE SAN AGUST\u00cdN La Orden de San Agust\u00edn ha publicado oficialmente el Bolet\u00edn N\u00ba XXII de la Curia General, un&hellip; Saber m\u00e1s<\/p>","protected":false},"author":1,"featured_media":0,"parent":0,"menu_order":0,"comment_status":"closed","ping_status":"closed","template":"elementor_header_footer","meta":{"inline_featured_image":false,"postBodyCss":"","postBodyMargin":[],"postBodyPadding":[],"postBodyBackground":{"backgroundType":"classic","gradient":""},"footnotes":""},"class_list":["post-31","page","type-page","status-publish","hentry"],"yoast_head":"<!-- This site is optimized with the Yoast SEO plugin v27.5 - https:\/\/yoast.com\/product\/yoast-seo-wordpress\/ -->\n<title>OALA - Organizaci\u00f3n de los Agustinos en Am\u00e9rica Latina<\/title>\n<meta name=\"description\" content=\"OALA re\u00fane a las comunidades agustinas de Am\u00e9rica Latina para fortalecer su misi\u00f3n, promover la espiritualidad agustiniana y fomentar la colaboraci\u00f3n entre los pa\u00edses miembros. Conoce nuestra presencia, proyectos y labor pastoral en la regi\u00f3n.\" \/>\n<meta name=\"robots\" content=\"index, follow, max-snippet:-1, max-image-preview:large, max-video-preview:-1\" \/>\n<link rel=\"canonical\" href=\"https:\/\/agustinosoala.org\/pt\/\" \/>\n<meta property=\"og:locale\" content=\"pt_BR\" \/>\n<meta property=\"og:type\" content=\"article\" \/>\n<meta property=\"og:title\" content=\"OALA - Inicio Organizaci\u00f3n de los Agustinos en Am\u00e9rica Latina\" \/>\n<meta property=\"og:description\" content=\"OALA re\u00fane a las comunidades agustinas de Am\u00e9rica Latina para fortalecer su misi\u00f3n, promover la espiritualidad agustiniana y fomentar la colaboraci\u00f3n entre los pa\u00edses miembros. Conoce nuestra presencia, proyectos y labor pastoral en la regi\u00f3n.\" \/>\n<meta property=\"og:url\" content=\"https:\/\/agustinosoala.org\/pt\/\" \/>\n<meta property=\"og:site_name\" content=\"OALA - Organizaci\u00f3n de los Agustinos de Am\u00e9rica Latina\" \/>\n<meta property=\"article:publisher\" content=\"https:\/\/www.facebook.com\/oalagustinos\" \/>\n<meta property=\"article:modified_time\" content=\"2026-05-01T23:46:59+00:00\" \/>\n<meta property=\"og:image\" content=\"https:\/\/agustinosoala.org\/wp-content\/uploads\/2025\/09\/portone2-2-1024x1024.png\" \/>\n\t<meta property=\"og:image:width\" content=\"1024\" \/>\n\t<meta property=\"og:image:height\" content=\"1024\" \/>\n\t<meta property=\"og:image:type\" content=\"image\/png\" \/>\n<meta name=\"twitter:card\" content=\"summary_large_image\" \/>\n<meta name=\"twitter:title\" content=\"OALA - Inicio Organizaci\u00f3n de los Agustinos en Am\u00e9rica Latina\" \/>\n<meta name=\"twitter:description\" content=\"OALA re\u00fane a las comunidades agustinas de Am\u00e9rica Latina para fortalecer su misi\u00f3n, promover la espiritualidad agustiniana y fomentar la colaboraci\u00f3n entre los pa\u00edses miembros. Conoce nuestra presencia, proyectos y labor pastoral en la regi\u00f3n.\" \/>\n<meta name=\"twitter:image\" content=\"https:\/\/agustinosoala.org\/wp-content\/uploads\/2025\/09\/portone2-2-scaled.png\" \/>\n<meta name=\"twitter:label1\" content=\"Est. reading time\" \/>\n\t<meta name=\"twitter:data1\" content=\"7 minutos\" \/>\n<script type=\"application\/ld+json\" class=\"yoast-schema-graph\">{\"@context\":\"https:\\\/\\\/schema.org\",\"@graph\":[{\"@type\":\"WebPage\",\"@id\":\"https:\\\/\\\/agustinosoala.org\\\/\",\"url\":\"https:\\\/\\\/agustinosoala.org\\\/\",\"name\":\"OALA - Organizaci\u00f3n de los Agustinos en Am\u00e9rica Latina\",\"isPartOf\":{\"@id\":\"https:\\\/\\\/agustinosoala.org\\\/#website\"},\"primaryImageOfPage\":{\"@id\":\"https:\\\/\\\/agustinosoala.org\\\/#primaryimage\"},\"image\":{\"@id\":\"https:\\\/\\\/agustinosoala.org\\\/#primaryimage\"},\"thumbnailUrl\":\"https:\\\/\\\/agustinosoala.org\\\/wp-content\\\/uploads\\\/elementor\\\/thumbs\\\/Secretario-general-interino-rjjb0j13okrofc816wide2aanhh968if511j3623os.jpg\",\"datePublished\":\"2025-09-18T18:09:12+00:00\",\"dateModified\":\"2026-05-01T23:46:59+00:00\",\"description\":\"OALA re\u00fane a las comunidades agustinas de Am\u00e9rica Latina para fortalecer su misi\u00f3n, promover la espiritualidad agustiniana y fomentar la colaboraci\u00f3n entre los pa\u00edses miembros. Conoce nuestra presencia, proyectos y labor pastoral en la regi\u00f3n.\",\"breadcrumb\":{\"@id\":\"https:\\\/\\\/agustinosoala.org\\\/#breadcrumb\"},\"inLanguage\":\"pt-BR\",\"potentialAction\":[{\"@type\":\"ReadAction\",\"target\":[\"https:\\\/\\\/agustinosoala.org\\\/\"]}]},{\"@type\":\"ImageObject\",\"inLanguage\":\"pt-BR\",\"@id\":\"https:\\\/\\\/agustinosoala.org\\\/#primaryimage\",\"url\":\"https:\\\/\\\/agustinosoala.org\\\/wp-content\\\/uploads\\\/elementor\\\/thumbs\\\/Secretario-general-interino-rjjb0j13okrofc816wide2aanhh968if511j3623os.jpg\",\"contentUrl\":\"https:\\\/\\\/agustinosoala.org\\\/wp-content\\\/uploads\\\/elementor\\\/thumbs\\\/Secretario-general-interino-rjjb0j13okrofc816wide2aanhh968if511j3623os.jpg\"},{\"@type\":\"BreadcrumbList\",\"@id\":\"https:\\\/\\\/agustinosoala.org\\\/#breadcrumb\",\"itemListElement\":[{\"@type\":\"ListItem\",\"position\":1,\"name\":\"Portada\",\"item\":\"https:\\\/\\\/agustinosoala.org\\\/\"},{\"@type\":\"ListItem\",\"position\":2,\"name\":\"Inicio\"}]},{\"@type\":\"WebSite\",\"@id\":\"https:\\\/\\\/agustinosoala.org\\\/#website\",\"url\":\"https:\\\/\\\/agustinosoala.org\\\/\",\"name\":\"Organizaci\u00f3n de los Agustinos de Am\u00e9rica Latina - OALA\",\"description\":\"&quot;Comunidad agustiniana comprometida con la fe, la misi\u00f3n y el servicio en latinoamerica.&quot;\",\"publisher\":{\"@id\":\"https:\\\/\\\/agustinosoala.org\\\/#organization\"},\"alternateName\":\"OALA\",\"potentialAction\":[{\"@type\":\"SearchAction\",\"target\":{\"@type\":\"EntryPoint\",\"urlTemplate\":\"https:\\\/\\\/agustinosoala.org\\\/?s={search_term_string}\"},\"query-input\":{\"@type\":\"PropertyValueSpecification\",\"valueRequired\":true,\"valueName\":\"search_term_string\"}}],\"inLanguage\":\"pt-BR\"},{\"@type\":\"Organization\",\"@id\":\"https:\\\/\\\/agustinosoala.org\\\/#organization\",\"name\":\"Organizaci\u00f3n de los Agustinos de Am\u00e9rica Latina - OALA\",\"alternateName\":\"OALA\",\"url\":\"https:\\\/\\\/agustinosoala.org\\\/\",\"logo\":{\"@type\":\"ImageObject\",\"inLanguage\":\"pt-BR\",\"@id\":\"https:\\\/\\\/agustinosoala.org\\\/#\\\/schema\\\/logo\\\/image\\\/\",\"url\":\"https:\\\/\\\/agustinosoala.org\\\/wp-content\\\/uploads\\\/2025\\\/09\\\/logo-oala.webp\",\"contentUrl\":\"https:\\\/\\\/agustinosoala.org\\\/wp-content\\\/uploads\\\/2025\\\/09\\\/logo-oala.webp\",\"width\":70,\"height\":70,\"caption\":\"Organizaci\u00f3n de los Agustinos de Am\u00e9rica Latina - OALA\"},\"image\":{\"@id\":\"https:\\\/\\\/agustinosoala.org\\\/#\\\/schema\\\/logo\\\/image\\\/\"},\"sameAs\":[\"https:\\\/\\\/www.facebook.com\\\/oalagustinos\",\"https:\\\/\\\/www.youtube.com\\\/@oalagustinos\",\"https:\\\/\\\/www.instagram.com\\\/oalagustinos_\\\/\"]}]}<\/script>\n<!-- \/ Yoast SEO plugin. -->","yoast_head_json":{"title":"OALA - Organizaci\u00f3n de los Agustinos en Am\u00e9rica Latina","description":"OALA re\u00fane a las comunidades agustinas de Am\u00e9rica Latina para fortalecer su misi\u00f3n, promover la espiritualidad agustiniana y fomentar la colaboraci\u00f3n entre los pa\u00edses miembros. Conoce nuestra presencia, proyectos y labor pastoral en la regi\u00f3n.","robots":{"index":"index","follow":"follow","max-snippet":"max-snippet:-1","max-image-preview":"max-image-preview:large","max-video-preview":"max-video-preview:-1"},"canonical":"https:\/\/agustinosoala.org\/pt\/","og_locale":"pt_BR","og_type":"article","og_title":"OALA - Inicio Organizaci\u00f3n de los Agustinos en Am\u00e9rica Latina","og_description":"OALA re\u00fane a las comunidades agustinas de Am\u00e9rica Latina para fortalecer su misi\u00f3n, promover la espiritualidad agustiniana y fomentar la colaboraci\u00f3n entre los pa\u00edses miembros. Conoce nuestra presencia, proyectos y labor pastoral en la regi\u00f3n.","og_url":"https:\/\/agustinosoala.org\/pt\/","og_site_name":"OALA - Organizaci\u00f3n de los Agustinos de Am\u00e9rica Latina","article_publisher":"https:\/\/www.facebook.com\/oalagustinos","article_modified_time":"2026-05-01T23:46:59+00:00","og_image":[{"width":1024,"height":1024,"url":"https:\/\/agustinosoala.org\/wp-content\/uploads\/2025\/09\/portone2-2-1024x1024.png","type":"image\/png"}],"twitter_card":"summary_large_image","twitter_title":"OALA - Inicio Organizaci\u00f3n de los Agustinos en Am\u00e9rica Latina","twitter_description":"OALA re\u00fane a las comunidades agustinas de Am\u00e9rica Latina para fortalecer su misi\u00f3n, promover la espiritualidad agustiniana y fomentar la colaboraci\u00f3n entre los pa\u00edses miembros. Conoce nuestra presencia, proyectos y labor pastoral en la regi\u00f3n.","twitter_image":"https:\/\/agustinosoala.org\/wp-content\/uploads\/2025\/09\/portone2-2-scaled.png","twitter_misc":{"Est. reading time":"7 minutos"},"schema":{"@context":"https:\/\/schema.org","@graph":[{"@type":"WebPage","@id":"https:\/\/agustinosoala.org\/","url":"https:\/\/agustinosoala.org\/","name":"OALA - Organizaci\u00f3n de los Agustinos en Am\u00e9rica Latina","isPartOf":{"@id":"https:\/\/agustinosoala.org\/#website"},"primaryImageOfPage":{"@id":"https:\/\/agustinosoala.org\/#primaryimage"},"image":{"@id":"https:\/\/agustinosoala.org\/#primaryimage"},"thumbnailUrl":"https:\/\/agustinosoala.org\/wp-content\/uploads\/elementor\/thumbs\/Secretario-general-interino-rjjb0j13okrofc816wide2aanhh968if511j3623os.jpg","datePublished":"2025-09-18T18:09:12+00:00","dateModified":"2026-05-01T23:46:59+00:00","description":"OALA re\u00fane a las comunidades agustinas de Am\u00e9rica Latina para fortalecer su misi\u00f3n, promover la espiritualidad agustiniana y fomentar la colaboraci\u00f3n entre los pa\u00edses miembros. Conoce nuestra presencia, proyectos y labor pastoral en la regi\u00f3n.","breadcrumb":{"@id":"https:\/\/agustinosoala.org\/#breadcrumb"},"inLanguage":"pt-BR","potentialAction":[{"@type":"ReadAction","target":["https:\/\/agustinosoala.org\/"]}]},{"@type":"ImageObject","inLanguage":"pt-BR","@id":"https:\/\/agustinosoala.org\/#primaryimage","url":"https:\/\/agustinosoala.org\/wp-content\/uploads\/elementor\/thumbs\/Secretario-general-interino-rjjb0j13okrofc816wide2aanhh968if511j3623os.jpg","contentUrl":"https:\/\/agustinosoala.org\/wp-content\/uploads\/elementor\/thumbs\/Secretario-general-interino-rjjb0j13okrofc816wide2aanhh968if511j3623os.jpg"},{"@type":"BreadcrumbList","@id":"https:\/\/agustinosoala.org\/#breadcrumb","itemListElement":[{"@type":"ListItem","position":1,"name":"Portada","item":"https:\/\/agustinosoala.org\/"},{"@type":"ListItem","position":2,"name":"Inicio"}]},{"@type":"WebSite","@id":"https:\/\/agustinosoala.org\/#website","url":"https:\/\/agustinosoala.org\/","name":"Organizaci\u00f3n de los Agustinos de Am\u00e9rica Latina - OALA","description":"&quot;Comunidad agustiniana comprometida con la fe, la misi\u00f3n y el servicio en latinoamerica.&quot;","publisher":{"@id":"https:\/\/agustinosoala.org\/#organization"},"alternateName":"OALA","potentialAction":[{"@type":"SearchAction","target":{"@type":"EntryPoint","urlTemplate":"https:\/\/agustinosoala.org\/?s={search_term_string}"},"query-input":{"@type":"PropertyValueSpecification","valueRequired":true,"valueName":"search_term_string"}}],"inLanguage":"pt-BR"},{"@type":"Organization","@id":"https:\/\/agustinosoala.org\/#organization","name":"Organizaci\u00f3n de los Agustinos de Am\u00e9rica Latina - OALA","alternateName":"OALA","url":"https:\/\/agustinosoala.org\/","logo":{"@type":"ImageObject","inLanguage":"pt-BR","@id":"https:\/\/agustinosoala.org\/#\/schema\/logo\/image\/","url":"https:\/\/agustinosoala.org\/wp-content\/uploads\/2025\/09\/logo-oala.webp","contentUrl":"https:\/\/agustinosoala.org\/wp-content\/uploads\/2025\/09\/logo-oala.webp","width":70,"height":70,"caption":"Organizaci\u00f3n de los Agustinos de Am\u00e9rica Latina - OALA"},"image":{"@id":"https:\/\/agustinosoala.org\/#\/schema\/logo\/image\/"},"sameAs":["https:\/\/www.facebook.com\/oalagustinos","https:\/\/www.youtube.com\/@oalagustinos","https:\/\/www.instagram.com\/oalagustinos_\/"]}]}},"_links":{"self":[{"href":"https:\/\/agustinosoala.org\/pt\/wp-json\/wp\/v2\/pages\/31","targetHints":{"allow":["GET"]}}],"collection":[{"href":"https:\/\/agustinosoala.org\/pt\/wp-json\/wp\/v2\/pages"}],"about":[{"href":"https:\/\/agustinosoala.org\/pt\/wp-json\/wp\/v2\/types\/page"}],"author":[{"embeddable":true,"href":"https:\/\/agustinosoala.org\/pt\/wp-json\/wp\/v2\/users\/1"}],"replies":[{"embeddable":true,"href":"https:\/\/agustinosoala.org\/pt\/wp-json\/wp\/v2\/comments?post=31"}],"version-history":[{"count":312,"href":"https:\/\/agustinosoala.org\/pt\/wp-json\/wp\/v2\/pages\/31\/revisions"}],"predecessor-version":[{"id":2956,"href":"https:\/\/agustinosoala.org\/pt\/wp-json\/wp\/v2\/pages\/31\/revisions\/2956"}],"wp:attachment":[{"href":"https:\/\/agustinosoala.org\/pt\/wp-json\/wp\/v2\/media?parent=31"}],"curies":[{"name":"wp","href":"https:\/\/api.w.org\/{rel}","templated":true}]}}