{"id":645,"date":"2025-09-25T18:41:06","date_gmt":"2025-09-25T18:41:06","guid":{"rendered":"http:\/\/ek4.5fa.mytemp.website\/?page_id=645"},"modified":"2025-12-13T18:44:57","modified_gmt":"2025-12-13T18:44:57","slug":"secretaria-general","status":"publish","type":"page","link":"https:\/\/agustinosoala.org\/pt\/secretaria-general\/","title":{"rendered":"Secretaria General"},"content":{"rendered":"<div data-elementor-type=\"wp-page\" data-elementor-id=\"645\" class=\"elementor elementor-645\">\n\t\t\t\t<div class=\"aux-parallax-section elementor-element elementor-element-a0147ff e-flex e-con-boxed wpr-particle-no wpr-jarallax-no wpr-parallax-no wpr-sticky-section-no wpr-equal-height-no e-con e-parent\" data-id=\"a0147ff\" data-element_type=\"container\" data-e-type=\"container\" data-settings=\"{&quot;background_background&quot;:&quot;classic&quot;}\">\n\t\t\t\t\t<div class=\"e-con-inner\">\n\t\t<div class=\"elementor-element elementor-element-5f91367a e-con-full e-flex wpr-particle-no wpr-jarallax-no wpr-parallax-no wpr-sticky-section-no wpr-equal-height-no e-con e-child\" data-id=\"5f91367a\" data-element_type=\"container\" data-e-type=\"container\" data-settings=\"{&quot;background_background&quot;:&quot;classic&quot;}\">\n\t\t\t\t<div class=\"elementor-element elementor-element-1c91ffb2 elementor-widget elementor-widget-elementskit-heading\" data-id=\"1c91ffb2\" data-element_type=\"widget\" data-e-type=\"widget\" data-widget_type=\"elementskit-heading.default\">\n\t\t\t\t\t<div class=\"ekit-wid-con\" ><div class=\"ekit-heading elementskit-section-title-wraper text_center   ekit_heading_tablet-   ekit_heading_mobile-\"><h3 class=\"ekit-heading--title elementskit-section-title\"><span><span>\"<\/span><\/span>Nos hiciste, Se\u00f1or, para ti, y nuestro coraz\u00f3n est\u00e1 inquieto hasta que descanse en ti<span><span>\"<\/span><\/span> <span><span>San Agust\u00edn. Confessiones (Confesiones), Libro I, cap. 1.<\/span><\/span><\/h3><\/div><\/div>\t\t\t\t<\/div>\n\t\t\t\t<\/div>\n\t\t\t\t\t<\/div>\n\t\t\t\t<\/div>\n\t\t\t\t<section class=\"elementor-section elementor-top-section elementor-element elementor-element-12c94f39 elementor-section-boxed elementor-section-height-default elementor-section-height-default wpr-particle-no wpr-jarallax-no wpr-parallax-no wpr-sticky-section-no wpr-equal-height-no\" data-id=\"12c94f39\" data-element_type=\"section\" data-e-type=\"section\" data-settings=\"{&quot;background_background&quot;:&quot;classic&quot;}\">\n\t\t\t\t\t\t<div class=\"elementor-container elementor-column-gap-default\">\n\t\t\t\t\t<div class=\"aux-parallax-section elementor-column elementor-col-100 elementor-top-column elementor-element elementor-element-18874c1a\" data-id=\"18874c1a\" data-element_type=\"column\" data-e-type=\"column\" data-settings=\"{&quot;background_background&quot;:&quot;classic&quot;}\">\n\t\t\t<div class=\"elementor-widget-wrap elementor-element-populated\">\n\t\t\t\t\t\t<div class=\"elementor-element elementor-element-644c6810 elementor-widget elementor-widget-heading\" data-id=\"644c6810\" data-element_type=\"widget\" data-e-type=\"widget\" data-widget_type=\"heading.default\">\n\t\t\t\t\t<h2 class=\"elementor-heading-title elementor-size-default\">Directiva General OALA<\/h2>\t\t\t\t<\/div>\n\t\t\t\t\t<\/div>\n\t\t<\/div>\n\t\t\t\t\t<\/div>\n\t\t<\/section>\n\t\t<div class=\"aux-parallax-section elementor-element elementor-element-a67cc6b e-grid e-con-boxed wpr-particle-no wpr-jarallax-no wpr-parallax-no wpr-sticky-section-no wpr-equal-height-no e-con e-parent\" data-id=\"a67cc6b\" data-element_type=\"container\" data-e-type=\"container\">\n\t\t\t\t\t<div class=\"e-con-inner\">\n\t\t\t\t<div class=\"elementor-element elementor-element-51db236 elementor-widget elementor-widget-elementskit-team\" data-id=\"51db236\" data-element_type=\"widget\" data-e-type=\"widget\" data-widget_type=\"elementskit-team.default\">\n\t\t\t\t<div class=\"elementor-widget-container\">\n\t\t\t\t\t<div class=\"ekit-wid-con\">\t\t\t\t\t\t\t\t <div class=\"profile-square-v square-v6 square-v6-v2 no_gutters\">\n\t\t<div class=\"profile-card elementor-animation- text-center ekit-team-style-long_height_details_hover\">\n\t\t\t\n\t\t\t\t<div class=\"profile-header ekit-team-img\" >\n\t\t\t\t\t<img fetchpriority=\"high\" decoding=\"async\" width=\"1000\" height=\"1000\" src=\"https:\/\/agustinosoala.org\/wp-content\/uploads\/2025\/11\/12.png\" class=\"attachment-full size-full wp-image-1648\" alt=\"\" srcset=\"https:\/\/agustinosoala.org\/wp-content\/uploads\/2025\/11\/12.png 1000w, https:\/\/agustinosoala.org\/wp-content\/uploads\/2025\/11\/12-300x300.png 300w, https:\/\/agustinosoala.org\/wp-content\/uploads\/2025\/11\/12-150x150.png 150w, https:\/\/agustinosoala.org\/wp-content\/uploads\/2025\/11\/12-768x768.png 768w\" sizes=\"(max-width: 1000px) 100vw, 1000px\" \/>\t\t\t\t<\/div><!-- .profile-header END -->\n\t\t\t\n\n\t\t\t\t<div class=\"profile-body\">\n\t\t\t\t\t\n\t\t\t\t\t<h2 class=\"profile-title\">\n\t\t\t\t\t\t\t\t\t\t\tFr. Marcio Antonio \t\t\t\t\t\t\t\t\t\t<\/h2>\n\t\t\t\t\t<p class=\"profile-designation\">Secretario General<\/p>\n\t\t\t\t\t\t\t\t\t<\/div><!-- .profile-body END -->\n\n\t\t\t\t\t\t\t\t<\/div>\n\t\t\t\t <\/div> \t\t\t\n\t\t\t\n\t\t\t\t<\/div>\t\t\t\t<\/div>\n\t\t\t\t<\/div>\n\t\t\t\t<div class=\"elementor-element elementor-element-224c267 elementor-widget elementor-widget-elementskit-team\" data-id=\"224c267\" data-element_type=\"widget\" data-e-type=\"widget\" data-widget_type=\"elementskit-team.default\">\n\t\t\t\t<div class=\"elementor-widget-container\">\n\t\t\t\t\t<div class=\"ekit-wid-con\">\t\t\t\t\t\t\t\t <div class=\"profile-square-v square-v6 square-v6-v2 no_gutters\">\n\t\t<div class=\"profile-card elementor-animation- text-center ekit-team-style-long_height_details_hover\">\n\t\t\t\n\t\t\t\t<div class=\"profile-header ekit-team-img\" >\n\t\t\t\t\t<img decoding=\"async\" width=\"1000\" height=\"1000\" src=\"https:\/\/agustinosoala.org\/wp-content\/uploads\/2025\/11\/1a.png\" class=\"attachment-full size-full wp-image-1634\" alt=\"\" srcset=\"https:\/\/agustinosoala.org\/wp-content\/uploads\/2025\/11\/1a.png 1000w, https:\/\/agustinosoala.org\/wp-content\/uploads\/2025\/11\/1a-300x300.png 300w, https:\/\/agustinosoala.org\/wp-content\/uploads\/2025\/11\/1a-150x150.png 150w, https:\/\/agustinosoala.org\/wp-content\/uploads\/2025\/11\/1a-768x768.png 768w\" sizes=\"(max-width: 1000px) 100vw, 1000px\" \/>\t\t\t\t<\/div><!-- .profile-header END -->\n\t\t\t\n\n\t\t\t\t<div class=\"profile-body\">\n\t\t\t\t\t\n\t\t\t\t\t<h2 class=\"profile-title\">\n\t\t\t\t\t\t\t\t\t\t\tFr. Fidel Alvarado Sandoval\t\t\t\t\t\t\t\t\t\t<\/h2>\n\t\t\t\t\t<p class=\"profile-designation\">\u00c1rea De Justicia Y Paz E Integridad De La Creaci\u00f3n<\/p>\n\t\t\t\t\t\t\t\t\t<\/div><!-- .profile-body END -->\n\n\t\t\t\t\t\t\t\t<\/div>\n\t\t\t\t <\/div> \t\t\t\n\t\t\t\n\t\t\t\t<\/div>\t\t\t\t<\/div>\n\t\t\t\t<\/div>\n\t\t\t\t<div class=\"elementor-element elementor-element-e372eec elementor-widget elementor-widget-elementskit-team\" data-id=\"e372eec\" data-element_type=\"widget\" data-e-type=\"widget\" data-widget_type=\"elementskit-team.default\">\n\t\t\t\t<div class=\"elementor-widget-container\">\n\t\t\t\t\t<div class=\"ekit-wid-con\">\t\t\t\t\t\t\t\t <div class=\"profile-square-v square-v6 square-v6-v2 no_gutters\">\n\t\t<div class=\"profile-card elementor-animation- text-center ekit-team-style-long_height_details_hover\">\n\t\t\t\n\t\t\t\t<div class=\"profile-header ekit-team-img\" >\n\t\t\t\t\t<img decoding=\"async\" width=\"1000\" height=\"1000\" src=\"https:\/\/agustinosoala.org\/wp-content\/uploads\/2025\/11\/2b.png\" class=\"attachment-full size-full wp-image-1635\" alt=\"\" srcset=\"https:\/\/agustinosoala.org\/wp-content\/uploads\/2025\/11\/2b.png 1000w, https:\/\/agustinosoala.org\/wp-content\/uploads\/2025\/11\/2b-300x300.png 300w, https:\/\/agustinosoala.org\/wp-content\/uploads\/2025\/11\/2b-150x150.png 150w, https:\/\/agustinosoala.org\/wp-content\/uploads\/2025\/11\/2b-768x768.png 768w\" sizes=\"(max-width: 1000px) 100vw, 1000px\" \/>\t\t\t\t<\/div><!-- .profile-header END -->\n\t\t\t\n\n\t\t\t\t<div class=\"profile-body\">\n\t\t\t\t\t\n\t\t\t\t\t<h2 class=\"profile-title\">\n\t\t\t\t\t\t\t\t\t\t\tFr. Wilson Jos\u00e9 Posligua Bran\t\t\t\t\t\t\t\t\t\t<\/h2>\n\t\t\t\t\t<p class=\"profile-designation\">Animador Regi\u00f3n Centro<\/p>\n\t\t\t\t\t\t\t\t\t<\/div><!-- .profile-body END -->\n\n\t\t\t\t\t\t\t\t<\/div>\n\t\t\t\t <\/div> \t\t\t\n\t\t\t\n\t\t\t\t<\/div>\t\t\t\t<\/div>\n\t\t\t\t<\/div>\n\t\t\t\t<div class=\"elementor-element elementor-element-e80700c elementor-widget elementor-widget-elementskit-team\" data-id=\"e80700c\" data-element_type=\"widget\" data-e-type=\"widget\" data-widget_type=\"elementskit-team.default\">\n\t\t\t\t<div class=\"elementor-widget-container\">\n\t\t\t\t\t<div class=\"ekit-wid-con\">\t\t\t\t\t\t\t\t <div class=\"profile-square-v square-v6 square-v6-v2 no_gutters\">\n\t\t<div class=\"profile-card elementor-animation- text-center ekit-team-style-long_height_details_hover\">\n\t\t\t\n\t\t\t\t<div class=\"profile-header ekit-team-img\" >\n\t\t\t\t\t<img loading=\"lazy\" decoding=\"async\" width=\"1000\" height=\"1000\" src=\"https:\/\/agustinosoala.org\/wp-content\/uploads\/2025\/11\/FR.-GIOBERTI-CALLE.png\" class=\"attachment-full size-full wp-image-1947\" alt=\"\" srcset=\"https:\/\/agustinosoala.org\/wp-content\/uploads\/2025\/11\/FR.-GIOBERTI-CALLE.png 1000w, https:\/\/agustinosoala.org\/wp-content\/uploads\/2025\/11\/FR.-GIOBERTI-CALLE-300x300.png 300w, https:\/\/agustinosoala.org\/wp-content\/uploads\/2025\/11\/FR.-GIOBERTI-CALLE-150x150.png 150w, https:\/\/agustinosoala.org\/wp-content\/uploads\/2025\/11\/FR.-GIOBERTI-CALLE-768x768.png 768w\" sizes=\"(max-width: 1000px) 100vw, 1000px\" \/>\t\t\t\t<\/div><!-- .profile-header END -->\n\t\t\t\n\n\t\t\t\t<div class=\"profile-body\">\n\t\t\t\t\t\n\t\t\t\t\t<h2 class=\"profile-title\">\n\t\t\t\t\t\t\t\t\t\t\tFr. Gioberty Calle Calle\t\t\t\t\t\t\t\t\t\t<\/h2>\n\t\t\t\t\t<p class=\"profile-designation\">\u00c1rea de Espiritualidad y Animaci\u00f3n Comunitaria<\/p>\n\t\t\t\t\t\t\t\t\t<\/div><!-- .profile-body END -->\n\n\t\t\t\t\t\t\t\t<\/div>\n\t\t\t\t <\/div> \t\t\t\n\t\t\t\n\t\t\t\t<\/div>\t\t\t\t<\/div>\n\t\t\t\t<\/div>\n\t\t\t\t<div class=\"elementor-element elementor-element-ede97e0 elementor-widget elementor-widget-elementskit-team\" data-id=\"ede97e0\" data-element_type=\"widget\" data-e-type=\"widget\" data-widget_type=\"elementskit-team.default\">\n\t\t\t\t<div class=\"elementor-widget-container\">\n\t\t\t\t\t<div class=\"ekit-wid-con\">\t\t\t\t\t\t\t\t <div class=\"profile-square-v square-v6 square-v6-v2 no_gutters\">\n\t\t<div class=\"profile-card elementor-animation- text-center ekit-team-style-long_height_details_hover\">\n\t\t\t\n\t\t\t\t<div class=\"profile-header ekit-team-img\" >\n\t\t\t\t\t<img loading=\"lazy\" decoding=\"async\" width=\"1000\" height=\"1000\" src=\"https:\/\/agustinosoala.org\/wp-content\/uploads\/2025\/11\/4.png\" class=\"attachment-full size-full wp-image-1655\" alt=\"\" srcset=\"https:\/\/agustinosoala.org\/wp-content\/uploads\/2025\/11\/4.png 1000w, https:\/\/agustinosoala.org\/wp-content\/uploads\/2025\/11\/4-300x300.png 300w, https:\/\/agustinosoala.org\/wp-content\/uploads\/2025\/11\/4-150x150.png 150w, https:\/\/agustinosoala.org\/wp-content\/uploads\/2025\/11\/4-768x768.png 768w\" sizes=\"(max-width: 1000px) 100vw, 1000px\" \/>\t\t\t\t<\/div><!-- .profile-header END -->\n\t\t\t\n\n\t\t\t\t<div class=\"profile-body\">\n\t\t\t\t\t\n\t\t\t\t\t<h2 class=\"profile-title\">\n\t\t\t\t\t\t\t\t\t\t\tFr. Jorge Mart\u00ednez Vizueta\t\t\t\t\t\t\t\t\t\t<\/h2>\n\t\t\t\t\t<p class=\"profile-designation\">\u00c1rea De Formaci\u00f3n Inicial<\/p>\n\t\t\t\t\t\t\t\t\t<\/div><!-- .profile-body END -->\n\n\t\t\t\t\t\t\t\t<\/div>\n\t\t\t\t <\/div> \t\t\t\n\t\t\t\n\t\t\t\t<\/div>\t\t\t\t<\/div>\n\t\t\t\t<\/div>\n\t\t\t\t<div class=\"elementor-element elementor-element-84b4fae elementor-widget elementor-widget-elementskit-team\" data-id=\"84b4fae\" data-element_type=\"widget\" data-e-type=\"widget\" data-widget_type=\"elementskit-team.default\">\n\t\t\t\t<div class=\"elementor-widget-container\">\n\t\t\t\t\t<div class=\"ekit-wid-con\">\t\t\t\t\t\t\t\t <div class=\"profile-square-v square-v6 square-v6-v2 no_gutters\">\n\t\t<div class=\"profile-card elementor-animation- text-center ekit-team-style-long_height_details_hover\">\n\t\t\t\n\t\t\t\t<div class=\"profile-header ekit-team-img\" >\n\t\t\t\t\t<img loading=\"lazy\" decoding=\"async\" width=\"1000\" height=\"1000\" src=\"https:\/\/agustinosoala.org\/wp-content\/uploads\/2025\/11\/11.png\" class=\"attachment-full size-full wp-image-1647\" alt=\"\" srcset=\"https:\/\/agustinosoala.org\/wp-content\/uploads\/2025\/11\/11.png 1000w, https:\/\/agustinosoala.org\/wp-content\/uploads\/2025\/11\/11-300x300.png 300w, https:\/\/agustinosoala.org\/wp-content\/uploads\/2025\/11\/11-150x150.png 150w, https:\/\/agustinosoala.org\/wp-content\/uploads\/2025\/11\/11-768x768.png 768w\" sizes=\"(max-width: 1000px) 100vw, 1000px\" \/>\t\t\t\t<\/div><!-- .profile-header END -->\n\t\t\t\n\n\t\t\t\t<div class=\"profile-body\">\n\t\t\t\t\t\n\t\t\t\t\t<h2 class=\"profile-title\">\n\t\t\t\t\t\t\t\t\t\t\tFr. Marco Antonio \t\t\t\t\t\t\t\t\t\t<\/h2>\n\t\t\t\t\t<p class=\"profile-designation\">Animador Regi\u00f3n Norte<\/p>\n\t\t\t\t\t\t\t\t\t<\/div><!-- .profile-body END -->\n\n\t\t\t\t\t\t\t\t<\/div>\n\t\t\t\t <\/div> \t\t\t\n\t\t\t\n\t\t\t\t<\/div>\t\t\t\t<\/div>\n\t\t\t\t<\/div>\n\t\t\t\t<div class=\"elementor-element elementor-element-bc15fbb elementor-widget elementor-widget-elementskit-team\" data-id=\"bc15fbb\" data-element_type=\"widget\" data-e-type=\"widget\" data-widget_type=\"elementskit-team.default\">\n\t\t\t\t<div class=\"elementor-widget-container\">\n\t\t\t\t\t<div class=\"ekit-wid-con\">\t\t\t\t\t\t\t\t <div class=\"profile-square-v square-v6 square-v6-v2 no_gutters\">\n\t\t<div class=\"profile-card elementor-animation- text-center ekit-team-style-long_height_details_hover\">\n\t\t\t\n\t\t\t\t<div class=\"profile-header ekit-team-img\" >\n\t\t\t\t\t<img loading=\"lazy\" decoding=\"async\" width=\"1000\" height=\"1000\" src=\"https:\/\/agustinosoala.org\/wp-content\/uploads\/2025\/11\/10.png\" class=\"attachment-full size-full wp-image-1646\" alt=\"\" srcset=\"https:\/\/agustinosoala.org\/wp-content\/uploads\/2025\/11\/10.png 1000w, https:\/\/agustinosoala.org\/wp-content\/uploads\/2025\/11\/10-300x300.png 300w, https:\/\/agustinosoala.org\/wp-content\/uploads\/2025\/11\/10-150x150.png 150w, https:\/\/agustinosoala.org\/wp-content\/uploads\/2025\/11\/10-768x768.png 768w\" sizes=\"(max-width: 1000px) 100vw, 1000px\" \/>\t\t\t\t<\/div><!-- .profile-header END -->\n\t\t\t\n\n\t\t\t\t<div class=\"profile-body\">\n\t\t\t\t\t\n\t\t\t\t\t<h2 class=\"profile-title\">\n\t\t\t\t\t\t\t\t\t\t\tFr. Juan Ayala Arredondo\t\t\t\t\t\t\t\t\t\t<\/h2>\n\t\t\t\t\t<p class=\"profile-designation\">Ec\u00f3nom\u043e<\/p>\n\t\t\t\t\t\t\t\t\t<\/div><!-- .profile-body END -->\n\n\t\t\t\t\t\t\t\t<\/div>\n\t\t\t\t <\/div> \t\t\t\n\t\t\t\n\t\t\t\t<\/div>\t\t\t\t<\/div>\n\t\t\t\t<\/div>\n\t\t\t\t<div class=\"elementor-element elementor-element-2d967bf elementor-widget elementor-widget-elementskit-team\" data-id=\"2d967bf\" data-element_type=\"widget\" data-e-type=\"widget\" data-widget_type=\"elementskit-team.default\">\n\t\t\t\t<div class=\"elementor-widget-container\">\n\t\t\t\t\t<div class=\"ekit-wid-con\">\t\t\t\t\t\t\t\t <div class=\"profile-square-v square-v6 square-v6-v2 no_gutters\">\n\t\t<div class=\"profile-card elementor-animation- text-center ekit-team-style-long_height_details_hover\">\n\t\t\t\n\t\t\t\t<div class=\"profile-header ekit-team-img\" >\n\t\t\t\t\t<img loading=\"lazy\" decoding=\"async\" width=\"1000\" height=\"1000\" src=\"https:\/\/agustinosoala.org\/wp-content\/uploads\/2025\/11\/9.png\" class=\"attachment-full size-full wp-image-1645\" alt=\"\" srcset=\"https:\/\/agustinosoala.org\/wp-content\/uploads\/2025\/11\/9.png 1000w, https:\/\/agustinosoala.org\/wp-content\/uploads\/2025\/11\/9-300x300.png 300w, https:\/\/agustinosoala.org\/wp-content\/uploads\/2025\/11\/9-150x150.png 150w, https:\/\/agustinosoala.org\/wp-content\/uploads\/2025\/11\/9-768x768.png 768w\" sizes=\"(max-width: 1000px) 100vw, 1000px\" \/>\t\t\t\t<\/div><!-- .profile-header END -->\n\t\t\t\n\n\t\t\t\t<div class=\"profile-body\">\n\t\t\t\t\t\n\t\t\t\t\t<h2 class=\"profile-title\">\n\t\t\t\t\t\t\t\t\t\t\tFr. Mauricio Manosso Rocha\t\t\t\t\t\t\t\t\t\t<\/h2>\n\t\t\t\t\t<p class=\"profile-designation\">Animador Regi\u00f3n Sur<\/p>\n\t\t\t\t\t\t\t\t\t<\/div><!-- .profile-body END -->\n\n\t\t\t\t\t\t\t\t<\/div>\n\t\t\t\t <\/div> \t\t\t\n\t\t\t\n\t\t\t\t<\/div>\t\t\t\t<\/div>\n\t\t\t\t<\/div>\n\t\t\t\t<div class=\"elementor-element elementor-element-b163ebb elementor-widget elementor-widget-elementskit-team\" data-id=\"b163ebb\" data-element_type=\"widget\" data-e-type=\"widget\" data-widget_type=\"elementskit-team.default\">\n\t\t\t\t<div class=\"elementor-widget-container\">\n\t\t\t\t\t<div class=\"ekit-wid-con\">\t\t\t\t\t\t\t\t <div class=\"profile-square-v square-v6 square-v6-v2 no_gutters\">\n\t\t<div class=\"profile-card elementor-animation- text-center ekit-team-style-long_height_details_hover\">\n\t\t\t\n\t\t\t\t<div class=\"profile-header ekit-team-img\" >\n\t\t\t\t\t<img loading=\"lazy\" decoding=\"async\" width=\"1000\" height=\"1000\" src=\"https:\/\/agustinosoala.org\/wp-content\/uploads\/2025\/11\/8.png\" class=\"attachment-full size-full wp-image-1644\" alt=\"\" srcset=\"https:\/\/agustinosoala.org\/wp-content\/uploads\/2025\/11\/8.png 1000w, https:\/\/agustinosoala.org\/wp-content\/uploads\/2025\/11\/8-300x300.png 300w, https:\/\/agustinosoala.org\/wp-content\/uploads\/2025\/11\/8-150x150.png 150w, https:\/\/agustinosoala.org\/wp-content\/uploads\/2025\/11\/8-768x768.png 768w\" sizes=\"(max-width: 1000px) 100vw, 1000px\" \/>\t\t\t\t<\/div><!-- .profile-header END -->\n\t\t\t\n\n\t\t\t\t<div class=\"profile-body\">\n\t\t\t\t\t\n\t\t\t\t\t<h2 class=\"profile-title\">\n\t\t\t\t\t\t\t\t\t\t\tFr. N\u00e9stor Barboza Angarita\t\t\t\t\t\t\t\t\t\t<\/h2>\n\t\t\t\t\t<p class=\"profile-designation\">\u00c1rea De Pastoral Juvenil Y Vocacional<\/p>\n\t\t\t\t\t\t\t\t\t<\/div><!-- .profile-body END -->\n\n\t\t\t\t\t\t\t\t<\/div>\n\t\t\t\t <\/div> \t\t\t\n\t\t\t\n\t\t\t\t<\/div>\t\t\t\t<\/div>\n\t\t\t\t<\/div>\n\t\t\t\t<div class=\"elementor-element elementor-element-51379a5 elementor-widget elementor-widget-elementskit-team\" data-id=\"51379a5\" data-element_type=\"widget\" data-e-type=\"widget\" data-widget_type=\"elementskit-team.default\">\n\t\t\t\t<div class=\"elementor-widget-container\">\n\t\t\t\t\t<div class=\"ekit-wid-con\">\t\t\t\t\t\t\t\t <div class=\"profile-square-v square-v6 square-v6-v2 no_gutters\">\n\t\t<div class=\"profile-card elementor-animation- text-center ekit-team-style-long_height_details_hover\">\n\t\t\t\n\t\t\t\t<div class=\"profile-header ekit-team-img\" >\n\t\t\t\t\t<img loading=\"lazy\" decoding=\"async\" width=\"1000\" height=\"1000\" src=\"https:\/\/agustinosoala.org\/wp-content\/uploads\/2025\/11\/6.png\" class=\"attachment-full size-full wp-image-1642\" alt=\"\" srcset=\"https:\/\/agustinosoala.org\/wp-content\/uploads\/2025\/11\/6.png 1000w, https:\/\/agustinosoala.org\/wp-content\/uploads\/2025\/11\/6-300x300.png 300w, https:\/\/agustinosoala.org\/wp-content\/uploads\/2025\/11\/6-150x150.png 150w, https:\/\/agustinosoala.org\/wp-content\/uploads\/2025\/11\/6-768x768.png 768w\" sizes=\"(max-width: 1000px) 100vw, 1000px\" \/>\t\t\t\t<\/div><!-- .profile-header END -->\n\t\t\t\n\n\t\t\t\t<div class=\"profile-body\">\n\t\t\t\t\t\n\t\t\t\t\t<h2 class=\"profile-title\">\n\t\t\t\t\t\t\t\t\t\t\tFr. H\u00e9ctor Izaguirre S\u00e1nchez\t\t\t\t\t\t\t\t\t\t<\/h2>\n\t\t\t\t\t<p class=\"profile-designation\">\u00c1rea De Pastoral Urbana Y Misionera<\/p>\n\t\t\t\t\t\t\t\t\t<\/div><!-- .profile-body END -->\n\n\t\t\t\t\t\t\t\t<\/div>\n\t\t\t\t <\/div> \t\t\t\n\t\t\t\n\t\t\t\t<\/div>\t\t\t\t<\/div>\n\t\t\t\t<\/div>\n\t\t\t\t<div class=\"elementor-element elementor-element-22b39cb elementor-widget elementor-widget-elementskit-team\" data-id=\"22b39cb\" data-element_type=\"widget\" data-e-type=\"widget\" data-widget_type=\"elementskit-team.default\">\n\t\t\t\t<div class=\"elementor-widget-container\">\n\t\t\t\t\t<div class=\"ekit-wid-con\">\t\t\t\t\t\t\t\t <div class=\"profile-square-v square-v6 square-v6-v2 no_gutters\">\n\t\t<div class=\"profile-card elementor-animation- text-center ekit-team-style-long_height_details_hover\">\n\t\t\t\n\t\t\t\t<div class=\"profile-header ekit-team-img\" >\n\t\t\t\t\t<img loading=\"lazy\" decoding=\"async\" width=\"1000\" height=\"1000\" src=\"https:\/\/agustinosoala.org\/wp-content\/uploads\/2025\/11\/5.png\" class=\"attachment-full size-full wp-image-1641\" alt=\"\" srcset=\"https:\/\/agustinosoala.org\/wp-content\/uploads\/2025\/11\/5.png 1000w, https:\/\/agustinosoala.org\/wp-content\/uploads\/2025\/11\/5-300x300.png 300w, https:\/\/agustinosoala.org\/wp-content\/uploads\/2025\/11\/5-150x150.png 150w, https:\/\/agustinosoala.org\/wp-content\/uploads\/2025\/11\/5-768x768.png 768w\" sizes=\"(max-width: 1000px) 100vw, 1000px\" \/>\t\t\t\t<\/div><!-- .profile-header END -->\n\t\t\t\n\n\t\t\t\t<div class=\"profile-body\">\n\t\t\t\t\t\n\t\t\t\t\t<h2 class=\"profile-title\">\n\t\t\t\t\t\t\t\t\t\t\tFr. El\u00edas Neira\t\t\t\t\t\t\t\t\t\t<\/h2>\n\t\t\t\t\t<p class=\"profile-designation\">\u00c1rea De Educaci\u00f3n<\/p>\n\t\t\t\t\t\t\t\t\t<\/div><!-- .profile-body END -->\n\n\t\t\t\t\t\t\t\t<\/div>\n\t\t\t\t <\/div> \t\t\t\n\t\t\t\n\t\t\t\t<\/div>\t\t\t\t<\/div>\n\t\t\t\t<\/div>\n\t\t\t\t<div class=\"elementor-element elementor-element-43c83e4 elementor-widget elementor-widget-elementskit-team\" data-id=\"43c83e4\" data-element_type=\"widget\" data-e-type=\"widget\" data-widget_type=\"elementskit-team.default\">\n\t\t\t\t<div class=\"elementor-widget-container\">\n\t\t\t\t\t<div class=\"ekit-wid-con\">\t\t\t\t\t\t\t\t <div class=\"profile-square-v square-v6 square-v6-v2 no_gutters\">\n\t\t<div class=\"profile-card elementor-animation- text-center ekit-team-style-long_height_details_hover\">\n\t\t\t\n\t\t\t\t<div class=\"profile-header ekit-team-img\" >\n\t\t\t\t\t<img loading=\"lazy\" decoding=\"async\" width=\"1000\" height=\"1000\" src=\"https:\/\/agustinosoala.org\/wp-content\/uploads\/2025\/12\/FR.-YULIANO-ENRIQUE-VIVEROS-AEDO-AREA-DE-LAS-FRATERNIDADES-seculares.png\" class=\"attachment-full size-full wp-image-2349\" alt=\"\" srcset=\"https:\/\/agustinosoala.org\/wp-content\/uploads\/2025\/12\/FR.-YULIANO-ENRIQUE-VIVEROS-AEDO-AREA-DE-LAS-FRATERNIDADES-seculares.png 1000w, https:\/\/agustinosoala.org\/wp-content\/uploads\/2025\/12\/FR.-YULIANO-ENRIQUE-VIVEROS-AEDO-AREA-DE-LAS-FRATERNIDADES-seculares-300x300.png 300w, https:\/\/agustinosoala.org\/wp-content\/uploads\/2025\/12\/FR.-YULIANO-ENRIQUE-VIVEROS-AEDO-AREA-DE-LAS-FRATERNIDADES-seculares-150x150.png 150w, https:\/\/agustinosoala.org\/wp-content\/uploads\/2025\/12\/FR.-YULIANO-ENRIQUE-VIVEROS-AEDO-AREA-DE-LAS-FRATERNIDADES-seculares-768x768.png 768w\" sizes=\"(max-width: 1000px) 100vw, 1000px\" \/>\t\t\t\t<\/div><!-- .profile-header END -->\n\t\t\t\n\n\t\t\t\t<div class=\"profile-body\">\n\t\t\t\t\t\n\t\t\t\t\t<h2 class=\"profile-title\">\n\t\t\t\t\t\t\t\t\t\t\tFr. Yuliano Viveros Aedo\t\t\t\t\t\t\t\t\t\t<\/h2>\n\t\t\t\t\t<p class=\"profile-designation\">\u00c1rea De Las Fraternidades Seculares<\/p>\n\t\t\t\t\t\t\t\t\t<\/div><!-- .profile-body END -->\n\n\t\t\t\t\t\t\t\t<\/div>\n\t\t\t\t <\/div> \t\t\t\n\t\t\t\n\t\t\t\t<\/div>\t\t\t\t<\/div>\n\t\t\t\t<\/div>\n\t\t\t\t<div class=\"elementor-element elementor-element-691af48 elementor-widget elementor-widget-elementskit-team\" data-id=\"691af48\" data-element_type=\"widget\" data-e-type=\"widget\" data-widget_type=\"elementskit-team.default\">\n\t\t\t\t<div class=\"elementor-widget-container\">\n\t\t\t\t\t<div class=\"ekit-wid-con\">\t\t\t\t\t\t\t\t <div class=\"profile-square-v square-v6 square-v6-v2 no_gutters\">\n\t\t<div class=\"profile-card elementor-animation- text-center ekit-team-style-long_height_details_hover\">\n\t\t\t\n\t\t\t\t<div class=\"profile-header ekit-team-img\" >\n\t\t\t\t\t<img loading=\"lazy\" decoding=\"async\" width=\"1000\" height=\"1000\" src=\"https:\/\/agustinosoala.org\/wp-content\/uploads\/2025\/11\/FR.-RAUL-ESTRADA-HERRERA.png\" class=\"attachment-full size-full wp-image-1949\" alt=\"\" srcset=\"https:\/\/agustinosoala.org\/wp-content\/uploads\/2025\/11\/FR.-RAUL-ESTRADA-HERRERA.png 1000w, https:\/\/agustinosoala.org\/wp-content\/uploads\/2025\/11\/FR.-RAUL-ESTRADA-HERRERA-300x300.png 300w, https:\/\/agustinosoala.org\/wp-content\/uploads\/2025\/11\/FR.-RAUL-ESTRADA-HERRERA-150x150.png 150w, https:\/\/agustinosoala.org\/wp-content\/uploads\/2025\/11\/FR.-RAUL-ESTRADA-HERRERA-768x768.png 768w\" sizes=\"(max-width: 1000px) 100vw, 1000px\" \/>\t\t\t\t<\/div><!-- .profile-header END -->\n\t\t\t\n\n\t\t\t\t<div class=\"profile-body\">\n\t\t\t\t\t\n\t\t\t\t\t<h2 class=\"profile-title\">\n\t\t\t\t\t\t\t\t\t\t\tFr. Ra\u00fal Estrada Herrera\t\t\t\t\t\t\t\t\t\t<\/h2>\n\t\t\t\t\t<p class=\"profile-designation\">Comisi\u00f3n T\u00e9cnica de Comunicaciones<\/p>\n\t\t\t\t\t\t\t\t\t<\/div><!-- .profile-body END -->\n\n\t\t\t\t\t\t\t\t<\/div>\n\t\t\t\t <\/div> \t\t\t\n\t\t\t\n\t\t\t\t<\/div>\t\t\t\t<\/div>\n\t\t\t\t<\/div>\n\t\t\t\t<div class=\"elementor-element elementor-element-81c52d1 elementor-widget elementor-widget-elementskit-team\" data-id=\"81c52d1\" data-element_type=\"widget\" data-e-type=\"widget\" data-widget_type=\"elementskit-team.default\">\n\t\t\t\t<div class=\"elementor-widget-container\">\n\t\t\t\t\t<div class=\"ekit-wid-con\">\t\t\t\t\t\t\t\t <div class=\"profile-square-v square-v6 square-v6-v2 no_gutters\">\n\t\t<div class=\"profile-card elementor-animation- text-center ekit-team-style-long_height_details_hover\">\n\t\t\t\n\t\t\t\t<div class=\"profile-header ekit-team-img\" >\n\t\t\t\t\t<img loading=\"lazy\" decoding=\"async\" width=\"1000\" height=\"1000\" src=\"https:\/\/agustinosoala.org\/wp-content\/uploads\/2025\/11\/3c.png\" class=\"attachment-full size-full wp-image-1636\" alt=\"\" srcset=\"https:\/\/agustinosoala.org\/wp-content\/uploads\/2025\/11\/3c.png 1000w, https:\/\/agustinosoala.org\/wp-content\/uploads\/2025\/11\/3c-300x300.png 300w, https:\/\/agustinosoala.org\/wp-content\/uploads\/2025\/11\/3c-150x150.png 150w, https:\/\/agustinosoala.org\/wp-content\/uploads\/2025\/11\/3c-768x768.png 768w\" sizes=\"(max-width: 1000px) 100vw, 1000px\" \/>\t\t\t\t<\/div><!-- .profile-header END -->\n\t\t\t\n\n\t\t\t\t<div class=\"profile-body\">\n\t\t\t\t\t\n\t\t\t\t\t<h2 class=\"profile-title\">\n\t\t\t\t\t\t\t\t\t\t\tFr. Jos\u00e9 Ignacio Busta Ram\u00edrez\t\t\t\t\t\t\t\t\t\t<\/h2>\n\t\t\t\t\t<p class=\"profile-designation\">Comisi\u00f3n De Formaci\u00f3n Permanente<\/p>\n\t\t\t\t\t\t\t\t\t<\/div><!-- .profile-body END -->\n\n\t\t\t\t\t\t\t\t<\/div>\n\t\t\t\t <\/div> \t\t\t\n\t\t\t\n\t\t\t\t<\/div>\t\t\t\t<\/div>\n\t\t\t\t<\/div>\n\t\t\t\t<div class=\"elementor-element elementor-element-86796ca elementor-widget elementor-widget-elementskit-team\" data-id=\"86796ca\" data-element_type=\"widget\" data-e-type=\"widget\" data-widget_type=\"elementskit-team.default\">\n\t\t\t\t<div class=\"elementor-widget-container\">\n\t\t\t\t\t<div class=\"ekit-wid-con\">\t\t\t\t\t\t\t\t <div class=\"profile-square-v square-v6 square-v6-v2 no_gutters\">\n\t\t<div class=\"profile-card elementor-animation- text-center ekit-team-style-long_height_details_hover\">\n\t\t\t\n\t\t\t\t<div class=\"profile-header ekit-team-img\" >\n\t\t\t\t\t<img loading=\"lazy\" decoding=\"async\" width=\"1000\" height=\"1000\" src=\"https:\/\/agustinosoala.org\/wp-content\/uploads\/2025\/11\/7.png\" class=\"attachment-full size-full wp-image-1643\" alt=\"\" srcset=\"https:\/\/agustinosoala.org\/wp-content\/uploads\/2025\/11\/7.png 1000w, https:\/\/agustinosoala.org\/wp-content\/uploads\/2025\/11\/7-300x300.png 300w, https:\/\/agustinosoala.org\/wp-content\/uploads\/2025\/11\/7-150x150.png 150w, https:\/\/agustinosoala.org\/wp-content\/uploads\/2025\/11\/7-768x768.png 768w\" sizes=\"(max-width: 1000px) 100vw, 1000px\" \/>\t\t\t\t<\/div><!-- .profile-header END -->\n\t\t\t\n\n\t\t\t\t<div class=\"profile-body\">\n\t\t\t\t\t\n\t\t\t\t\t<h2 class=\"profile-title\">\n\t\t\t\t\t\t\t\t\t\t\tFr. Sabino Quijano Avelino\t\t\t\t\t\t\t\t\t\t<\/h2>\n\t\t\t\t\t<p class=\"profile-designation\">Comisi\u00f3n T\u00e9cnica De Historia<\/p>\n\t\t\t\t\t\t\t\t\t<\/div><!-- .profile-body END -->\n\n\t\t\t\t\t\t\t\t<\/div>\n\t\t\t\t <\/div> \t\t\t\n\t\t\t\n\t\t\t\t<\/div>\t\t\t\t<\/div>\n\t\t\t\t<\/div>\n\t\t\t\t\t<\/div>\n\t\t\t\t<\/div>\n\t\t\t\t<\/div>","protected":false},"excerpt":{"rendered":"<p>\u00abNos hiciste, Se\u00f1or, para ti, y nuestro coraz\u00f3n est\u00e1 inquieto hasta que descanse en ti\u00bb San Agust\u00edn. Confessiones (Confesiones), Libro I, cap. 1. Directiva General OALA Fr. Marcio Antonio Secretario General Fr. Fidel Alvarado Sandoval \u00c1rea De Justicia Y Paz E Integridad De La Creaci\u00f3n Fr. Wilson Jos\u00e9 Posligua Bran Animador Regi\u00f3n Centro Fr. Gioberty Calle Calle \u00c1rea de Espiritualidad y Animaci\u00f3n Comunitaria Fr. Jorge Mart\u00ednez Vizueta \u00c1rea De Formaci\u00f3n Inicial Fr. Marco Antonio Animador Regi\u00f3n Norte Fr. Juan Ayala Arredondo Ec\u00f3nom\u043e Fr. Mauricio Manosso Rocha Animador Regi\u00f3n Sur Fr. N\u00e9stor Barboza Angarita \u00c1rea De Pastoral Juvenil Y Vocacional Fr. H\u00e9ctor Izaguirre S\u00e1nchez \u00c1rea De Pastoral Urbana Y Misionera Fr. El\u00edas Neira \u00c1rea De Educaci\u00f3n Fr. Yuliano Viveros Aedo \u00c1rea De Las Fraternidades Seculares Fr. Ra\u00fal Estrada Herrera Comisi\u00f3n T\u00e9cnica de Comunicaciones Fr. Jos\u00e9 Ignacio Busta Ram\u00edrez Comisi\u00f3n De Formaci\u00f3n Permanente Fr. Sabino Quijano Avelino Comisi\u00f3n T\u00e9cnica De Historia<\/p>","protected":false},"author":1,"featured_media":1795,"parent":0,"menu_order":0,"comment_status":"closed","ping_status":"closed","template":"elementor_header_footer","meta":{"inline_featured_image":false,"postBodyCss":"","postBodyMargin":[],"postBodyPadding":[],"postBodyBackground":{"backgroundType":"classic","gradient":""},"footnotes":""},"class_list":["post-645","page","type-page","status-publish","has-post-thumbnail","hentry"],"yoast_head":"<!-- This site is optimized with the Yoast SEO plugin v27.5 - https:\/\/yoast.com\/product\/yoast-seo-wordpress\/ -->\n<title>Secretaria General OALA - Agustinos en Am\u00e9rica Latina<\/title>\n<meta name=\"description\" content=\"Informaci\u00f3n sobre la Secretar\u00eda General OALA de la Organizaci\u00f3n de los Agustinos en Am\u00e9rica Latina y su labor de coordinaci\u00f3n.\" \/>\n<meta name=\"robots\" content=\"index, follow, max-snippet:-1, max-image-preview:large, max-video-preview:-1\" \/>\n<link rel=\"canonical\" href=\"https:\/\/agustinosoala.org\/pt\/en\/secretaria-general\/\" \/>\n<meta property=\"og:locale\" content=\"pt_BR\" \/>\n<meta property=\"og:type\" content=\"article\" \/>\n<meta property=\"og:title\" content=\"Secretaria General OALA - Agustinos en Am\u00e9rica Latina\" \/>\n<meta property=\"og:description\" content=\"Informaci\u00f3n sobre la Secretar\u00eda General OALA de la Organizaci\u00f3n de los Agustinos en Am\u00e9rica Latina y su labor de coordinaci\u00f3n.\" \/>\n<meta property=\"og:url\" content=\"https:\/\/agustinosoala.org\/pt\/en\/secretaria-general\/\" \/>\n<meta property=\"og:site_name\" content=\"OALA - Organizaci\u00f3n de los Agustinos de Am\u00e9rica Latina\" \/>\n<meta property=\"article:publisher\" content=\"https:\/\/www.facebook.com\/oalagustinos\" \/>\n<meta property=\"article:modified_time\" content=\"2025-12-13T18:44:57+00:00\" \/>\n<meta property=\"og:image\" content=\"https:\/\/agustinosoala.org\/wp-content\/uploads\/2025\/11\/IMG-20190711-WA0020.jpg\" \/>\n\t<meta property=\"og:image:width\" content=\"1024\" \/>\n\t<meta property=\"og:image:height\" content=\"768\" \/>\n\t<meta property=\"og:image:type\" content=\"image\/jpeg\" \/>\n<meta name=\"twitter:card\" content=\"summary_large_image\" \/>\n<meta name=\"twitter:label1\" content=\"Est. reading time\" \/>\n\t<meta name=\"twitter:data1\" content=\"4 minutos\" \/>\n<script type=\"application\/ld+json\" class=\"yoast-schema-graph\">{\"@context\":\"https:\\\/\\\/schema.org\",\"@graph\":[{\"@type\":\"WebPage\",\"@id\":\"https:\\\/\\\/agustinosoala.org\\\/en\\\/secretaria-general\\\/\",\"url\":\"https:\\\/\\\/agustinosoala.org\\\/en\\\/secretaria-general\\\/\",\"name\":\"Secretaria General OALA - Agustinos en Am\u00e9rica Latina\",\"isPartOf\":{\"@id\":\"https:\\\/\\\/agustinosoala.org\\\/#website\"},\"primaryImageOfPage\":{\"@id\":\"https:\\\/\\\/agustinosoala.org\\\/en\\\/secretaria-general\\\/#primaryimage\"},\"image\":{\"@id\":\"https:\\\/\\\/agustinosoala.org\\\/en\\\/secretaria-general\\\/#primaryimage\"},\"thumbnailUrl\":\"https:\\\/\\\/agustinosoala.org\\\/wp-content\\\/uploads\\\/2025\\\/11\\\/IMG-20190711-WA0020.jpg\",\"datePublished\":\"2025-09-25T18:41:06+00:00\",\"dateModified\":\"2025-12-13T18:44:57+00:00\",\"description\":\"Informaci\u00f3n sobre la Secretar\u00eda General OALA de la Organizaci\u00f3n de los Agustinos en Am\u00e9rica Latina y su labor de coordinaci\u00f3n.\",\"breadcrumb\":{\"@id\":\"https:\\\/\\\/agustinosoala.org\\\/en\\\/secretaria-general\\\/#breadcrumb\"},\"inLanguage\":\"pt-BR\",\"potentialAction\":[{\"@type\":\"ReadAction\",\"target\":[\"https:\\\/\\\/agustinosoala.org\\\/en\\\/secretaria-general\\\/\"]}]},{\"@type\":\"ImageObject\",\"inLanguage\":\"pt-BR\",\"@id\":\"https:\\\/\\\/agustinosoala.org\\\/en\\\/secretaria-general\\\/#primaryimage\",\"url\":\"https:\\\/\\\/agustinosoala.org\\\/wp-content\\\/uploads\\\/2025\\\/11\\\/IMG-20190711-WA0020.jpg\",\"contentUrl\":\"https:\\\/\\\/agustinosoala.org\\\/wp-content\\\/uploads\\\/2025\\\/11\\\/IMG-20190711-WA0020.jpg\",\"width\":1024,\"height\":768},{\"@type\":\"BreadcrumbList\",\"@id\":\"https:\\\/\\\/agustinosoala.org\\\/en\\\/secretaria-general\\\/#breadcrumb\",\"itemListElement\":[{\"@type\":\"ListItem\",\"position\":1,\"name\":\"Portada\",\"item\":\"https:\\\/\\\/agustinosoala.org\\\/\"},{\"@type\":\"ListItem\",\"position\":2,\"name\":\"Secretaria General\"}]},{\"@type\":\"WebSite\",\"@id\":\"https:\\\/\\\/agustinosoala.org\\\/#website\",\"url\":\"https:\\\/\\\/agustinosoala.org\\\/\",\"name\":\"Organizaci\u00f3n de los Agustinos de Am\u00e9rica Latina - OALA\",\"description\":\"&quot;Comunidad agustiniana comprometida con la fe, la misi\u00f3n y el servicio en latinoamerica.&quot;\",\"publisher\":{\"@id\":\"https:\\\/\\\/agustinosoala.org\\\/#organization\"},\"alternateName\":\"OALA\",\"potentialAction\":[{\"@type\":\"SearchAction\",\"target\":{\"@type\":\"EntryPoint\",\"urlTemplate\":\"https:\\\/\\\/agustinosoala.org\\\/?s={search_term_string}\"},\"query-input\":{\"@type\":\"PropertyValueSpecification\",\"valueRequired\":true,\"valueName\":\"search_term_string\"}}],\"inLanguage\":\"pt-BR\"},{\"@type\":\"Organization\",\"@id\":\"https:\\\/\\\/agustinosoala.org\\\/#organization\",\"name\":\"Organizaci\u00f3n de los Agustinos de Am\u00e9rica Latina - OALA\",\"alternateName\":\"OALA\",\"url\":\"https:\\\/\\\/agustinosoala.org\\\/\",\"logo\":{\"@type\":\"ImageObject\",\"inLanguage\":\"pt-BR\",\"@id\":\"https:\\\/\\\/agustinosoala.org\\\/#\\\/schema\\\/logo\\\/image\\\/\",\"url\":\"https:\\\/\\\/agustinosoala.org\\\/wp-content\\\/uploads\\\/2025\\\/09\\\/logo-oala.webp\",\"contentUrl\":\"https:\\\/\\\/agustinosoala.org\\\/wp-content\\\/uploads\\\/2025\\\/09\\\/logo-oala.webp\",\"width\":70,\"height\":70,\"caption\":\"Organizaci\u00f3n de los Agustinos de Am\u00e9rica Latina - OALA\"},\"image\":{\"@id\":\"https:\\\/\\\/agustinosoala.org\\\/#\\\/schema\\\/logo\\\/image\\\/\"},\"sameAs\":[\"https:\\\/\\\/www.facebook.com\\\/oalagustinos\",\"https:\\\/\\\/www.youtube.com\\\/@oalagustinos\",\"https:\\\/\\\/www.instagram.com\\\/oalagustinos_\\\/\"]}]}<\/script>\n<!-- \/ Yoast SEO plugin. -->","yoast_head_json":{"title":"Secretaria General OALA - Agustinos en Am\u00e9rica Latina","description":"Informaci\u00f3n sobre la Secretar\u00eda General OALA de la Organizaci\u00f3n de los Agustinos en Am\u00e9rica Latina y su labor de coordinaci\u00f3n.","robots":{"index":"index","follow":"follow","max-snippet":"max-snippet:-1","max-image-preview":"max-image-preview:large","max-video-preview":"max-video-preview:-1"},"canonical":"https:\/\/agustinosoala.org\/pt\/en\/secretaria-general\/","og_locale":"pt_BR","og_type":"article","og_title":"Secretaria General OALA - Agustinos en Am\u00e9rica Latina","og_description":"Informaci\u00f3n sobre la Secretar\u00eda General OALA de la Organizaci\u00f3n de los Agustinos en Am\u00e9rica Latina y su labor de coordinaci\u00f3n.","og_url":"https:\/\/agustinosoala.org\/pt\/en\/secretaria-general\/","og_site_name":"OALA - Organizaci\u00f3n de los Agustinos de Am\u00e9rica Latina","article_publisher":"https:\/\/www.facebook.com\/oalagustinos","article_modified_time":"2025-12-13T18:44:57+00:00","og_image":[{"width":1024,"height":768,"url":"https:\/\/agustinosoala.org\/wp-content\/uploads\/2025\/11\/IMG-20190711-WA0020.jpg","type":"image\/jpeg"}],"twitter_card":"summary_large_image","twitter_misc":{"Est. reading time":"4 minutos"},"schema":{"@context":"https:\/\/schema.org","@graph":[{"@type":"WebPage","@id":"https:\/\/agustinosoala.org\/en\/secretaria-general\/","url":"https:\/\/agustinosoala.org\/en\/secretaria-general\/","name":"Secretaria General OALA - Agustinos en Am\u00e9rica Latina","isPartOf":{"@id":"https:\/\/agustinosoala.org\/#website"},"primaryImageOfPage":{"@id":"https:\/\/agustinosoala.org\/en\/secretaria-general\/#primaryimage"},"image":{"@id":"https:\/\/agustinosoala.org\/en\/secretaria-general\/#primaryimage"},"thumbnailUrl":"https:\/\/agustinosoala.org\/wp-content\/uploads\/2025\/11\/IMG-20190711-WA0020.jpg","datePublished":"2025-09-25T18:41:06+00:00","dateModified":"2025-12-13T18:44:57+00:00","description":"Informaci\u00f3n sobre la Secretar\u00eda General OALA de la Organizaci\u00f3n de los Agustinos en Am\u00e9rica Latina y su labor de coordinaci\u00f3n.","breadcrumb":{"@id":"https:\/\/agustinosoala.org\/en\/secretaria-general\/#breadcrumb"},"inLanguage":"pt-BR","potentialAction":[{"@type":"ReadAction","target":["https:\/\/agustinosoala.org\/en\/secretaria-general\/"]}]},{"@type":"ImageObject","inLanguage":"pt-BR","@id":"https:\/\/agustinosoala.org\/en\/secretaria-general\/#primaryimage","url":"https:\/\/agustinosoala.org\/wp-content\/uploads\/2025\/11\/IMG-20190711-WA0020.jpg","contentUrl":"https:\/\/agustinosoala.org\/wp-content\/uploads\/2025\/11\/IMG-20190711-WA0020.jpg","width":1024,"height":768},{"@type":"BreadcrumbList","@id":"https:\/\/agustinosoala.org\/en\/secretaria-general\/#breadcrumb","itemListElement":[{"@type":"ListItem","position":1,"name":"Portada","item":"https:\/\/agustinosoala.org\/"},{"@type":"ListItem","position":2,"name":"Secretaria General"}]},{"@type":"WebSite","@id":"https:\/\/agustinosoala.org\/#website","url":"https:\/\/agustinosoala.org\/","name":"Organizaci\u00f3n de los Agustinos de Am\u00e9rica Latina - OALA","description":"&quot;Comunidad agustiniana comprometida con la fe, la misi\u00f3n y el servicio en latinoamerica.&quot;","publisher":{"@id":"https:\/\/agustinosoala.org\/#organization"},"alternateName":"OALA","potentialAction":[{"@type":"SearchAction","target":{"@type":"EntryPoint","urlTemplate":"https:\/\/agustinosoala.org\/?s={search_term_string}"},"query-input":{"@type":"PropertyValueSpecification","valueRequired":true,"valueName":"search_term_string"}}],"inLanguage":"pt-BR"},{"@type":"Organization","@id":"https:\/\/agustinosoala.org\/#organization","name":"Organizaci\u00f3n de los Agustinos de Am\u00e9rica Latina - OALA","alternateName":"OALA","url":"https:\/\/agustinosoala.org\/","logo":{"@type":"ImageObject","inLanguage":"pt-BR","@id":"https:\/\/agustinosoala.org\/#\/schema\/logo\/image\/","url":"https:\/\/agustinosoala.org\/wp-content\/uploads\/2025\/09\/logo-oala.webp","contentUrl":"https:\/\/agustinosoala.org\/wp-content\/uploads\/2025\/09\/logo-oala.webp","width":70,"height":70,"caption":"Organizaci\u00f3n de los Agustinos de Am\u00e9rica Latina - OALA"},"image":{"@id":"https:\/\/agustinosoala.org\/#\/schema\/logo\/image\/"},"sameAs":["https:\/\/www.facebook.com\/oalagustinos","https:\/\/www.youtube.com\/@oalagustinos","https:\/\/www.instagram.com\/oalagustinos_\/"]}]}},"_links":{"self":[{"href":"https:\/\/agustinosoala.org\/pt\/wp-json\/wp\/v2\/pages\/645","targetHints":{"allow":["GET"]}}],"collection":[{"href":"https:\/\/agustinosoala.org\/pt\/wp-json\/wp\/v2\/pages"}],"about":[{"href":"https:\/\/agustinosoala.org\/pt\/wp-json\/wp\/v2\/types\/page"}],"author":[{"embeddable":true,"href":"https:\/\/agustinosoala.org\/pt\/wp-json\/wp\/v2\/users\/1"}],"replies":[{"embeddable":true,"href":"https:\/\/agustinosoala.org\/pt\/wp-json\/wp\/v2\/comments?post=645"}],"version-history":[{"count":28,"href":"https:\/\/agustinosoala.org\/pt\/wp-json\/wp\/v2\/pages\/645\/revisions"}],"predecessor-version":[{"id":2361,"href":"https:\/\/agustinosoala.org\/pt\/wp-json\/wp\/v2\/pages\/645\/revisions\/2361"}],"wp:featuredmedia":[{"embeddable":true,"href":"https:\/\/agustinosoala.org\/pt\/wp-json\/wp\/v2\/media\/1795"}],"wp:attachment":[{"href":"https:\/\/agustinosoala.org\/pt\/wp-json\/wp\/v2\/media?parent=645"}],"curies":[{"name":"wp","href":"https:\/\/api.w.org\/{rel}","templated":true}]}}